{"id":4308,"date":"2024-05-07T12:12:59","date_gmt":"2024-05-07T10:12:59","guid":{"rendered":"https:\/\/www.deulonder.com\/qui-som\/"},"modified":"2024-06-05T13:12:41","modified_gmt":"2024-06-05T11:12:41","slug":"qui-som","status":"publish","type":"page","link":"https:\/\/www.deulonder.com\/ca\/qui-som\/","title":{"rendered":"Qui som"},"content":{"rendered":"<p>[et_pb_section fb_built=&#8221;1&#8243; _builder_version=&#8221;4.25.0&#8243; _module_preset=&#8221;default&#8221; custom_padding=&#8221;0px||0px||true|false&#8221; locked=&#8221;off&#8221; global_colors_info=&#8221;{}&#8221;][et_pb_row column_structure=&#8221;1_2,1_2&#8243; _builder_version=&#8221;4.25.0&#8243; _module_preset=&#8221;default&#8221; width=&#8221;90%&#8221; custom_padding=&#8221;0px||||false|false&#8221; global_colors_info=&#8221;{}&#8221;][et_pb_column type=&#8221;1_2&#8243; _builder_version=&#8221;4.25.0&#8243; _module_preset=&#8221;default&#8221; global_colors_info=&#8221;{}&#8221;][et_pb_image src=&#8221;https:\/\/www.deulonder.com\/wp-content\/uploads\/2024\/05\/lluisa-francesch-chone-de-la-sotilla-deulonder-1.webp&#8221; title_text=&#8221;lluisa-francesch-chone-de-la-sotilla-deulonder&#8221; force_fullwidth=&#8221;on&#8221; disabled_on=&#8221;on|on|off&#8221; _builder_version=&#8221;4.25.0&#8243; _module_preset=&#8221;default&#8221; animation_style=&#8221;slide&#8221; animation_direction=&#8221;bottom&#8221; global_colors_info=&#8221;{}&#8221;][\/et_pb_image][\/et_pb_column][et_pb_column type=&#8221;1_2&#8243; _builder_version=&#8221;4.25.0&#8243; _module_preset=&#8221;default&#8221; global_colors_info=&#8221;{}&#8221;][et_pb_text _builder_version=&#8221;4.25.0&#8243; _module_preset=&#8221;default&#8221; header_font=&#8221;Libre Caslon Display||||||||&#8221; header_font_size=&#8221;70px&#8221; custom_margin=&#8221;100px||||false|false&#8221; custom_margin_tablet=&#8221;0px||||false|false&#8221; custom_margin_phone=&#8221;0px||||false|false&#8221; custom_margin_last_edited=&#8221;on|tablet&#8221; animation_style=&#8221;slide&#8221; animation_direction=&#8221;right&#8221; header_font_size_tablet=&#8221;48px&#8221; header_font_size_phone=&#8221;48px&#8221; header_font_size_last_edited=&#8221;on|tablet&#8221; global_colors_info=&#8221;{}&#8221;]<\/p>\n<h1>QUI<br \/>SOM<\/h1>\n<p>[\/et_pb_text][et_pb_image src=&#8221;https:\/\/www.deulonder.com\/wp-content\/uploads\/2024\/05\/expo-quienes-somos-deulonder-1.webp&#8221; title_text=&#8221;expo-quienes-somos-deulonder&#8221; force_fullwidth=&#8221;on&#8221; _builder_version=&#8221;4.25.0&#8243; _module_preset=&#8221;default&#8221; animation_style=&#8221;slide&#8221; animation_direction=&#8221;bottom&#8221; global_colors_info=&#8221;{}&#8221;][\/et_pb_image][\/et_pb_column][\/et_pb_row][et_pb_row _builder_version=&#8221;4.25.0&#8243; _module_preset=&#8221;default&#8221; width=&#8221;90%&#8221; custom_padding=&#8221;||0px||false|false&#8221; global_colors_info=&#8221;{}&#8221;][et_pb_column type=&#8221;4_4&#8243; _builder_version=&#8221;4.25.0&#8243; _module_preset=&#8221;default&#8221; global_colors_info=&#8221;{}&#8221;][et_pb_text _builder_version=&#8221;4.25.0&#8243; _module_preset=&#8221;default&#8221; text_font=&#8221;Karla|300|||||||&#8221; text_text_color=&#8221;#000000&#8243; text_font_size=&#8221;40px&#8221; text_line_height=&#8221;1.2em&#8221; text_orientation=&#8221;center&#8221; text_font_size_tablet=&#8221;23px&#8221; text_font_size_phone=&#8221;23px&#8221; text_font_size_last_edited=&#8221;on|tablet&#8221; custom_css_free_form=&#8221;selector em{||  font-family:&#8217;Playfair Display&#8217;;||}&#8221; locked=&#8221;off&#8221; global_colors_info=&#8221;{}&#8221;]<\/p>\n<p>La satisfacci\u00f3 dels clients \u00e9s una de les nostres prioritats. Per aix\u00f2, un grup compacte d&#8217;interioristes amb experi\u00e8ncia treballa en equip per a garantir una correcta realitzaci\u00f3 dels projectes.<\/p>\n<p>[\/et_pb_text][et_pb_divider divider_position=&#8221;center&#8221; divider_weight=&#8221;1px&#8221; _builder_version=&#8221;4.25.0&#8243; _module_preset=&#8221;default&#8221; max_width=&#8221;400px&#8221; module_alignment=&#8221;center&#8221; min_height=&#8221;150px&#8221; locked=&#8221;off&#8221; global_colors_info=&#8221;{}&#8221;][\/et_pb_divider][\/et_pb_column][\/et_pb_row][\/et_pb_section][et_pb_section fb_built=&#8221;1&#8243; disabled_on=&#8221;on|on|off&#8221; _builder_version=&#8221;4.25.0&#8243; _module_preset=&#8221;default&#8221; background_color=&#8221;#f5f4ef&#8221; custom_padding=&#8221;0px||0px||true|false&#8221; global_module=&#8221;1115&#8243; saved_tabs=&#8221;all&#8221; locked=&#8221;off&#8221; global_colors_info=&#8221;{}&#8221;][et_pb_row column_structure=&#8221;1_3,1_3,1_3&#8243; make_equal=&#8221;on&#8221; _builder_version=&#8221;4.25.0&#8243; _module_preset=&#8221;default&#8221; width=&#8221;90%&#8221; custom_padding=&#8221;0px||0px||true|false&#8221; custom_css_main_element=&#8221;display:flex;||align-items:center;||align-content:center;&#8221; global_colors_info=&#8221;{}&#8221;][et_pb_column type=&#8221;1_3&#8243; _builder_version=&#8221;4.25.0&#8243; _module_preset=&#8221;default&#8221; custom_css_main_element=&#8221;display:flex;||align-items:center;||align-content:center;&#8221; global_colors_info=&#8221;{}&#8221;][et_pb_text _builder_version=&#8221;4.25.0&#8243; _module_preset=&#8221;default&#8221; text_font=&#8221;Inria Serif||||||||&#8221; text_text_color=&#8221;#000000&#8243; text_font_size=&#8221;22px&#8221; global_colors_info=&#8221;{}&#8221;]<\/p>\n<div class=\"traductor-textarea form-group\">\n<div class=\"textarea-desti col-xs-12 col-sm-6\">\n<div class=\"form-control second-textarea\">Vols sol\u00b7licitar un pressupost?<\/div>\n<\/div>\n<\/div>\n<div class=\"traductor-checkbox form-group\">\n<div class=\"row\">\n<div class=\"col-sm-offset-2 col-sm-5\">\u00a0<\/div>\n<\/div>\n<\/div>\n<p>[\/et_pb_text][\/et_pb_column][et_pb_column type=&#8221;1_3&#8243; _builder_version=&#8221;4.25.0&#8243; _module_preset=&#8221;default&#8221; custom_css_main_element=&#8221;display:flex;||align-items:center;||align-content:center;&#8221; custom_css_free_form=&#8221;selector{||  justify-content:center;||  align-content:center;||}&#8221; global_colors_info=&#8221;{}&#8221;][et_pb_button button_url=&#8221;https:\/\/form.typeform.com\/to\/vtbG1EAw&#8221; url_new_window=&#8221;on&#8221; button_text=&#8221;Emplena aquest breu formulari&#8221; button_alignment=&#8221;center&#8221; disabled_on=&#8221;off|off|off&#8221; module_class=&#8221;boton-typeform&#8221; _builder_version=&#8221;4.25.0&#8243; _module_preset=&#8221;default&#8221; custom_button=&#8221;on&#8221; button_text_size=&#8221;22px&#8221; button_text_color=&#8221;#605f5f&#8221; button_bg_color=&#8221;#FFFFFF&#8221; button_border_width=&#8221;1px&#8221; button_border_radius=&#8221;30px&#8221; button_font=&#8221;Playfair Display||||||||&#8221; button_icon=&#8221;&#x24;||divi||400&#8243; button_on_hover=&#8221;off&#8221; custom_margin=&#8221;4em||4em||true|false&#8221; custom_padding=&#8221;|3em||2em|false|false&#8221; custom_css_main_element=&#8221;min-width:260px;&#8221; locked=&#8221;off&#8221; global_colors_info=&#8221;{}&#8221; button_text_color__hover_enabled=&#8221;on|hover&#8221; button_text_color__hover=&#8221;#FFFFFF&#8221;][\/et_pb_button][\/et_pb_column][et_pb_column type=&#8221;1_3&#8243; _builder_version=&#8221;4.25.0&#8243; _module_preset=&#8221;default&#8221; custom_css_main_element=&#8221;display:flex;||align-items:center;||align-content:center;&#8221; global_colors_info=&#8221;{}&#8221;][et_pb_text _builder_version=&#8221;4.25.0&#8243; _module_preset=&#8221;default&#8221; text_font=&#8221;Inria Serif||||||||&#8221; text_text_color=&#8221;#000000&#8243; text_font_size=&#8221;22px&#8221; global_colors_info=&#8221;{}&#8221;]<\/p>\n<p>per entendre millor el teu projecte.<\/p>\n<p>[\/et_pb_text][\/et_pb_column][\/et_pb_row][\/et_pb_section][et_pb_section fb_built=&#8221;1&#8243; custom_padding_last_edited=&#8221;on|tablet&#8221; _builder_version=&#8221;4.25.0&#8243; _module_preset=&#8221;default&#8221; custom_padding=&#8221;150px||100px||false|false&#8221; custom_padding_tablet=&#8221;50px||100px||false|false&#8221; custom_padding_phone=&#8221;50px||100px||false|false&#8221; global_colors_info=&#8221;{}&#8221;][et_pb_row _builder_version=&#8221;4.25.0&#8243; _module_preset=&#8221;default&#8221; custom_padding=&#8221;0px||0px||true|false&#8221; locked=&#8221;off&#8221; global_colors_info=&#8221;{}&#8221;][et_pb_column type=&#8221;4_4&#8243; _builder_version=&#8221;4.25.0&#8243; _module_preset=&#8221;default&#8221; global_colors_info=&#8221;{}&#8221;][et_pb_text _builder_version=&#8221;4.25.0&#8243; _module_preset=&#8221;default&#8221; text_font=&#8221;Libre Caslon Display||||||||&#8221; text_text_color=&#8221;#000000&#8243; text_font_size=&#8221;55px&#8221; text_line_height=&#8221;1.2em&#8221; text_orientation=&#8221;center&#8221; max_width=&#8221;700px&#8221; module_alignment=&#8221;center&#8221; global_colors_info=&#8221;{}&#8221;]<\/p>\n<p>GERENTS<\/p>\n<p>[\/et_pb_text][et_pb_divider divider_position=&#8221;center&#8221; _builder_version=&#8221;4.25.0&#8243; _module_preset=&#8221;default&#8221; transform_rotate=&#8221;0deg|0deg|90deg&#8221; max_width=&#8221;50px&#8221; module_alignment=&#8221;center&#8221; global_colors_info=&#8221;{}&#8221;][\/et_pb_divider][et_pb_text _builder_version=&#8221;4.25.0&#8243; _module_preset=&#8221;default&#8221; text_font=&#8221;Karla|300|||||||&#8221; text_text_color=&#8221;#585858&#8243; text_font_size=&#8221;18px&#8221; text_orientation=&#8221;center&#8221; max_width=&#8221;700px&#8221; module_alignment=&#8221;center&#8221; global_colors_info=&#8221;{}&#8221;]<\/p>\n<p>Llu\u00efsa Deulonder i Chone de la Sotilla porten la batuta de l&#8217;estudi Deulonder Arquitectura Dom\u00e8stica des de fa 40 anys. Ambdues dissenyen a m\u00e9s els seus propis projectes tant de cuines com d&#8217;interiorisme a nivell nacional i internacional.<\/p>\n<p>[\/et_pb_text][\/et_pb_column][\/et_pb_row][\/et_pb_section][et_pb_section fb_built=&#8221;1&#8243; _builder_version=&#8221;4.25.0&#8243; _module_preset=&#8221;default&#8221; custom_padding=&#8221;0px||0px||true|false&#8221; global_colors_info=&#8221;{}&#8221;][et_pb_row column_structure=&#8221;1_2,1_2&#8243; _builder_version=&#8221;4.25.0&#8243; _module_preset=&#8221;default&#8221; custom_padding=&#8221;0px||0px||true|false&#8221; global_colors_info=&#8221;{}&#8221;][et_pb_column type=&#8221;1_2&#8243; _builder_version=&#8221;4.25.0&#8243; _module_preset=&#8221;default&#8221; global_colors_info=&#8221;{}&#8221;][et_pb_image src=&#8221;https:\/\/www.deulonder.com\/wp-content\/uploads\/2024\/05\/lluisa-francesch-deulonder-1.webp&#8221; title_text=&#8221;lluisa-francesch-deulonder&#8221; force_fullwidth=&#8221;on&#8221; _builder_version=&#8221;4.25.0&#8243; _module_preset=&#8221;default&#8221; custom_padding=&#8221;||||false|false&#8221; global_colors_info=&#8221;{}&#8221;][\/et_pb_image][et_pb_text _builder_version=&#8221;4.25.0&#8243; _module_preset=&#8221;default&#8221; text_font=&#8221;Libre Caslon Display||||||||&#8221; text_text_color=&#8221;#000000&#8243; text_font_size=&#8221;55px&#8221; text_line_height=&#8221;1.2em&#8221; max_width=&#8221;700px&#8221; module_alignment=&#8221;center&#8221; custom_margin=&#8221;||0.2em||false|false&#8221; custom_padding=&#8221;||0px||false|false&#8221; global_colors_info=&#8221;{}&#8221;]<\/p>\n<p>Lluisa Francesch<br \/>Deulonder<\/p>\n<p>[\/et_pb_text][et_pb_text _builder_version=&#8221;4.25.0&#8243; _module_preset=&#8221;default&#8221; text_font=&#8221;Inria Serif||||||||&#8221; text_font_size=&#8221;18px&#8221; global_colors_info=&#8221;{}&#8221;]<\/p>\n<p>CEO I DECORADORA<\/p>\n<p>[\/et_pb_text][et_pb_text _builder_version=&#8221;4.25.0&#8243; _module_preset=&#8221;default&#8221; text_font=&#8221;Karla|300|||||||&#8221; text_text_color=&#8221;#4f4f4f&#8221; text_font_size=&#8221;18px&#8221; global_colors_info=&#8221;{}&#8221;]<\/p>\n<p>Graduada en Decoraci\u00f3 per la Escola d\u2019Art i Disseny de la Llotja i diplomada per EADA en M\u00e0rqueting i Comptabilitat, Llu\u00efsa Deulonder va fundar l&#8217;estudi Deulonder amb Chone de la Sotilla en 1980. \u00c9s autora del llibre La cuina i altres espais dom\u00e8stics (Gustavo Gili, 2008). Com a dissenyadora ha forjat juntament amb la seva s\u00f2cia Chone de la Sotilla una est\u00e8tica \u00fanica i inconfusible.<\/p>\n<p>[\/et_pb_text][\/et_pb_column][et_pb_column type=&#8221;1_2&#8243; _builder_version=&#8221;4.25.0&#8243; _module_preset=&#8221;default&#8221; global_colors_info=&#8221;{}&#8221;][et_pb_image src=&#8221;https:\/\/www.deulonder.com\/wp-content\/uploads\/2024\/05\/chone-de-la-sotillla-tapias-deulonder-1.webp&#8221; title_text=&#8221;chone-de-la-sotillla-tapias-deulonder&#8221; force_fullwidth=&#8221;on&#8221; _builder_version=&#8221;4.25.0&#8243; _module_preset=&#8221;default&#8221; global_colors_info=&#8221;{}&#8221;][\/et_pb_image][et_pb_text _builder_version=&#8221;4.25.0&#8243; _module_preset=&#8221;default&#8221; text_font=&#8221;Libre Caslon Display||||||||&#8221; text_text_color=&#8221;#000000&#8243; text_font_size=&#8221;55px&#8221; text_line_height=&#8221;1.2em&#8221; max_width=&#8221;700px&#8221; module_alignment=&#8221;center&#8221; custom_margin=&#8221;||0.2em||false|false&#8221; custom_padding=&#8221;||0px||false|false&#8221; global_colors_info=&#8221;{}&#8221;]<\/p>\n<p>Chone de la Sotilla<br \/>Tapias<\/p>\n<p>[\/et_pb_text][et_pb_text _builder_version=&#8221;4.25.0&#8243; _module_preset=&#8221;default&#8221; text_font=&#8221;Inria Serif||||||||&#8221; text_font_size=&#8221;18px&#8221; global_colors_info=&#8221;{}&#8221;]<\/p>\n<p>CEO I DECORADORA<\/p>\n<p>[\/et_pb_text][et_pb_text _builder_version=&#8221;4.25.0&#8243; _module_preset=&#8221;default&#8221; text_font=&#8221;Karla|300|||||||&#8221; text_text_color=&#8221;#4f4f4f&#8221; text_font_size=&#8221;18px&#8221; global_colors_info=&#8221;{}&#8221;]<\/p>\n<p>Dotada per al dibuix i l&#8217;aquarel\u00b7la, Chone de la Sotilla es va graduar en Arts Aplicades a l&#8217;Escola d\u2019Art i Disseny de la Llotja i en Decoraci\u00f3 d&#8217;Interiors a l&#8217;Escola Llar de Barcelona. Juntament amb Llu\u00efsa Deulonder va fundar l&#8217;estudi d&#8217;interiorisme Deulonder en 1980 que s&#8217;ha consolidat com tot un referent en el sector. \u201c\u00c9s un treball apassionant on puc desenvolupar totes les meves aptituds i que malgrat el temps transcorregut, afronto cada dia amb gran il\u00b7lusi\u00f3\u201d.<\/p>\n<p>[\/et_pb_text][\/et_pb_column][\/et_pb_row][\/et_pb_section][et_pb_section fb_built=&#8221;1&#8243; custom_padding_last_edited=&#8221;on|tablet&#8221; _builder_version=&#8221;4.25.0&#8243; _module_preset=&#8221;default&#8221; custom_padding=&#8221;150px||150px||true|false&#8221; custom_padding_tablet=&#8221;100px||100px||true|false&#8221; custom_padding_phone=&#8221;100px||100px||true|false&#8221; global_colors_info=&#8221;{}&#8221;][et_pb_row _builder_version=&#8221;4.25.0&#8243; _module_preset=&#8221;default&#8221; custom_padding=&#8221;0px||||false|false&#8221; locked=&#8221;off&#8221; global_colors_info=&#8221;{}&#8221;][et_pb_column type=&#8221;4_4&#8243; _builder_version=&#8221;4.25.0&#8243; _module_preset=&#8221;default&#8221; global_colors_info=&#8221;{}&#8221;][et_pb_text _builder_version=&#8221;4.25.0&#8243; _module_preset=&#8221;default&#8221; text_font=&#8221;Libre Caslon Display||||||||&#8221; text_text_color=&#8221;#000000&#8243; text_font_size=&#8221;55px&#8221; text_line_height=&#8221;1.2em&#8221; text_orientation=&#8221;center&#8221; max_width=&#8221;700px&#8221; module_alignment=&#8221;center&#8221; global_colors_info=&#8221;{}&#8221;]<\/p>\n<p>EQUIP<\/p>\n<p>[\/et_pb_text][et_pb_divider divider_position=&#8221;center&#8221; _builder_version=&#8221;4.25.0&#8243; _module_preset=&#8221;default&#8221; transform_rotate=&#8221;0deg|0deg|90deg&#8221; max_width=&#8221;50px&#8221; module_alignment=&#8221;center&#8221; global_colors_info=&#8221;{}&#8221;][\/et_pb_divider][et_pb_text _builder_version=&#8221;4.25.0&#8243; _module_preset=&#8221;default&#8221; text_font=&#8221;Karla|300|||||||&#8221; text_text_color=&#8221;#585858&#8243; text_font_size=&#8221;18px&#8221; text_orientation=&#8221;center&#8221; max_width=&#8221;700px&#8221; module_alignment=&#8221;center&#8221; global_colors_info=&#8221;{}&#8221;]<\/p>\n<p>Comptem amb un extraordinari equip de professionals i col\u00b7laboradores que s\u00f3n la clau del nostre \u00e8xit. Es tracta d&#8217;un grup consolidat i multidisciplinari que abasta diverses \u00e0rees d&#8217;especialitat, com l&#8217;arquitectura, l&#8217;interiorisme o la decoraci\u00f3.<\/p>\n<p>[\/et_pb_text][\/et_pb_column][\/et_pb_row][et_pb_row column_structure=&#8221;1_4,1_4,1_4,1_4&#8243; _builder_version=&#8221;4.25.0&#8243; _module_preset=&#8221;default&#8221; width=&#8221;90%&#8221; global_colors_info=&#8221;{}&#8221;][et_pb_column type=&#8221;1_4&#8243; _builder_version=&#8221;4.25.0&#8243; _module_preset=&#8221;default&#8221; global_colors_info=&#8221;{}&#8221;][et_pb_cta title=&#8221;ELISABET SAMARINI COSTA&#8221; module_class=&#8221;miembro-equipo&#8221; _builder_version=&#8221;4.25.0&#8243; _module_preset=&#8221;default&#8221; header_font=&#8221;Playfair Display||||||||&#8221; header_text_color=&#8221;#000000&#8243; header_font_size=&#8221;30px&#8221; body_font=&#8221;Karla||||||||&#8221; body_text_color=&#8221;#000000&#8243; body_font_size=&#8221;16px&#8221; background_color=&#8221;#f5f5f0&#8243; background_image=&#8221;https:\/\/www.deulonder.com\/wp-content\/uploads\/2024\/05\/equipo-deulonder-6-1.webp&#8221; min_height=&#8221;400px&#8221; animation_style=&#8221;slide&#8221; animation_direction=&#8221;bottom&#8221; animation_speed_curve=&#8221;ease-in&#8221; hover_enabled=&#8221;0&#8243; custom_css_free_form=&#8221;selector:hover{||  background-color:#F5F5F0;||  background-image:unset;||}||selector:hover p,||selector:hover h2{||  color:black !important;||}&#8221; global_colors_info=&#8221;{}&#8221; sticky_enabled=&#8221;0&#8243;]<\/p>\n<p class=\"p1\"><b><i>INTERIORISTA<\/i><\/b><\/p>\n<p class=\"p1\"><b><i> Responsable de projectes i Xarxes Socials<\/i><\/b><\/p>\n<p class=\"p1\"><i>Graduada superior en Disseny d&#8217;Interiors al centre universitari EINA<\/i><\/p>\n<p>[\/et_pb_cta][\/et_pb_column][et_pb_column type=&#8221;1_4&#8243; _builder_version=&#8221;4.25.0&#8243; _module_preset=&#8221;default&#8221; global_colors_info=&#8221;{}&#8221;][et_pb_cta title=&#8221;EVA GIRIBETS ALVAREZ&#8221; module_class=&#8221;miembro-equipo&#8221; _builder_version=&#8221;4.25.0&#8243; _module_preset=&#8221;default&#8221; header_font=&#8221;Playfair Display||||||||&#8221; header_text_color=&#8221;#000000&#8243; header_font_size=&#8221;30px&#8221; body_font=&#8221;Karla||||||||&#8221; body_text_color=&#8221;#000000&#8243; body_font_size=&#8221;16px&#8221; background_color=&#8221;#f5f5f0&#8243; background_image=&#8221;https:\/\/www.deulonder.com\/wp-content\/uploads\/2024\/05\/equipo-deulonder-7-1.webp&#8221; min_height=&#8221;400px&#8221; animation_style=&#8221;slide&#8221; animation_direction=&#8221;bottom&#8221; animation_speed_curve=&#8221;ease-in&#8221; hover_enabled=&#8221;0&#8243; custom_css_free_form=&#8221;selector:hover{||  background-color:#F5F5F0;||  background-image:unset;||}||selector:hover p,||selector:hover h2{||  color:black !important;||}&#8221; global_colors_info=&#8221;{}&#8221; sticky_enabled=&#8221;0&#8243;]<\/p>\n<p class=\"p1\"><b><i>GERENT<\/i><\/b><\/p>\n<p class=\"p1\"><b><i>Interiorista ESCOLA MASSANA\u00a0 <\/i><\/b><\/p>\n<p class=\"p1\"><i>Formaci\u00f3 CRM i ERP<\/i><\/p>\n<p class=\"p1\">[\/et_pb_cta][\/et_pb_column][et_pb_column type=&#8221;1_4&#8243; _builder_version=&#8221;4.25.0&#8243; _module_preset=&#8221;default&#8221; global_colors_info=&#8221;{}&#8221;][et_pb_cta title=&#8221;LOURDES ADELL ROCAFORT&#8221; module_class=&#8221;miembro-equipo&#8221; _builder_version=&#8221;4.25.0&#8243; _module_preset=&#8221;default&#8221; header_font=&#8221;Playfair Display||||||||&#8221; header_text_color=&#8221;#000000&#8243; header_font_size=&#8221;30px&#8221; body_font=&#8221;Karla||||||||&#8221; body_text_color=&#8221;#000000&#8243; body_font_size=&#8221;16px&#8221; background_color=&#8221;#f5f5f0&#8243; background_image=&#8221;https:\/\/www.deulonder.com\/wp-content\/uploads\/2024\/05\/equipo-deulonder-8-1.webp&#8221; min_height=&#8221;400px&#8221; animation_style=&#8221;slide&#8221; animation_direction=&#8221;bottom&#8221; animation_speed_curve=&#8221;ease-in&#8221; hover_enabled=&#8221;0&#8243; custom_css_free_form=&#8221;selector:hover{||  background-color:#F5F5F0;||  background-image:unset;||}||selector:hover p,||selector:hover h2{||  color:black !important;||}&#8221; global_colors_info=&#8221;{}&#8221; sticky_enabled=&#8221;0&#8243;]<\/p>\n<p class=\"p1\"><b><i>DIRECTORA DE PROJECTES<\/i><\/b><\/p>\n<p class=\"p1\"><i>Grau superior en disseny d&#8217;interiors a l&#8217;escola IADE<\/i><\/p>\n<p>[\/et_pb_cta][\/et_pb_column][et_pb_column type=&#8221;1_4&#8243; _builder_version=&#8221;4.25.0&#8243; _module_preset=&#8221;default&#8221; global_colors_info=&#8221;{}&#8221;][et_pb_cta title=&#8221;DIEGO L\u00d3PEZ VALLEJO&#8221; module_class=&#8221;miembro-equipo&#8221; _builder_version=&#8221;4.25.0&#8243; _module_preset=&#8221;default&#8221; header_font=&#8221;Playfair Display||||||||&#8221; header_text_color=&#8221;#000000&#8243; header_font_size=&#8221;30px&#8221; body_font=&#8221;Karla||||||||&#8221; body_text_color=&#8221;#000000&#8243; body_font_size=&#8221;16px&#8221; background_color=&#8221;#f5f5f0&#8243; background_image=&#8221;https:\/\/www.deulonder.com\/wp-content\/uploads\/2024\/05\/deulonder-quienes-somos-colaborador.webp&#8221; min_height=&#8221;400px&#8221; animation_style=&#8221;slide&#8221; animation_direction=&#8221;bottom&#8221; animation_speed_curve=&#8221;ease-in&#8221; hover_enabled=&#8221;0&#8243; custom_css_free_form=&#8221;selector:hover{||  background-color:#F5F5F0;||  background-image:unset;||}||selector:hover p,||selector:hover h2{||  color:black !important;||}&#8221; global_colors_info=&#8221;{}&#8221; sticky_enabled=&#8221;0&#8243;]<\/p>\n<p class=\"p1\"><b><i>GESTOR ADMINISTRATIU <\/i><\/b><\/p>\n<p class=\"p1\"><b><i>Auxiliar contable i atenci\u00f3 al client<\/i><\/b><\/p>\n<p class=\"p1\"><i>Llicenciat en Filologia Anglesa<\/i><\/p>\n<p>[\/et_pb_cta][\/et_pb_column][\/et_pb_row][et_pb_row column_structure=&#8221;1_4,1_4,1_4,1_4&#8243; _builder_version=&#8221;4.25.0&#8243; _module_preset=&#8221;default&#8221; width=&#8221;90%&#8221; custom_padding=&#8221;||0px||false|false&#8221; global_colors_info=&#8221;{}&#8221;][et_pb_column type=&#8221;1_4&#8243; _builder_version=&#8221;4.25.0&#8243; _module_preset=&#8221;default&#8221; global_colors_info=&#8221;{}&#8221;][et_pb_cta title=&#8221;BERTA OLIVELLA DE MONTANER&#8221; module_class=&#8221;miembro-equipo&#8221; _builder_version=&#8221;4.25.0&#8243; _module_preset=&#8221;default&#8221; header_font=&#8221;Playfair Display||||||||&#8221; header_text_color=&#8221;#000000&#8243; header_font_size=&#8221;30px&#8221; body_font=&#8221;Karla||||||||&#8221; body_text_color=&#8221;#000000&#8243; body_font_size=&#8221;16px&#8221; background_color=&#8221;#f5f5f0&#8243; background_image=&#8221;https:\/\/www.deulonder.com\/wp-content\/uploads\/2024\/05\/equipo-deulonder-2-1.webp&#8221; min_height=&#8221;400px&#8221; animation_style=&#8221;slide&#8221; animation_direction=&#8221;bottom&#8221; animation_speed_curve=&#8221;ease-in&#8221; hover_enabled=&#8221;0&#8243; custom_css_free_form=&#8221;selector:hover{||  background-color:#F5F5F0;||  background-image:unset;||}||selector:hover p,||selector:hover h2{||  color:black !important;||}&#8221; global_colors_info=&#8221;{}&#8221; animation_duration=&#8221;2000ms&#8221; sticky_enabled=&#8221;0&#8243;]<\/p>\n<p class=\"p1\"><b><i>INTERIORISTA <\/i><\/b><\/p>\n<p class=\"p1\"><b><i>Responsable de projectes<\/i><\/b><\/p>\n<p class=\"p1\"><i>Graduada superior en Disseny d&#8217;Interiors al centre universitari BAU<\/i><\/p>\n<p>[\/et_pb_cta][\/et_pb_column][et_pb_column type=&#8221;1_4&#8243; _builder_version=&#8221;4.25.0&#8243; _module_preset=&#8221;default&#8221; global_colors_info=&#8221;{}&#8221;][et_pb_cta title=&#8221;YOLANDA N\u00da\u00d1EZ VALHONDO&#8221; module_class=&#8221;miembro-equipo&#8221; _builder_version=&#8221;4.25.0&#8243; _module_preset=&#8221;default&#8221; header_font=&#8221;Playfair Display||||||||&#8221; header_text_color=&#8221;#000000&#8243; header_font_size=&#8221;30px&#8221; body_font=&#8221;Karla||||||||&#8221; body_text_color=&#8221;#000000&#8243; body_font_size=&#8221;16px&#8221; background_color=&#8221;#f5f5f0&#8243; background_image=&#8221;https:\/\/www.deulonder.com\/wp-content\/uploads\/2024\/05\/equipo-deulonder-3-1.webp&#8221; min_height=&#8221;400px&#8221; animation_style=&#8221;slide&#8221; animation_direction=&#8221;bottom&#8221; animation_duration=&#8221;2000ms&#8221; animation_speed_curve=&#8221;ease-in&#8221; hover_enabled=&#8221;0&#8243; custom_css_free_form=&#8221;selector:hover{||  background-color:#F5F5F0;||  background-image:unset;||}||selector:hover p,||selector:hover h2{||  color:black !important;||}&#8221; global_colors_info=&#8221;{}&#8221; sticky_enabled=&#8221;0&#8243;]<\/p>\n<p class=\"p1\"><strong>INTERIORISTA<\/strong><\/p>\n<p class=\"p1\"><strong>Responsable de projectes<\/strong><\/p>\n<p class=\"p1\">Graduada superior en Disseny d&#8217;Interiors al centre universitari BAU<\/p>\n<p>[\/et_pb_cta][\/et_pb_column][et_pb_column type=&#8221;1_4&#8243; _builder_version=&#8221;4.25.0&#8243; _module_preset=&#8221;default&#8221; global_colors_info=&#8221;{}&#8221;][et_pb_cta title=&#8221;PATRICIA PALACIOS SANTOS&#8221; module_class=&#8221;miembro-equipo&#8221; _builder_version=&#8221;4.25.0&#8243; _module_preset=&#8221;default&#8221; header_font=&#8221;Playfair Display||||||||&#8221; header_text_color=&#8221;#000000&#8243; header_font_size=&#8221;30px&#8221; body_font=&#8221;Karla||||||||&#8221; body_text_color=&#8221;#000000&#8243; body_font_size=&#8221;16px&#8221; background_color=&#8221;#f5f5f0&#8243; background_image=&#8221;https:\/\/www.deulonder.com\/wp-content\/uploads\/2024\/05\/equipo-deulonder-4-1.webp&#8221; min_height=&#8221;400px&#8221; animation_style=&#8221;slide&#8221; animation_direction=&#8221;bottom&#8221; animation_duration=&#8221;2000ms&#8221; animation_speed_curve=&#8221;ease-in&#8221; hover_enabled=&#8221;0&#8243; custom_css_free_form=&#8221;selector:hover{||  background-color:#F5F5F0;||  background-image:unset;||}||selector:hover p,||selector:hover h2{||  color:black !important;||}&#8221; global_colors_info=&#8221;{}&#8221; sticky_enabled=&#8221;0&#8243;]<\/p>\n<p class=\"p1\"><b><i>INTERIORISTA\u00a0<\/i><\/b><\/p>\n<p class=\"p1\"><b><i>Responsable de projectes<\/i><\/b><\/p>\n<p class=\"p1\"><i>Graduada superior en Disseny d&#8217;Interiors a LAI Escola Superior de Disseny<\/i><\/p>\n<p class=\"p1\"><b><\/b><\/p>\n<p>[\/et_pb_cta][\/et_pb_column][et_pb_column type=&#8221;1_4&#8243; _builder_version=&#8221;4.25.0&#8243; _module_preset=&#8221;default&#8221; global_colors_info=&#8221;{}&#8221;][et_pb_cta title=&#8221;MARTA GRAU TURIGAS&#8221; module_class=&#8221;miembro-equipo&#8221; _builder_version=&#8221;4.25.0&#8243; _module_preset=&#8221;default&#8221; header_font=&#8221;Playfair Display||||||||&#8221; header_text_color=&#8221;#000000&#8243; header_font_size=&#8221;30px&#8221; body_font=&#8221;Karla||||||||&#8221; body_text_color=&#8221;#000000&#8243; body_font_size=&#8221;16px&#8221; background_color=&#8221;#f5f5f0&#8243; background_image=&#8221;https:\/\/www.deulonder.com\/wp-content\/uploads\/2024\/05\/equipo-deulonder-5-1.webp&#8221; min_height=&#8221;400px&#8221; animation_style=&#8221;slide&#8221; animation_direction=&#8221;bottom&#8221; animation_duration=&#8221;2000ms&#8221; animation_speed_curve=&#8221;ease-in&#8221; hover_enabled=&#8221;0&#8243; custom_css_free_form=&#8221;selector:hover{||  background-color:#F5F5F0;||  background-image:unset;||}||selector:hover p,||selector:hover h2{||  color:black !important;||}&#8221; global_colors_info=&#8221;{}&#8221; sticky_enabled=&#8221;0&#8243;]<\/p>\n<p class=\"p1\"><strong>INTERIORISTA<\/strong><span class=\"Apple-converted-space\"> <\/span><\/p>\n<p class=\"p1\"><strong>Responsable de projectes<\/strong><\/p>\n<p class=\"p1\">Graduada superior en Disseny d&#8217;Interiors a <span class=\"s1\">l&#8217;Escola de disseny IADE<\/span><\/p>\n<p>[\/et_pb_cta][\/et_pb_column][\/et_pb_row][\/et_pb_section][et_pb_section fb_built=&#8221;1&#8243; disabled_on=&#8221;on|on|off&#8221; _builder_version=&#8221;4.25.0&#8243; _module_preset=&#8221;default&#8221; background_color=&#8221;#f5f4ef&#8221; custom_padding=&#8221;0px||0px||true|false&#8221; global_module=&#8221;1115&#8243; saved_tabs=&#8221;all&#8221; locked=&#8221;off&#8221; global_colors_info=&#8221;{}&#8221;][et_pb_row column_structure=&#8221;1_3,1_3,1_3&#8243; make_equal=&#8221;on&#8221; _builder_version=&#8221;4.25.0&#8243; _module_preset=&#8221;default&#8221; width=&#8221;90%&#8221; custom_padding=&#8221;0px||0px||true|false&#8221; custom_css_main_element=&#8221;display:flex;||align-items:center;||align-content:center;&#8221; global_colors_info=&#8221;{}&#8221;][et_pb_column type=&#8221;1_3&#8243; _builder_version=&#8221;4.25.0&#8243; _module_preset=&#8221;default&#8221; custom_css_main_element=&#8221;display:flex;||align-items:center;||align-content:center;&#8221; global_colors_info=&#8221;{}&#8221;][et_pb_text _builder_version=&#8221;4.25.0&#8243; _module_preset=&#8221;default&#8221; text_font=&#8221;Inria Serif||||||||&#8221; text_text_color=&#8221;#000000&#8243; text_font_size=&#8221;22px&#8221; global_colors_info=&#8221;{}&#8221;]<\/p>\n<div class=\"traductor-textarea form-group\">\n<div class=\"textarea-desti col-xs-12 col-sm-6\">\n<div class=\"form-control second-textarea\">Vols sol\u00b7licitar un pressupost?<\/div>\n<\/div>\n<\/div>\n<div class=\"traductor-checkbox form-group\">\n<div class=\"row\">\n<div class=\"col-sm-offset-2 col-sm-5\">\u00a0<\/div>\n<\/div>\n<\/div>\n<p>[\/et_pb_text][\/et_pb_column][et_pb_column type=&#8221;1_3&#8243; _builder_version=&#8221;4.25.0&#8243; _module_preset=&#8221;default&#8221; custom_css_main_element=&#8221;display:flex;||align-items:center;||align-content:center;&#8221; custom_css_free_form=&#8221;selector{||  justify-content:center;||  align-content:center;||}&#8221; global_colors_info=&#8221;{}&#8221;][et_pb_button button_url=&#8221;https:\/\/form.typeform.com\/to\/vtbG1EAw&#8221; url_new_window=&#8221;on&#8221; button_text=&#8221;Emplena aquest breu formulari&#8221; button_alignment=&#8221;center&#8221; disabled_on=&#8221;off|off|off&#8221; module_class=&#8221;boton-typeform&#8221; _builder_version=&#8221;4.25.0&#8243; _module_preset=&#8221;default&#8221; custom_button=&#8221;on&#8221; button_text_size=&#8221;22px&#8221; button_text_color=&#8221;#605f5f&#8221; button_bg_color=&#8221;#FFFFFF&#8221; button_border_width=&#8221;1px&#8221; button_border_radius=&#8221;30px&#8221; button_font=&#8221;Playfair Display||||||||&#8221; button_icon=&#8221;&#x24;||divi||400&#8243; button_on_hover=&#8221;off&#8221; custom_margin=&#8221;4em||4em||true|false&#8221; custom_padding=&#8221;|3em||2em|false|false&#8221; custom_css_main_element=&#8221;min-width:260px;&#8221; locked=&#8221;off&#8221; global_colors_info=&#8221;{}&#8221; button_text_color__hover_enabled=&#8221;on|hover&#8221; button_text_color__hover=&#8221;#FFFFFF&#8221;][\/et_pb_button][\/et_pb_column][et_pb_column type=&#8221;1_3&#8243; _builder_version=&#8221;4.25.0&#8243; _module_preset=&#8221;default&#8221; custom_css_main_element=&#8221;display:flex;||align-items:center;||align-content:center;&#8221; global_colors_info=&#8221;{}&#8221;][et_pb_text _builder_version=&#8221;4.25.0&#8243; _module_preset=&#8221;default&#8221; text_font=&#8221;Inria Serif||||||||&#8221; text_text_color=&#8221;#000000&#8243; text_font_size=&#8221;22px&#8221; global_colors_info=&#8221;{}&#8221;]<\/p>\n<p>per entendre millor el teu projecte.<\/p>\n<p>[\/et_pb_text][\/et_pb_column][\/et_pb_row][\/et_pb_section]<\/p>\n","protected":false},"excerpt":{"rendered":"<p>QUISOMLa satisfacci\u00f3 dels clients \u00e9s una de les nostres prioritats. Per aix\u00f2, un grup compacte d&#8217;interioristes amb experi\u00e8ncia treballa en equip per a garantir una correcta realitzaci\u00f3 dels projectes. Vols sol\u00b7licitar un pressupost? \u00a0 per entendre millor el teu projecte.GERENTSLlu\u00efsa Deulonder i Chone de la Sotilla porten la batuta de l&#8217;estudi Deulonder Arquitectura Dom\u00e8stica des [&hellip;]<\/p>\n","protected":false},"author":1,"featured_media":0,"parent":0,"menu_order":0,"comment_status":"closed","ping_status":"closed","template":"","meta":{"_acf_changed":false,"_et_pb_use_builder":"on","_et_pb_old_content":"","_et_gb_content_width":"","inline_featured_image":false,"footnotes":""},"acf":[],"yoast_head":"<!-- This site is optimized with the Yoast SEO plugin v24.0 - https:\/\/yoast.com\/wordpress\/plugins\/seo\/ -->\n<title>Qui som | Cuines i planxadors de disseny | Deulonder<\/title>\n<meta name=\"description\" content=\"Coneix a Deulonder, experts en disseny i reformes de cuines i planxadors. Qualitat, innovaci\u00f3 i dedicaci\u00f3 en cada projecte.\" \/>\n<meta name=\"robots\" content=\"index, follow, max-snippet:-1, max-image-preview:large, max-video-preview:-1\" \/>\n<link rel=\"canonical\" href=\"https:\/\/www.deulonder.com\/quienes-somos\/\" \/>\n<meta property=\"og:locale\" content=\"ca_ES\" \/>\n<meta property=\"og:type\" content=\"article\" \/>\n<meta property=\"og:title\" content=\"Qui som | Cuines i planxadors de disseny | Deulonder\" \/>\n<meta property=\"og:description\" content=\"Coneix a Deulonder, experts en disseny i reformes de cuines i planxadors. Qualitat, innovaci\u00f3 i dedicaci\u00f3 en cada projecte.\" \/>\n<meta property=\"og:url\" content=\"https:\/\/www.deulonder.com\/quienes-somos\/\" \/>\n<meta property=\"og:site_name\" content=\"Deulonder part of Gunni &amp; Trentino\" \/>\n<meta property=\"article:modified_time\" content=\"2024-06-05T11:12:41+00:00\" \/>\n<meta property=\"og:image\" content=\"https:\/\/www.deulonder.com\/wp-content\/uploads\/2024\/08\/Master-horizontal-proyectos-deulonder_0000s_0004_Deulonder-Casa-Decor-2019-18_5_11zon.webp\" \/>\n\t<meta property=\"og:image:width\" content=\"1268\" \/>\n\t<meta property=\"og:image:height\" content=\"856\" \/>\n\t<meta property=\"og:image:type\" content=\"image\/webp\" \/>\n<meta name=\"twitter:card\" content=\"summary_large_image\" \/>\n<meta name=\"twitter:label1\" content=\"Temps estimat de lectura\" \/>\n\t<meta name=\"twitter:data1\" content=\"15 minuts\" \/>\n<script type=\"application\/ld+json\" class=\"yoast-schema-graph\">{\"@context\":\"https:\/\/schema.org\",\"@graph\":[{\"@type\":\"WebPage\",\"@id\":\"https:\/\/www.deulonder.com\/quienes-somos\/\",\"url\":\"https:\/\/www.deulonder.com\/quienes-somos\/\",\"name\":\"Qui som | Cuines i planxadors de disseny | Deulonder\",\"isPartOf\":{\"@id\":\"https:\/\/www.deulonder.com\/#website\"},\"datePublished\":\"2024-05-07T10:12:59+00:00\",\"dateModified\":\"2024-06-05T11:12:41+00:00\",\"description\":\"Coneix a Deulonder, experts en disseny i reformes de cuines i planxadors. Qualitat, innovaci\u00f3 i dedicaci\u00f3 en cada projecte.\",\"breadcrumb\":{\"@id\":\"https:\/\/www.deulonder.com\/quienes-somos\/#breadcrumb\"},\"inLanguage\":\"ca\",\"potentialAction\":[{\"@type\":\"ReadAction\",\"target\":[\"https:\/\/www.deulonder.com\/quienes-somos\/\"]}]},{\"@type\":\"BreadcrumbList\",\"@id\":\"https:\/\/www.deulonder.com\/quienes-somos\/#breadcrumb\",\"itemListElement\":[{\"@type\":\"ListItem\",\"position\":1,\"name\":\"Portada\",\"item\":\"https:\/\/www.deulonder.com\/\"},{\"@type\":\"ListItem\",\"position\":2,\"name\":\"Qui som\"}]},{\"@type\":\"WebSite\",\"@id\":\"https:\/\/www.deulonder.com\/#website\",\"url\":\"https:\/\/www.deulonder.com\/\",\"name\":\"Deulonder part of Gunni & Trentino\",\"description\":\"Estudio de interiorismo\",\"publisher\":{\"@id\":\"https:\/\/www.deulonder.com\/#organization\"},\"alternateName\":\"Deulonder part of Gunni & Trentino\",\"potentialAction\":[{\"@type\":\"SearchAction\",\"target\":{\"@type\":\"EntryPoint\",\"urlTemplate\":\"https:\/\/www.deulonder.com\/?s={search_term_string}\"},\"query-input\":{\"@type\":\"PropertyValueSpecification\",\"valueRequired\":true,\"valueName\":\"search_term_string\"}}],\"inLanguage\":\"ca\"},{\"@type\":\"Organization\",\"@id\":\"https:\/\/www.deulonder.com\/#organization\",\"name\":\"Deulonder part of Gunni & Trentino\",\"alternateName\":\"Deulonder part of Gunni & Trentino\",\"url\":\"https:\/\/www.deulonder.com\/\",\"logo\":{\"@type\":\"ImageObject\",\"inLanguage\":\"ca\",\"@id\":\"https:\/\/www.deulonder.com\/#\/schema\/logo\/image\/\",\"url\":\"https:\/\/www.deulonder.com\/wp-content\/uploads\/2025\/09\/deulonder-part-of-gunnitrentino-logo.webp\",\"contentUrl\":\"https:\/\/www.deulonder.com\/wp-content\/uploads\/2025\/09\/deulonder-part-of-gunnitrentino-logo.webp\",\"width\":1471,\"height\":176,\"caption\":\"Deulonder part of Gunni & Trentino\"},\"image\":{\"@id\":\"https:\/\/www.deulonder.com\/#\/schema\/logo\/image\/\"}}]}<\/script>\n<!-- \/ Yoast SEO plugin. -->","yoast_head_json":{"title":"Qui som | Cuines i planxadors de disseny | Deulonder","description":"Coneix a Deulonder, experts en disseny i reformes de cuines i planxadors. Qualitat, innovaci\u00f3 i dedicaci\u00f3 en cada projecte.","robots":{"index":"index","follow":"follow","max-snippet":"max-snippet:-1","max-image-preview":"max-image-preview:large","max-video-preview":"max-video-preview:-1"},"canonical":"https:\/\/www.deulonder.com\/quienes-somos\/","og_locale":"ca_ES","og_type":"article","og_title":"Qui som | Cuines i planxadors de disseny | Deulonder","og_description":"Coneix a Deulonder, experts en disseny i reformes de cuines i planxadors. Qualitat, innovaci\u00f3 i dedicaci\u00f3 en cada projecte.","og_url":"https:\/\/www.deulonder.com\/quienes-somos\/","og_site_name":"Deulonder part of Gunni &amp; Trentino","article_modified_time":"2024-06-05T11:12:41+00:00","og_image":[{"width":1268,"height":856,"url":"https:\/\/www.deulonder.com\/wp-content\/uploads\/2024\/08\/Master-horizontal-proyectos-deulonder_0000s_0004_Deulonder-Casa-Decor-2019-18_5_11zon.webp","type":"image\/webp"}],"twitter_card":"summary_large_image","twitter_misc":{"Temps estimat de lectura":"15 minuts"},"schema":{"@context":"https:\/\/schema.org","@graph":[{"@type":"WebPage","@id":"https:\/\/www.deulonder.com\/quienes-somos\/","url":"https:\/\/www.deulonder.com\/quienes-somos\/","name":"Qui som | Cuines i planxadors de disseny | Deulonder","isPartOf":{"@id":"https:\/\/www.deulonder.com\/#website"},"datePublished":"2024-05-07T10:12:59+00:00","dateModified":"2024-06-05T11:12:41+00:00","description":"Coneix a Deulonder, experts en disseny i reformes de cuines i planxadors. Qualitat, innovaci\u00f3 i dedicaci\u00f3 en cada projecte.","breadcrumb":{"@id":"https:\/\/www.deulonder.com\/quienes-somos\/#breadcrumb"},"inLanguage":"ca","potentialAction":[{"@type":"ReadAction","target":["https:\/\/www.deulonder.com\/quienes-somos\/"]}]},{"@type":"BreadcrumbList","@id":"https:\/\/www.deulonder.com\/quienes-somos\/#breadcrumb","itemListElement":[{"@type":"ListItem","position":1,"name":"Portada","item":"https:\/\/www.deulonder.com\/"},{"@type":"ListItem","position":2,"name":"Qui som"}]},{"@type":"WebSite","@id":"https:\/\/www.deulonder.com\/#website","url":"https:\/\/www.deulonder.com\/","name":"Deulonder part of Gunni & Trentino","description":"Estudio de interiorismo","publisher":{"@id":"https:\/\/www.deulonder.com\/#organization"},"alternateName":"Deulonder part of Gunni & Trentino","potentialAction":[{"@type":"SearchAction","target":{"@type":"EntryPoint","urlTemplate":"https:\/\/www.deulonder.com\/?s={search_term_string}"},"query-input":{"@type":"PropertyValueSpecification","valueRequired":true,"valueName":"search_term_string"}}],"inLanguage":"ca"},{"@type":"Organization","@id":"https:\/\/www.deulonder.com\/#organization","name":"Deulonder part of Gunni & Trentino","alternateName":"Deulonder part of Gunni & Trentino","url":"https:\/\/www.deulonder.com\/","logo":{"@type":"ImageObject","inLanguage":"ca","@id":"https:\/\/www.deulonder.com\/#\/schema\/logo\/image\/","url":"https:\/\/www.deulonder.com\/wp-content\/uploads\/2025\/09\/deulonder-part-of-gunnitrentino-logo.webp","contentUrl":"https:\/\/www.deulonder.com\/wp-content\/uploads\/2025\/09\/deulonder-part-of-gunnitrentino-logo.webp","width":1471,"height":176,"caption":"Deulonder part of Gunni & Trentino"},"image":{"@id":"https:\/\/www.deulonder.com\/#\/schema\/logo\/image\/"}}]}},"_links":{"self":[{"href":"https:\/\/www.deulonder.com\/ca\/wp-json\/wp\/v2\/pages\/4308"}],"collection":[{"href":"https:\/\/www.deulonder.com\/ca\/wp-json\/wp\/v2\/pages"}],"about":[{"href":"https:\/\/www.deulonder.com\/ca\/wp-json\/wp\/v2\/types\/page"}],"author":[{"embeddable":true,"href":"https:\/\/www.deulonder.com\/ca\/wp-json\/wp\/v2\/users\/1"}],"replies":[{"embeddable":true,"href":"https:\/\/www.deulonder.com\/ca\/wp-json\/wp\/v2\/comments?post=4308"}],"version-history":[{"count":4,"href":"https:\/\/www.deulonder.com\/ca\/wp-json\/wp\/v2\/pages\/4308\/revisions"}],"predecessor-version":[{"id":4881,"href":"https:\/\/www.deulonder.com\/ca\/wp-json\/wp\/v2\/pages\/4308\/revisions\/4881"}],"wp:attachment":[{"href":"https:\/\/www.deulonder.com\/ca\/wp-json\/wp\/v2\/media?parent=4308"}],"curies":[{"name":"wp","href":"https:\/\/api.w.org\/{rel}","templated":true}]}}