{"id":4885,"date":"2024-05-07T12:12:27","date_gmt":"2024-05-07T10:12:27","guid":{"rendered":"https:\/\/www.deulonder.com\/projectes\/"},"modified":"2024-06-05T13:36:56","modified_gmt":"2024-06-05T11:36:56","slug":"projectes","status":"publish","type":"page","link":"https:\/\/www.deulonder.com\/ca\/projectes\/","title":{"rendered":"Projectes"},"content":{"rendered":"<p>[et_pb_section fb_built=&#8221;1&#8243; _builder_version=&#8221;4.25.0&#8243; _module_preset=&#8221;default&#8221; custom_padding=&#8221;0px||0px||true|false&#8221; locked=&#8221;off&#8221; global_colors_info=&#8221;{}&#8221;][et_pb_row column_structure=&#8221;1_2,1_2&#8243; _builder_version=&#8221;4.25.0&#8243; _module_preset=&#8221;default&#8221; width=&#8221;90%&#8221; custom_padding=&#8221;0px||||false|false&#8221; global_colors_info=&#8221;{}&#8221;][et_pb_column type=&#8221;1_2&#8243; _builder_version=&#8221;4.25.0&#8243; _module_preset=&#8221;default&#8221; global_colors_info=&#8221;{}&#8221;][et_pb_image src=&#8221;https:\/\/www.deulonder.com\/wp-content\/uploads\/2024\/05\/deulonder-proyectos-imagen-principal.cocinas.webp&#8221; title_text=&#8221;deulonder-proyectos-imagen-principal.cocinas&#8221; force_fullwidth=&#8221;on&#8221; disabled_on=&#8221;on|on|off&#8221; _builder_version=&#8221;4.25.0&#8243; _module_preset=&#8221;default&#8221; animation_style=&#8221;slide&#8221; animation_direction=&#8221;bottom&#8221; global_colors_info=&#8221;{}&#8221;][\/et_pb_image][\/et_pb_column][et_pb_column type=&#8221;1_2&#8243; _builder_version=&#8221;4.25.0&#8243; _module_preset=&#8221;default&#8221; global_colors_info=&#8221;{}&#8221;][et_pb_text _builder_version=&#8221;4.25.0&#8243; _module_preset=&#8221;default&#8221; header_font=&#8221;Libre Caslon Display||||||||&#8221; header_font_size=&#8221;70px&#8221; custom_margin=&#8221;100px||||false|false&#8221; custom_margin_tablet=&#8221;0px||||false|false&#8221; custom_margin_phone=&#8221;0px||||false|false&#8221; custom_margin_last_edited=&#8221;on|tablet&#8221; animation_style=&#8221;slide&#8221; animation_direction=&#8221;right&#8221; header_font_size_tablet=&#8221;48px&#8221; header_font_size_phone=&#8221;48px&#8221; header_font_size_last_edited=&#8221;on|tablet&#8221; global_colors_info=&#8221;{}&#8221;]<\/p>\n<h1>PROJECTES<\/h1>\n<p>[\/et_pb_text][et_pb_image src=&#8221;https:\/\/www.deulonder.com\/wp-content\/uploads\/2024\/05\/deulonder-proyectos-imagen-principal.cocina.webp&#8221; title_text=&#8221;deulonder-proyectos-imagen-principal.cocina&#8221; force_fullwidth=&#8221;on&#8221; _builder_version=&#8221;4.25.0&#8243; _module_preset=&#8221;default&#8221; animation_style=&#8221;slide&#8221; animation_direction=&#8221;bottom&#8221; global_colors_info=&#8221;{}&#8221;][\/et_pb_image][\/et_pb_column][\/et_pb_row][et_pb_row _builder_version=&#8221;4.25.0&#8243; _module_preset=&#8221;default&#8221; width=&#8221;90%&#8221; custom_padding=&#8221;||0px||false|false&#8221; global_colors_info=&#8221;{}&#8221;][et_pb_column type=&#8221;4_4&#8243; _builder_version=&#8221;4.25.0&#8243; _module_preset=&#8221;default&#8221; global_colors_info=&#8221;{}&#8221;][et_pb_text _builder_version=&#8221;4.25.0&#8243; _module_preset=&#8221;default&#8221; text_font=&#8221;Karla|300|||||||&#8221; text_text_color=&#8221;#000000&#8243; text_font_size=&#8221;40px&#8221; text_line_height=&#8221;1.2em&#8221; text_orientation=&#8221;center&#8221; custom_margin=&#8221;||0px||false|false&#8221; custom_padding=&#8221;||0px||false|false&#8221; hover_enabled=&#8221;0&#8243; text_font_size_tablet=&#8221;23px&#8221; text_font_size_phone=&#8221;23px&#8221; text_font_size_last_edited=&#8221;on|tablet&#8221; custom_css_free_form=&#8221;selector em{||  font-family:&#8217;Playfair Display&#8217;;||}&#8221; locked=&#8221;off&#8221; global_colors_info=&#8221;{}&#8221; sticky_enabled=&#8221;0&#8243;]<\/p>\n<p>Us proposem una selecci\u00f3 dels millors projectes realitzats per les interioristes de Deulonder, entre els quals destaquen els dissenys de cuines amb rebost, zona menjador i office, planxadors amb mobiliari exclusiu i interiorismes moderns i elegants.<\/p>\n<p>[\/et_pb_text][et_pb_divider divider_position=&#8221;center&#8221; divider_weight=&#8221;1px&#8221; _builder_version=&#8221;4.25.0&#8243; _module_preset=&#8221;default&#8221; max_width=&#8221;400px&#8221; module_alignment=&#8221;center&#8221; min_height=&#8221;150px&#8221; locked=&#8221;off&#8221; global_colors_info=&#8221;{}&#8221;][\/et_pb_divider][\/et_pb_column][\/et_pb_row][\/et_pb_section][et_pb_section fb_built=&#8221;1&#8243; module_id=&#8221;categorias-blog&#8221; _builder_version=&#8221;4.25.0&#8243; _module_preset=&#8221;default&#8221; background_color=&#8221;#fcfcfb&#8221; custom_padding=&#8221;2em||2em||true|false&#8221; global_colors_info=&#8221;{}&#8221;][et_pb_row _builder_version=&#8221;4.25.0&#8243; _module_preset=&#8221;default&#8221; width=&#8221;90%&#8221; max_width=&#8221;1024px&#8221; custom_padding=&#8221;0px||0px||true|false&#8221; global_colors_info=&#8221;{}&#8221;][et_pb_column type=&#8221;4_4&#8243; _builder_version=&#8221;4.25.0&#8243; _module_preset=&#8221;default&#8221; global_colors_info=&#8221;{}&#8221;][et_pb_code _builder_version=&#8221;4.25.0&#8243; _module_preset=&#8221;default&#8221; custom_padding=&#8221;||0px||false|false&#8221; custom_css_free_form=&#8221;selector ul{||  margin-bottom:0;||  padding-bottom:0;||}&#8221; global_colors_info=&#8221;{}&#8221;]<ul id=\"filtro-proyectos\"><li data-category=\"cuines-alto-standing\"><a href=\"https:\/\/www.deulonder.com\/ca\/categoria-proyecto\/cuines-alto-standing\/\">Cuines alto standing<\/a><\/li><li data-category=\"cuines-rurals\"><a href=\"https:\/\/www.deulonder.com\/ca\/categoria-proyecto\/cuines-rurals\/\">Cuines rurals<\/a><\/li><li data-category=\"disseny-interiors\"><a href=\"https:\/\/www.deulonder.com\/ca\/categoria-proyecto\/disseny-interiors\/\">Disseny d'interiors<\/a><\/li><\/ul>[\/et_pb_code][\/et_pb_column][\/et_pb_row][\/et_pb_section][et_pb_section fb_built=&#8221;1&#8243; _builder_version=&#8221;4.25.0&#8243; _module_preset=&#8221;default&#8221; custom_padding=&#8221;100px||100px||true|false&#8221; global_colors_info=&#8221;{}&#8221;][et_pb_row _builder_version=&#8221;4.25.0&#8243; _module_preset=&#8221;default&#8221; custom_margin=&#8221;0px||0px||true|false&#8221; custom_padding=&#8221;0px||0px||true|false&#8221; global_colors_info=&#8221;{}&#8221;][et_pb_column type=&#8221;4_4&#8243; _builder_version=&#8221;4.25.0&#8243; _module_preset=&#8221;default&#8221; global_colors_info=&#8221;{}&#8221;][et_pb_code _builder_version=&#8221;4.25.0&#8243; _module_preset=&#8221;default&#8221; global_colors_info=&#8221;{}&#8221;]<ul id=\"grid-proyectos\" class=\"add-parallax\"><li class=\"cocinas-casa-decor\" ><span><a href=\"https:\/\/www.deulonder.com\/ca\/proyecto\/casa-decor-2016-de-vocacion-family-room\/\"><img decoding=\"async\" src=\"https:\/\/www.deulonder.com\/wp-content\/uploads\/2024\/09\/MASTERFEATURED-PROYECTOS-DEULONDER_32_11zon-1024x537.webp\" \/><\/span><p>Casa Decor 2016.  De vocaci\u00f3n \u201cfamily room\u201d.<\/p><\/a><\/li><li class=\"cocinas-casa-decor\" ><span><a href=\"https:\/\/www.deulonder.com\/ca\/proyecto\/casa-decor-2017\/\"><img decoding=\"async\" src=\"https:\/\/www.deulonder.com\/wp-content\/uploads\/2024\/08\/CASADECOR2017-FEATURED-1024x537.jpg\" \/><\/span><p>Casa Decor 2017. Una cocina de ensue\u00f1o con reflejos de cobre.<\/p><\/a><\/li><li class=\"cocinas-casa-decor\" ><span><a href=\"https:\/\/www.deulonder.com\/ca\/proyecto\/casa-decor-2019-un-espacio-para-estar-y-cocinar\/\"><img decoding=\"async\" src=\"https:\/\/www.deulonder.com\/wp-content\/uploads\/2024\/08\/casadecor-featured-1024x537.jpg\" \/><\/span><p>Casa Decor 2019. Un espacio para estar y cocinar<\/p><\/a><\/li><li class=\"cocinas-casa-decor\" ><span><a href=\"https:\/\/www.deulonder.com\/ca\/proyecto\/casa-decor-2023-cocina-office-inspiracion-british\/\"><img decoding=\"async\" src=\"https:\/\/www.deulonder.com\/wp-content\/uploads\/2024\/08\/featured-1024x537.gif\" \/><\/span><p>Casa Decor 2023. Cocina-office inspiraci\u00f3n British<\/p><\/a><\/li><li class=\"cocinas-casa-decor\" ><span><a href=\"https:\/\/www.deulonder.com\/ca\/proyecto\/casa-decor-2020-the-utility-room-deulonder\/\"><img decoding=\"async\" src=\"https:\/\/www.deulonder.com\/wp-content\/uploads\/2024\/07\/MASTER-DEULONDER-PROYECTOS-IMAGEN-DESTACADA_11zon-1024x586.webp\" \/><\/span><p>Casa Decor 2020. The utility room<\/p><\/a><\/li><li class=\"cuines-alto-standing\" ><span><a href=\"https:\/\/www.deulonder.com\/ca\/proyecto\/cuina-vallromanes\/\"><img decoding=\"async\" src=\"https:\/\/www.deulonder.com\/wp-content\/uploads\/2024\/05\/cocina-vallromanes-deulonder-7-1024x586.webp\" \/><\/span><p>Cuina Vallromanes<\/p><\/a><\/li><li class=\"cuines-alto-standing, cuines-rurals\" ><span><a href=\"https:\/\/www.deulonder.com\/ca\/proyecto\/cuina-valle-emporda\/\"><img decoding=\"async\" src=\"https:\/\/www.deulonder.com\/wp-content\/uploads\/2024\/05\/cocina-valle-emporda-deulonder-9-1024x537.webp\" \/><\/span><p>Cuina Valle Empord\u00e0<\/p><\/a><\/li><li class=\"cuines-alto-standing\" ><span><a href=\"https:\/\/www.deulonder.com\/ca\/proyecto\/cuina-valle-barcelona\/\"><img decoding=\"async\" src=\"https:\/\/www.deulonder.com\/wp-content\/uploads\/2024\/05\/cocina-valle-bcn-deulonder-19-1024x537.webp\" \/><\/span><p>Cuina Valle Barcelona<\/p><\/a><\/li><li class=\"cuines-alto-standing\" ><span><a href=\"https:\/\/www.deulonder.com\/ca\/proyecto\/cuina-quer\/\"><img decoding=\"async\" src=\"https:\/\/www.deulonder.com\/wp-content\/uploads\/2024\/05\/cocina-quer-deulonder-13-1024x537.webp\" \/><\/span><p>Cuina Quer<\/p><\/a><\/li><li class=\"cuines-alto-standing\" ><span><a href=\"https:\/\/www.deulonder.com\/ca\/proyecto\/cuina-pons-ana\/\"><img decoding=\"async\" src=\"https:\/\/www.deulonder.com\/wp-content\/uploads\/2024\/05\/cocina-pons-ana-deulonder-13-1024x537.webp\" \/><\/span><p>Cuina Pons Ana<\/p><\/a><\/li><li class=\"cuines-alto-standing\" ><span><a href=\"https:\/\/www.deulonder.com\/ca\/proyecto\/cuina-forne\/\"><img decoding=\"async\" src=\"https:\/\/www.deulonder.com\/wp-content\/uploads\/2024\/05\/cocina-forne-deulonder-9-1024x537.webp\" \/><\/span><p>Cuina Forn\u00e9<\/p><\/a><\/li><li class=\"disseny-interiors\" ><span><a href=\"https:\/\/www.deulonder.com\/ca\/proyecto\/interiorisme-crespo\/\"><img decoding=\"async\" src=\"https:\/\/www.deulonder.com\/wp-content\/uploads\/2024\/05\/interiorismo-crespo-deulonder-18-1024x537.webp\" \/><\/span><p>Interiorisme Crespo<\/p><\/a><\/li><li class=\"cuines-alto-standing\" ><span><a href=\"https:\/\/www.deulonder.com\/ca\/proyecto\/cuina-crespo-llivia\/\"><img decoding=\"async\" src=\"https:\/\/www.deulonder.com\/wp-content\/uploads\/2024\/05\/cocina-crespo-llivia-deulonder-10-1024x537.webp\" \/><\/span><p>Cuina Crespo Llivia<\/p><\/a><\/li><li class=\"cuines-alto-standing\" ><span><a href=\"https:\/\/www.deulonder.com\/ca\/proyecto\/cuina-crespo\/\"><img decoding=\"async\" src=\"https:\/\/www.deulonder.com\/wp-content\/uploads\/2024\/05\/cocina-crespo-deulonder-6-1024x537.webp\" \/><\/span><p>Cuina Crespo<\/p><\/a><\/li><li class=\"disseny-interiors\" ><span><a href=\"https:\/\/www.deulonder.com\/ca\/proyecto\/casa-crespo\/\"><img decoding=\"async\" src=\"https:\/\/www.deulonder.com\/wp-content\/uploads\/2024\/05\/casa-crespo-deulonder-14-1024x537.webp\" \/><\/span><p>Casa Crespo<\/p><\/a><\/li><li class=\"cuines-alto-standing\" ><span><a href=\"https:\/\/www.deulonder.com\/ca\/proyecto\/cuina-barcelo\/\"><img decoding=\"async\" src=\"https:\/\/www.deulonder.com\/wp-content\/uploads\/2024\/05\/cocina-barcelo-deulonder-1-1024x537.webp\" \/><\/span><p>Cuina Barcelo<\/p><\/a><\/li><li class=\"cuines-alto-standing\" ><span><a href=\"https:\/\/www.deulonder.com\/ca\/proyecto\/cuina-adell\/\"><img decoding=\"async\" src=\"https:\/\/www.deulonder.com\/wp-content\/uploads\/2024\/05\/cocina-adell-deulonder-3-1024x537.webp\" \/><\/span><p>Cuina Adell<\/p><\/a><\/li><\/ul>[\/et_pb_code][et_pb_button button_text=&#8221;Carregar m\u00e9s&#8221; button_alignment=&#8221;center&#8221; module_id=&#8221;cargar-mas&#8221; _builder_version=&#8221;4.25.0&#8243; _module_preset=&#8221;default&#8221; custom_button=&#8221;on&#8221; button_text_size=&#8221;22px&#8221; button_text_color=&#8221;#605f5f&#8221; button_bg_color=&#8221;#FFFFFF&#8221; button_border_width=&#8221;1px&#8221; button_border_radius=&#8221;30px&#8221; button_font=&#8221;Playfair Display||||||||&#8221; button_icon=&#8221;&#x24;||divi||400&#8243; button_on_hover=&#8221;off&#8221; custom_margin=&#8221;4em||4em||true|false&#8221; custom_padding=&#8221;|3em||2em|false|false&#8221; custom_css_main_element=&#8221;min-width:260px;&#8221; global_colors_info=&#8221;{}&#8221; button_text_color__hover_enabled=&#8221;on|hover&#8221; button_text_color__hover=&#8221;#FFFFFF&#8221;][\/et_pb_button][\/et_pb_column][\/et_pb_row][\/et_pb_section][et_pb_section fb_built=&#8221;1&#8243; disabled_on=&#8221;on|on|off&#8221; _builder_version=&#8221;4.25.0&#8243; _module_preset=&#8221;default&#8221; background_color=&#8221;#f5f4ef&#8221; custom_padding=&#8221;0px||0px||true|false&#8221; global_module=&#8221;1115&#8243; saved_tabs=&#8221;all&#8221; locked=&#8221;off&#8221; global_colors_info=&#8221;{}&#8221;][et_pb_row column_structure=&#8221;1_3,1_3,1_3&#8243; make_equal=&#8221;on&#8221; _builder_version=&#8221;4.25.0&#8243; _module_preset=&#8221;default&#8221; width=&#8221;90%&#8221; custom_padding=&#8221;0px||0px||true|false&#8221; custom_css_main_element=&#8221;display:flex;||align-items:center;||align-content:center;&#8221; global_colors_info=&#8221;{}&#8221;][et_pb_column type=&#8221;1_3&#8243; _builder_version=&#8221;4.25.0&#8243; _module_preset=&#8221;default&#8221; custom_css_main_element=&#8221;display:flex;||align-items:center;||align-content:center;&#8221; global_colors_info=&#8221;{}&#8221;][et_pb_text _builder_version=&#8221;4.25.0&#8243; _module_preset=&#8221;default&#8221; text_font=&#8221;Inria Serif||||||||&#8221; text_text_color=&#8221;#000000&#8243; text_font_size=&#8221;22px&#8221; global_colors_info=&#8221;{}&#8221;]<\/p>\n<p>Vols sol\u00b7licitar un pressupost?<\/p>\n<p>[\/et_pb_text][\/et_pb_column][et_pb_column type=&#8221;1_3&#8243; _builder_version=&#8221;4.25.0&#8243; _module_preset=&#8221;default&#8221; custom_css_main_element=&#8221;display:flex;||align-items:center;||align-content:center;&#8221; custom_css_free_form=&#8221;selector{||  justify-content:center;||  align-content:center;||}&#8221; global_colors_info=&#8221;{}&#8221;][et_pb_button button_url=&#8221;https:\/\/form.typeform.com\/to\/vtbG1EAw&#8221; url_new_window=&#8221;on&#8221; button_text=&#8221;Omple aquest breu formulari&#8221; button_alignment=&#8221;center&#8221; disabled_on=&#8221;off|off|off&#8221; module_class=&#8221;boton-typeform&#8221; _builder_version=&#8221;4.25.0&#8243; _module_preset=&#8221;default&#8221; custom_button=&#8221;on&#8221; button_text_size=&#8221;22px&#8221; button_text_color=&#8221;#605f5f&#8221; button_bg_color=&#8221;#FFFFFF&#8221; button_border_width=&#8221;1px&#8221; button_border_radius=&#8221;30px&#8221; button_font=&#8221;Playfair Display||||||||&#8221; button_icon=&#8221;&#x24;||divi||400&#8243; button_on_hover=&#8221;off&#8221; custom_margin=&#8221;4em||4em||true|false&#8221; custom_padding=&#8221;|3em||2em|false|false&#8221; custom_css_main_element=&#8221;min-width:260px;&#8221; locked=&#8221;off&#8221; global_colors_info=&#8221;{}&#8221; button_text_color__hover_enabled=&#8221;on|hover&#8221; button_text_color__hover=&#8221;#FFFFFF&#8221;][\/et_pb_button][\/et_pb_column][et_pb_column type=&#8221;1_3&#8243; _builder_version=&#8221;4.25.0&#8243; _module_preset=&#8221;default&#8221; custom_css_main_element=&#8221;display:flex;||align-items:center;||align-content:center;&#8221; global_colors_info=&#8221;{}&#8221;][et_pb_text _builder_version=&#8221;4.25.0&#8243; _module_preset=&#8221;default&#8221; text_font=&#8221;Inria Serif||||||||&#8221; text_text_color=&#8221;#000000&#8243; text_font_size=&#8221;22px&#8221; global_colors_info=&#8221;{}&#8221;]<\/p>\n<p>per entendre millor el teu projecte.<\/p>\n<p>[\/et_pb_text][\/et_pb_column][\/et_pb_row][\/et_pb_section]<\/p>\n","protected":false},"excerpt":{"rendered":"<p>ProjectesCuina arquitect\u00f2nica d\u00b4aire industrial amb mobles d\u00b4acer inoxidable que no renuncia a la calidesa, gr\u00e0cies al terra de parquet natural, una decoraci\u00f3 art\u00edstica i una il\u00b7luminaci\u00f3 suau. Sobresurt el frontal de la zona de cocci\u00f3 amb una campana tamb\u00e9 d&#8217;acer inoxidable que va de punta a punta. Tots els mobles estan dissenyats a mida i [&hellip;]<\/p>\n","protected":false},"author":1,"featured_media":0,"parent":0,"menu_order":0,"comment_status":"closed","ping_status":"closed","template":"","meta":{"_acf_changed":false,"_et_pb_use_builder":"on","_et_pb_old_content":"","_et_gb_content_width":"","inline_featured_image":false,"footnotes":""},"acf":[],"yoast_head":"<!-- This site is optimized with the Yoast SEO plugin v24.0 - https:\/\/yoast.com\/wordpress\/plugins\/seo\/ -->\n<title>Projectes | Estudi d&#039;interiorisme | Deulonder<\/title>\n<meta name=\"description\" content=\"Descobreix els nostres projectes de cuines a Deulonder. Inspiraci\u00f3 i excel\u00b7l\u00e8ncia en cada disseny i reforma.\" \/>\n<meta name=\"robots\" content=\"index, follow, max-snippet:-1, max-image-preview:large, max-video-preview:-1\" \/>\n<link rel=\"canonical\" href=\"https:\/\/www.deulonder.com\/proyectos\/\" \/>\n<meta property=\"og:locale\" content=\"ca_ES\" \/>\n<meta property=\"og:type\" content=\"article\" \/>\n<meta property=\"og:title\" content=\"Projectes | Estudi d&#039;interiorisme | Deulonder\" \/>\n<meta property=\"og:description\" content=\"Descobreix els nostres projectes de cuines a Deulonder. Inspiraci\u00f3 i excel\u00b7l\u00e8ncia en cada disseny i reforma.\" \/>\n<meta property=\"og:url\" content=\"https:\/\/www.deulonder.com\/proyectos\/\" \/>\n<meta property=\"og:site_name\" content=\"Deulonder part of Gunni &amp; Trentino\" \/>\n<meta property=\"article:modified_time\" content=\"2024-06-05T11:36:56+00:00\" \/>\n<meta property=\"og:image\" content=\"https:\/\/www.deulonder.com\/wp-content\/uploads\/2024\/08\/Master-horizontal-proyectos-deulonder_0000s_0004_Deulonder-Casa-Decor-2019-18_5_11zon.webp\" \/>\n\t<meta property=\"og:image:width\" content=\"1268\" \/>\n\t<meta property=\"og:image:height\" content=\"856\" \/>\n\t<meta property=\"og:image:type\" content=\"image\/webp\" \/>\n<meta name=\"twitter:card\" content=\"summary_large_image\" \/>\n<meta name=\"twitter:label1\" content=\"Temps estimat de lectura\" \/>\n\t<meta name=\"twitter:data1\" content=\"5 minuts\" \/>\n<script type=\"application\/ld+json\" class=\"yoast-schema-graph\">{\"@context\":\"https:\/\/schema.org\",\"@graph\":[{\"@type\":\"WebPage\",\"@id\":\"https:\/\/www.deulonder.com\/proyectos\/\",\"url\":\"https:\/\/www.deulonder.com\/proyectos\/\",\"name\":\"Projectes | Estudi d'interiorisme | Deulonder\",\"isPartOf\":{\"@id\":\"https:\/\/www.deulonder.com\/#website\"},\"datePublished\":\"2024-05-07T10:12:27+00:00\",\"dateModified\":\"2024-06-05T11:36:56+00:00\",\"description\":\"Descobreix els nostres projectes de cuines a Deulonder. Inspiraci\u00f3 i excel\u00b7l\u00e8ncia en cada disseny i reforma.\",\"breadcrumb\":{\"@id\":\"https:\/\/www.deulonder.com\/proyectos\/#breadcrumb\"},\"inLanguage\":\"ca\",\"potentialAction\":[{\"@type\":\"ReadAction\",\"target\":[\"https:\/\/www.deulonder.com\/proyectos\/\"]}]},{\"@type\":\"BreadcrumbList\",\"@id\":\"https:\/\/www.deulonder.com\/proyectos\/#breadcrumb\",\"itemListElement\":[{\"@type\":\"ListItem\",\"position\":1,\"name\":\"Portada\",\"item\":\"https:\/\/www.deulonder.com\/\"},{\"@type\":\"ListItem\",\"position\":2,\"name\":\"Projectes\"}]},{\"@type\":\"WebSite\",\"@id\":\"https:\/\/www.deulonder.com\/#website\",\"url\":\"https:\/\/www.deulonder.com\/\",\"name\":\"Deulonder part of Gunni & Trentino\",\"description\":\"Estudio de interiorismo\",\"publisher\":{\"@id\":\"https:\/\/www.deulonder.com\/#organization\"},\"alternateName\":\"Deulonder part of Gunni & Trentino\",\"potentialAction\":[{\"@type\":\"SearchAction\",\"target\":{\"@type\":\"EntryPoint\",\"urlTemplate\":\"https:\/\/www.deulonder.com\/?s={search_term_string}\"},\"query-input\":{\"@type\":\"PropertyValueSpecification\",\"valueRequired\":true,\"valueName\":\"search_term_string\"}}],\"inLanguage\":\"ca\"},{\"@type\":\"Organization\",\"@id\":\"https:\/\/www.deulonder.com\/#organization\",\"name\":\"Deulonder part of Gunni & Trentino\",\"alternateName\":\"Deulonder part of Gunni & Trentino\",\"url\":\"https:\/\/www.deulonder.com\/\",\"logo\":{\"@type\":\"ImageObject\",\"inLanguage\":\"ca\",\"@id\":\"https:\/\/www.deulonder.com\/#\/schema\/logo\/image\/\",\"url\":\"https:\/\/www.deulonder.com\/wp-content\/uploads\/2025\/09\/deulonder-part-of-gunnitrentino-logo.webp\",\"contentUrl\":\"https:\/\/www.deulonder.com\/wp-content\/uploads\/2025\/09\/deulonder-part-of-gunnitrentino-logo.webp\",\"width\":1471,\"height\":176,\"caption\":\"Deulonder part of Gunni & Trentino\"},\"image\":{\"@id\":\"https:\/\/www.deulonder.com\/#\/schema\/logo\/image\/\"}}]}<\/script>\n<!-- \/ Yoast SEO plugin. -->","yoast_head_json":{"title":"Projectes | Estudi d'interiorisme | Deulonder","description":"Descobreix els nostres projectes de cuines a Deulonder. Inspiraci\u00f3 i excel\u00b7l\u00e8ncia en cada disseny i reforma.","robots":{"index":"index","follow":"follow","max-snippet":"max-snippet:-1","max-image-preview":"max-image-preview:large","max-video-preview":"max-video-preview:-1"},"canonical":"https:\/\/www.deulonder.com\/proyectos\/","og_locale":"ca_ES","og_type":"article","og_title":"Projectes | Estudi d'interiorisme | Deulonder","og_description":"Descobreix els nostres projectes de cuines a Deulonder. Inspiraci\u00f3 i excel\u00b7l\u00e8ncia en cada disseny i reforma.","og_url":"https:\/\/www.deulonder.com\/proyectos\/","og_site_name":"Deulonder part of Gunni &amp; Trentino","article_modified_time":"2024-06-05T11:36:56+00:00","og_image":[{"width":1268,"height":856,"url":"https:\/\/www.deulonder.com\/wp-content\/uploads\/2024\/08\/Master-horizontal-proyectos-deulonder_0000s_0004_Deulonder-Casa-Decor-2019-18_5_11zon.webp","type":"image\/webp"}],"twitter_card":"summary_large_image","twitter_misc":{"Temps estimat de lectura":"5 minuts"},"schema":{"@context":"https:\/\/schema.org","@graph":[{"@type":"WebPage","@id":"https:\/\/www.deulonder.com\/proyectos\/","url":"https:\/\/www.deulonder.com\/proyectos\/","name":"Projectes | Estudi d'interiorisme | Deulonder","isPartOf":{"@id":"https:\/\/www.deulonder.com\/#website"},"datePublished":"2024-05-07T10:12:27+00:00","dateModified":"2024-06-05T11:36:56+00:00","description":"Descobreix els nostres projectes de cuines a Deulonder. Inspiraci\u00f3 i excel\u00b7l\u00e8ncia en cada disseny i reforma.","breadcrumb":{"@id":"https:\/\/www.deulonder.com\/proyectos\/#breadcrumb"},"inLanguage":"ca","potentialAction":[{"@type":"ReadAction","target":["https:\/\/www.deulonder.com\/proyectos\/"]}]},{"@type":"BreadcrumbList","@id":"https:\/\/www.deulonder.com\/proyectos\/#breadcrumb","itemListElement":[{"@type":"ListItem","position":1,"name":"Portada","item":"https:\/\/www.deulonder.com\/"},{"@type":"ListItem","position":2,"name":"Projectes"}]},{"@type":"WebSite","@id":"https:\/\/www.deulonder.com\/#website","url":"https:\/\/www.deulonder.com\/","name":"Deulonder part of Gunni & Trentino","description":"Estudio de interiorismo","publisher":{"@id":"https:\/\/www.deulonder.com\/#organization"},"alternateName":"Deulonder part of Gunni & Trentino","potentialAction":[{"@type":"SearchAction","target":{"@type":"EntryPoint","urlTemplate":"https:\/\/www.deulonder.com\/?s={search_term_string}"},"query-input":{"@type":"PropertyValueSpecification","valueRequired":true,"valueName":"search_term_string"}}],"inLanguage":"ca"},{"@type":"Organization","@id":"https:\/\/www.deulonder.com\/#organization","name":"Deulonder part of Gunni & Trentino","alternateName":"Deulonder part of Gunni & Trentino","url":"https:\/\/www.deulonder.com\/","logo":{"@type":"ImageObject","inLanguage":"ca","@id":"https:\/\/www.deulonder.com\/#\/schema\/logo\/image\/","url":"https:\/\/www.deulonder.com\/wp-content\/uploads\/2025\/09\/deulonder-part-of-gunnitrentino-logo.webp","contentUrl":"https:\/\/www.deulonder.com\/wp-content\/uploads\/2025\/09\/deulonder-part-of-gunnitrentino-logo.webp","width":1471,"height":176,"caption":"Deulonder part of Gunni & Trentino"},"image":{"@id":"https:\/\/www.deulonder.com\/#\/schema\/logo\/image\/"}}]}},"_links":{"self":[{"href":"https:\/\/www.deulonder.com\/ca\/wp-json\/wp\/v2\/pages\/4885"}],"collection":[{"href":"https:\/\/www.deulonder.com\/ca\/wp-json\/wp\/v2\/pages"}],"about":[{"href":"https:\/\/www.deulonder.com\/ca\/wp-json\/wp\/v2\/types\/page"}],"author":[{"embeddable":true,"href":"https:\/\/www.deulonder.com\/ca\/wp-json\/wp\/v2\/users\/1"}],"replies":[{"embeddable":true,"href":"https:\/\/www.deulonder.com\/ca\/wp-json\/wp\/v2\/comments?post=4885"}],"version-history":[{"count":2,"href":"https:\/\/www.deulonder.com\/ca\/wp-json\/wp\/v2\/pages\/4885\/revisions"}],"predecessor-version":[{"id":4887,"href":"https:\/\/www.deulonder.com\/ca\/wp-json\/wp\/v2\/pages\/4885\/revisions\/4887"}],"wp:attachment":[{"href":"https:\/\/www.deulonder.com\/ca\/wp-json\/wp\/v2\/media?parent=4885"}],"curies":[{"name":"wp","href":"https:\/\/api.w.org\/{rel}","templated":true}]}}