{"id":4937,"date":"2024-05-15T10:28:23","date_gmt":"2024-05-15T08:28:23","guid":{"rendered":"https:\/\/www.deulonder.com\/proyecto\/cuina-adell\/"},"modified":"2024-06-11T11:32:14","modified_gmt":"2024-06-11T09:32:14","slug":"cuina-adell","status":"publish","type":"proyecto","link":"https:\/\/www.deulonder.com\/ca\/proyecto\/cuina-adell\/","title":{"rendered":"Cuina Adell"},"content":{"rendered":"<p>[et_pb_section fb_built=&#8221;1&#8243; _builder_version=&#8221;4.25.0&#8243; _module_preset=&#8221;default&#8221; custom_padding=&#8221;0px||0px||true|false&#8221; locked=&#8221;off&#8221; global_colors_info=&#8221;{}&#8221;][et_pb_row _builder_version=&#8221;4.25.0&#8243; _module_preset=&#8221;default&#8221; width=&#8221;90%&#8221; custom_padding=&#8221;0px||||false|false&#8221; global_colors_info=&#8221;{}&#8221;][et_pb_column type=&#8221;4_4&#8243; _builder_version=&#8221;4.25.0&#8243; _module_preset=&#8221;default&#8221; global_colors_info=&#8221;{}&#8221;][et_pb_image src=&#8221;@ET-DC@eyJkeW5hbWljIjp0cnVlLCJjb250ZW50IjoiY3VzdG9tX21ldGFfZm90b19jYWJlY2VyYSIsInNldHRpbmdzIjp7ImJlZm9yZSI6IiIsImFmdGVyIjoiIiwiZW5hYmxlX2h0bWwiOiJvZmYifX0=@&#8221; force_fullwidth=&#8221;on&#8221; _builder_version=&#8221;4.25.0&#8243; _dynamic_attributes=&#8221;src&#8221; _module_preset=&#8221;default&#8221; global_colors_info=&#8221;{}&#8221;][\/et_pb_image][\/et_pb_column][\/et_pb_row][\/et_pb_section][et_pb_section fb_built=&#8221;1&#8243; disabled_on=&#8221;on|on|off&#8221; _builder_version=&#8221;4.25.0&#8243; _module_preset=&#8221;default&#8221; custom_padding=&#8221;0px||0px||true|false&#8221; locked=&#8221;off&#8221; global_colors_info=&#8221;{}&#8221;][et_pb_row _builder_version=&#8221;4.25.0&#8243; _module_preset=&#8221;default&#8221; width=&#8221;90%&#8221; custom_padding=&#8221;1em||1em||true|false&#8221; border_width_top=&#8221;1px&#8221; border_color_top=&#8221;#000000&#8243; border_width_bottom=&#8221;1px&#8221; border_color_bottom=&#8221;#000000&#8243; global_colors_info=&#8221;{}&#8221;][et_pb_column type=&#8221;4_4&#8243; _builder_version=&#8221;4.25.0&#8243; _module_preset=&#8221;default&#8221; custom_css_main_element=&#8221;display:flex;||flex-flow:row;&#8221; global_colors_info=&#8221;{}&#8221;][et_pb_text _builder_version=&#8221;4.25.0&#8243; _module_preset=&#8221;default&#8221; text_font=&#8221;Inria Serif|||on|||||&#8221; text_text_color=&#8221;#000000&#8243; link_text_color=&#8221;#000000&#8243; custom_margin=&#8221;||0px||false|false&#8221; custom_css_main_element=&#8221;display:flex;||width:fit-content;&#8221; custom_css_after=&#8221;content:&#8217;|&#8217;;||margin:0 1em;&#8221; global_colors_info=&#8221;{}&#8221;]<\/p>\n<p><a href=\"https:\/\/www.deulonder.com\/ca\/projectes\/\">Projectes<\/a><\/p>\n<p>[\/et_pb_text][et_pb_text _builder_version=&#8221;4.25.0&#8243; _dynamic_attributes=&#8221;content&#8221; _module_preset=&#8221;default&#8221; text_font=&#8221;Inria Serif|||on|||||&#8221; text_text_color=&#8221;#000000&#8243; custom_margin=&#8221;||0px||false|false&#8221; custom_css_main_element=&#8221;display:flex;||width:fit-content;&#8221; global_colors_info=&#8221;{}&#8221;]@ET-DC@eyJkeW5hbWljIjp0cnVlLCJjb250ZW50IjoicG9zdF90aXRsZSIsInNldHRpbmdzIjp7ImJlZm9yZSI6IiIsImFmdGVyIjoiIn19@[\/et_pb_text][\/et_pb_column][\/et_pb_row][\/et_pb_section][et_pb_section fb_built=&#8221;1&#8243; _builder_version=&#8221;4.25.0&#8243; _module_preset=&#8221;default&#8221; custom_padding=&#8221;0px||0px||true|false&#8221; locked=&#8221;off&#8221; global_colors_info=&#8221;{}&#8221;][et_pb_row _builder_version=&#8221;4.25.0&#8243; _module_preset=&#8221;default&#8221; width=&#8221;90%&#8221; global_colors_info=&#8221;{}&#8221;][et_pb_column type=&#8221;4_4&#8243; _builder_version=&#8221;4.25.0&#8243; _module_preset=&#8221;default&#8221; global_colors_info=&#8221;{}&#8221;][et_pb_heading title=&#8221;Una cuina arquitect\u00f2nica i mil\u00b7limetrada.&#8221; _builder_version=&#8221;4.25.0&#8243; _module_preset=&#8221;default&#8221; title_font=&#8221;Playfair Display||||||||&#8221; title_text_color=&#8221;#000000&#8243; title_font_size=&#8221;70px&#8221; custom_padding=&#8221;|122px||||&#8221; custom_padding_tablet=&#8221;|0px|||false|false&#8221; custom_padding_phone=&#8221;|0px|||false|false&#8221; custom_padding_last_edited=&#8221;on|tablet&#8221; title_font_size_tablet=&#8221;50px&#8221; title_font_size_phone=&#8221;50px&#8221; title_font_size_last_edited=&#8221;on|phone&#8221; custom_css_free_form=&#8221;selector h1{||  font-weight: 100;||}&#8221; global_colors_info=&#8221;{}&#8221;][\/et_pb_heading][\/et_pb_column][\/et_pb_row][\/et_pb_section][et_pb_section fb_built=&#8221;1&#8243; _builder_version=&#8221;4.25.0&#8243; _module_preset=&#8221;default&#8221; custom_padding=&#8221;0px||0px||true|false&#8221; locked=&#8221;off&#8221; global_colors_info=&#8221;{}&#8221;][et_pb_row column_structure=&#8221;2_5,3_5&#8243; _builder_version=&#8221;4.25.0&#8243; _module_preset=&#8221;default&#8221; width=&#8221;90%&#8221; global_colors_info=&#8221;{}&#8221;][et_pb_column type=&#8221;2_5&#8243; _builder_version=&#8221;4.25.0&#8243; _module_preset=&#8221;default&#8221; global_colors_info=&#8221;{}&#8221;][et_pb_text _builder_version=&#8221;4.25.0&#8243; _module_preset=&#8221;default&#8221; text_font=&#8221;Karla|300|||||||&#8221; text_text_color=&#8221;#4f4f4f&#8221; text_font_size=&#8221;20px&#8221; custom_margin_tablet=&#8221;&#8221; custom_margin_phone=&#8221;-10px||||false|false&#8221; custom_margin_last_edited=&#8221;on|phone&#8221; custom_padding=&#8221;|100px|||false|false&#8221; custom_padding_tablet=&#8221;|0px|||false|false&#8221; custom_padding_phone=&#8221;|0px|||false|false&#8221; custom_padding_last_edited=&#8221;on|tablet&#8221; custom_css_main_element=&#8221;font-weight:300 !important;&#8221; global_colors_info=&#8221;{}&#8221;]<\/p>\n<p>Cuina arquitect\u00f2nica d\u00b4aire industrial amb mobles d\u00b4acer inoxidable que no renuncia a la calidesa, gr\u00e0cies al terra de parquet natural, una decoraci\u00f3 art\u00edstica i una il\u00b7luminaci\u00f3 suau. Sobresurt el frontal de la zona de cocci\u00f3 amb una campana tamb\u00e9 d&#8217;acer inoxidable que va de punta a punta. Tots els mobles estan dissenyats a mida i encaixen al mil\u00b7l\u00edmetre.<\/p>\n<p>[\/et_pb_text][\/et_pb_column][et_pb_column type=&#8221;3_5&#8243; _builder_version=&#8221;4.25.0&#8243; _module_preset=&#8221;default&#8221; global_colors_info=&#8221;{}&#8221;][et_pb_gallery gallery_ids=&#8221;1913,1916,1919&#8243; fullwidth=&#8221;on&#8221; _builder_version=&#8221;4.25.0&#8243; _module_preset=&#8221;default&#8221; custom_padding=&#8221;|2em|||false|false&#8221; custom_css_after=&#8221;content: &#8221;;||display: block;||width: 2em;||height: 90%;||background-color: #C4C4C475;||position: absolute;||right: 0;||bottom: 0;&#8221; custom_css_gallery_item=&#8221;animation-name:fadeRight;&#8221; global_colors_info=&#8221;{}&#8221;][\/et_pb_gallery][\/et_pb_column][\/et_pb_row][et_pb_row _builder_version=&#8221;4.25.0&#8243; _module_preset=&#8221;default&#8221; width=&#8221;90%&#8221; global_colors_info=&#8221;{}&#8221;][et_pb_column type=&#8221;4_4&#8243; _builder_version=&#8221;4.25.0&#8243; _module_preset=&#8221;default&#8221; global_colors_info=&#8221;{}&#8221;][et_pb_gallery gallery_ids=&#8221;1922,1925,1928,1931,1934,1967,1961,1958,1955,1949,1946,1943,1940,1937&#8243; fullwidth=&#8221;on&#8221; _builder_version=&#8221;4.25.0&#8243; _module_preset=&#8221;default&#8221; custom_padding=&#8221;|2em|||false|false&#8221; custom_css_after=&#8221;content: &#8221;;||display: block;||width: 2em;||height: 90%;||background-color: #C4C4C475;||position: absolute;||right: 0;||bottom: 0;&#8221; global_colors_info=&#8221;{}&#8221;][\/et_pb_gallery][\/et_pb_column][\/et_pb_row][et_pb_row column_structure=&#8221;2_5,3_5&#8243; custom_padding_last_edited=&#8221;on|tablet&#8221; _builder_version=&#8221;4.25.0&#8243; _module_preset=&#8221;default&#8221; width=&#8221;90%&#8221; custom_padding_tablet=&#8221;0px||||false|false&#8221; custom_padding_phone=&#8221;0px||||false|false&#8221; locked=&#8221;off&#8221; global_colors_info=&#8221;{}&#8221;][et_pb_column type=&#8221;2_5&#8243; _builder_version=&#8221;4.25.0&#8243; _module_preset=&#8221;default&#8221; global_colors_info=&#8221;{}&#8221;][\/et_pb_column][et_pb_column type=&#8221;3_5&#8243; _builder_version=&#8221;4.25.0&#8243; _module_preset=&#8221;default&#8221; global_colors_info=&#8221;{}&#8221;][et_pb_text _builder_version=&#8221;4.25.0&#8243; _module_preset=&#8221;default&#8221; text_font=&#8221;Karla|300|||||||&#8221; text_text_color=&#8221;#4f4f4f&#8221; text_font_size=&#8221;20px&#8221; custom_margin=&#8221;||||false|false&#8221; custom_margin_tablet=&#8221;-20px||||false|false&#8221; custom_margin_phone=&#8221;-20px||||false|false&#8221; custom_margin_last_edited=&#8221;on|tablet&#8221; global_colors_info=&#8221;{}&#8221;]<\/p>\n<p>L&#8217;illa incorpora una barra per menjar de manera informal amb uns c\u00f2modes tamborets mentre es mira la televisi\u00f3. Tamb\u00e9 s&#8217;ha aprofitat el lateral per encastar un forn microones. Tamb\u00e9 inclou una zona daigua per a la preparaci\u00f3 daliments.<br \/>Al fons es pot apreciar una vidriera de separaci\u00f3 amb el menjador amb una finestra guillotina passaplats. S&#8217;ha col\u00b7locat un moble amb sobre de marbre a qu\u00e8 es pot accedir pels dos costats. Unes cortines permeten a\u00efllar la cuina de la zona menjador per a\u00efllar tots dos ambients.<\/p>\n<p>[\/et_pb_text][\/et_pb_column][\/et_pb_row][et_pb_row column_structure=&#8221;1_2,1_2&#8243; _builder_version=&#8221;4.25.0&#8243; _module_preset=&#8221;default&#8221; width=&#8221;90%&#8221; locked=&#8221;off&#8221; global_colors_info=&#8221;{}&#8221;][et_pb_column type=&#8221;1_2&#8243; _builder_version=&#8221;4.25.0&#8243; _module_preset=&#8221;default&#8221; global_colors_info=&#8221;{}&#8221;][et_pb_gallery gallery_ids=&#8221;1985&#8243; fullwidth=&#8221;on&#8221; _builder_version=&#8221;4.25.0&#8243; _module_preset=&#8221;default&#8221; custom_padding=&#8221;|2em|||false|false&#8221; custom_css_after=&#8221;content: &#8221;;||display: block;||width: 2em;||height: 90%;||background-color: #C4C4C475;||position: absolute;||right: 0;||bottom: 0;&#8221; locked=&#8221;off&#8221; global_colors_info=&#8221;{}&#8221;][\/et_pb_gallery][et_pb_text _builder_version=&#8221;4.25.0&#8243; _module_preset=&#8221;default&#8221; text_font=&#8221;Karla|300|||||||&#8221; text_text_color=&#8221;#4f4f4f&#8221; text_font_size=&#8221;20px&#8221; custom_margin_tablet=&#8221;||||false|false&#8221; custom_margin_phone=&#8221;||||false|false&#8221; custom_margin_last_edited=&#8221;on|tablet&#8221; custom_padding=&#8221;20px||20px||true|false&#8221; custom_css_main_element=&#8221;font-weight:300 !important;&#8221; global_colors_info=&#8221;{}&#8221;]<\/p>\n<p>Amb el sobre d&#8217;acer a mida, la pica queda totalment integrada sense juntes, oferint un espai pulcre i pr\u00e0ctic de netejar.<\/p>\n<p>[\/et_pb_text][\/et_pb_column][et_pb_column type=&#8221;1_2&#8243; _builder_version=&#8221;4.25.0&#8243; _module_preset=&#8221;default&#8221; global_colors_info=&#8221;{}&#8221;][et_pb_gallery gallery_ids=&#8221;1976,1982,1979,1988,2000,1997,1994,1991&#8243; fullwidth=&#8221;on&#8221; _builder_version=&#8221;4.25.0&#8243; _module_preset=&#8221;default&#8221; custom_padding=&#8221;|2em|||false|false&#8221; custom_css_after=&#8221;content: &#8221;;||display: block;||width: 2em;||height: 90%;||background-color: #C4C4C475;||position: absolute;||right: 0;||bottom: 0;&#8221; locked=&#8221;off&#8221; global_colors_info=&#8221;{}&#8221;][\/et_pb_gallery][et_pb_text _builder_version=&#8221;4.25.0&#8243; _module_preset=&#8221;default&#8221; text_font=&#8221;Karla|300|||||||&#8221; text_text_color=&#8221;#4f4f4f&#8221; text_font_size=&#8221;20px&#8221; custom_padding_tablet=&#8221;20px||20px||true|false&#8221; custom_padding_phone=&#8221;20px||20px||true|false&#8221; custom_padding_last_edited=&#8221;on|tablet&#8221; custom_css_main_element=&#8221;font-weight:300 !important;&#8221; global_colors_info=&#8221;{}&#8221;]<\/p>\n<p>A la zona de pas que connecta la cuina amb l&#8217;habitaci\u00f3 de rentar i planxar, es guarden tots els electrodom\u00e8stics en un moble de prestatges obert. Aix\u00ed es disposa de la talladora d&#8217;embotits i la Thermomix, sempre endollades i llestes per al seu \u00fas.<\/p>\n<p>[\/et_pb_text][\/et_pb_column][\/et_pb_row][et_pb_row column_structure=&#8221;1_2,1_2&#8243; make_equal=&#8221;on&#8221; custom_padding_last_edited=&#8221;on|tablet&#8221; _builder_version=&#8221;4.25.0&#8243; _module_preset=&#8221;default&#8221; width=&#8221;90%&#8221; custom_padding_tablet=&#8221;0px||0px||true|false&#8221; custom_padding_phone=&#8221;0px||0px||true|false&#8221; custom_css_free_form=&#8221;@media only screen and (max-width: 980px) {||  selector{||    display: flex;||    flex-direction: column !important;||  }||}&#8221; locked=&#8221;off&#8221; global_colors_info=&#8221;{}&#8221; custom_css_main_element_last_edited=&#8221;on|tablet&#8221; custom_css_main_element_tablet=&#8221;display:flex;||flex-flow:column-reverse;&#8221; custom_css_main_element_phone=&#8221;display:flex;||flex-flow:column-reverse;&#8221;][et_pb_column type=&#8221;1_2&#8243; _builder_version=&#8221;4.25.0&#8243; _module_preset=&#8221;default&#8221; custom_css_main_element=&#8221;display:flex;||flex-flow:column;||justify-content:center;&#8221; global_colors_info=&#8221;{}&#8221;][et_pb_text _builder_version=&#8221;4.25.0&#8243; _module_preset=&#8221;default&#8221; text_font=&#8221;Playfair Display|300|||||||&#8221; text_text_color=&#8221;#000000&#8243; text_font_size=&#8221;50px&#8221; text_line_height=&#8221;1.1em&#8221; text_orientation=&#8221;right&#8221; custom_margin=&#8221;-60%||||false|false&#8221; custom_margin_tablet=&#8221;0%||||false|false&#8221; custom_margin_phone=&#8221;20px||||false|false&#8221; custom_margin_last_edited=&#8221;on|tablet&#8221; custom_padding=&#8221;|||204px||&#8221; custom_padding_tablet=&#8221;|||0px|false|false&#8221; custom_padding_phone=&#8221;|||0px|false|false&#8221; custom_padding_last_edited=&#8221;on|tablet&#8221; text_font_size_tablet=&#8221;40px&#8221; text_font_size_phone=&#8221;40px&#8221; text_font_size_last_edited=&#8221;on|tablet&#8221; text_orientation_tablet=&#8221;left&#8221; text_orientation_phone=&#8221;left&#8221; text_orientation_last_edited=&#8221;on|tablet&#8221; global_colors_info=&#8221;{}&#8221;]<\/p>\n<p>Moble rebost ben espai\u00f3s i ben organitzat<\/p>\n<p>[\/et_pb_text][et_pb_text _builder_version=&#8221;4.25.0&#8243; _module_preset=&#8221;default&#8221; text_font=&#8221;Karla|300|||||||&#8221; text_text_color=&#8221;#4f4f4f&#8221; text_font_size=&#8221;20px&#8221; text_orientation=&#8221;right&#8221; custom_margin_tablet=&#8221;||20px||false|false&#8221; custom_margin_phone=&#8221;||20px||false|false&#8221; custom_margin_last_edited=&#8221;on|tablet&#8221; custom_padding=&#8221;|||120px||&#8221; custom_padding_tablet=&#8221;|||0px|false|false&#8221; custom_padding_phone=&#8221;|||0px|false|false&#8221; custom_padding_last_edited=&#8221;on|tablet&#8221; text_orientation_tablet=&#8221;left&#8221; text_orientation_phone=&#8221;left&#8221; text_orientation_last_edited=&#8221;on|tablet&#8221; custom_css_main_element=&#8221;font-weight:300 !important;&#8221; global_colors_info=&#8221;{}&#8221;]<\/p>\n<p>El moble rebost amb portes ventilades i il\u00b7luminaci\u00f3 interior que inclou uns contenidors extra\u00efbles per guardar-hi diferents fam\u00edlies d&#8217;aliments.<\/p>\n<p>[\/et_pb_text][\/et_pb_column][et_pb_column type=&#8221;1_2&#8243; _builder_version=&#8221;4.25.0&#8243; _module_preset=&#8221;default&#8221; global_colors_info=&#8221;{}&#8221;][et_pb_gallery gallery_ids=&#8221;1910&#8243; fullwidth=&#8221;on&#8221; _builder_version=&#8221;4.25.0&#8243; _module_preset=&#8221;default&#8221; custom_margin_tablet=&#8221;||1em||false|false&#8221; custom_margin_phone=&#8221;||1em||false|false&#8221; custom_margin_last_edited=&#8221;on|tablet&#8221; custom_padding=&#8221;|2em|||false|false&#8221; custom_css_after=&#8221;content: &#8221;;||display: block;||width: 2em;||height: 90%;||background-color: #C4C4C475;||position: absolute;||right: 0;||bottom: 0;&#8221; locked=&#8221;off&#8221; global_colors_info=&#8221;{}&#8221;][\/et_pb_gallery][\/et_pb_column][\/et_pb_row][et_pb_row column_structure=&#8221;1_2,1_2&#8243; make_equal=&#8221;on&#8221; _builder_version=&#8221;4.25.0&#8243; _module_preset=&#8221;default&#8221; width=&#8221;90%&#8221; custom_css_free_form=&#8221;@media only screen and (max-width: 980px) {||  selector{||    display: flex;||    flex-direction: column-reverse !important;||  }||}&#8221; locked=&#8221;off&#8221; global_colors_info=&#8221;{}&#8221;][et_pb_column type=&#8221;1_2&#8243; _builder_version=&#8221;4.25.0&#8243; _module_preset=&#8221;default&#8221; global_colors_info=&#8221;{}&#8221;][et_pb_gallery gallery_ids=&#8221;2000,1994,1997&#8243; fullwidth=&#8221;on&#8221; _builder_version=&#8221;4.25.0&#8243; _module_preset=&#8221;default&#8221; custom_padding=&#8221;|2em|||false|false&#8221; custom_css_after=&#8221;content: &#8221;;||display: block;||width: 2em;||height: 90%;||background-color: #C4C4C475;||position: absolute;||right: 0;||bottom: 0;&#8221; locked=&#8221;off&#8221; global_colors_info=&#8221;{}&#8221;][\/et_pb_gallery][\/et_pb_column][et_pb_column type=&#8221;1_2&#8243; _builder_version=&#8221;4.25.0&#8243; _module_preset=&#8221;default&#8221; custom_css_main_element=&#8221;display:flex;||flex-flow:column;||justify-content:center;&#8221; global_colors_info=&#8221;{}&#8221;][et_pb_text _builder_version=&#8221;4.25.0&#8243; _module_preset=&#8221;default&#8221; text_font=&#8221;Playfair Display|300|||||||&#8221; text_text_color=&#8221;#000000&#8243; text_font_size=&#8221;50px&#8221; text_line_height=&#8221;1.1em&#8221; custom_margin=&#8221;-60%||||false|false&#8221; custom_margin_tablet=&#8221;0%||||false|false&#8221; custom_margin_phone=&#8221;20px||||false|false&#8221; custom_margin_last_edited=&#8221;on|tablet&#8221; custom_padding=&#8221;|186px||||&#8221; custom_padding_tablet=&#8221;|0px|||false|false&#8221; custom_padding_phone=&#8221;|0px|||false|false&#8221; custom_padding_last_edited=&#8221;on|tablet&#8221; text_font_size_tablet=&#8221;40px&#8221; text_font_size_phone=&#8221;40px&#8221; text_font_size_last_edited=&#8221;on|tablet&#8221; global_colors_info=&#8221;{}&#8221;]<\/p>\n<p>El planxador<\/p>\n<p>[\/et_pb_text][et_pb_text _builder_version=&#8221;4.25.0&#8243; _module_preset=&#8221;default&#8221; text_font=&#8221;Karla|300|||||||&#8221; text_text_color=&#8221;#4f4f4f&#8221; text_font_size=&#8221;20px&#8221; custom_margin_tablet=&#8221;||50px||false|false&#8221; custom_margin_phone=&#8221;||40px||false|false&#8221; custom_margin_last_edited=&#8221;on|tablet&#8221; custom_padding=&#8221;|88px||||&#8221; custom_padding_tablet=&#8221;|0px|||false|false&#8221; custom_padding_phone=&#8221;|0px|||false|false&#8221; custom_padding_last_edited=&#8221;on|tablet&#8221; custom_css_main_element=&#8221;font-weight:300 !important;&#8221; global_colors_info=&#8221;{}&#8221;]<\/p>\n<p>Els vidres de les portes de l&#8217;habitaci\u00f3 de rentar i planxar s\u00f3n de vidre de l\u00e0mines de polivinil i al mateix vidre hi ha unes ranures per ventilar. Tots els armaris s&#8217;il\u00b7luminen en obrir les portes. A la dreta de les rentadores hi ha una zona per estendre la roba.<br \/>La taula de planxar est\u00e0 ben il\u00b7luminada i inclou cistelles per a la roba neta i safates per a la roba planxada.<\/p>\n<p>[\/et_pb_text][\/et_pb_column][\/et_pb_row][et_pb_row _builder_version=&#8221;4.25.0&#8243; _module_preset=&#8221;default&#8221; width=&#8221;90%&#8221; locked=&#8221;off&#8221; global_colors_info=&#8221;{}&#8221;][et_pb_column type=&#8221;4_4&#8243; _builder_version=&#8221;4.25.0&#8243; _module_preset=&#8221;default&#8221; global_colors_info=&#8221;{}&#8221;][et_pb_gallery gallery_ids=&#8221;1988,1991&#8243; fullwidth=&#8221;on&#8221; _builder_version=&#8221;4.25.0&#8243; _module_preset=&#8221;default&#8221; custom_padding=&#8221;|2em|||false|false&#8221; custom_css_after=&#8221;content: &#8221;;||display: block;||width: 2em;||height: 90%;||background-color: #C4C4C475;||position: absolute;||right: 0;||bottom: 0;&#8221; global_colors_info=&#8221;{}&#8221;][\/et_pb_gallery][\/et_pb_column][\/et_pb_row][et_pb_row column_structure=&#8221;2_5,3_5&#8243; custom_padding_last_edited=&#8221;on|tablet&#8221; _builder_version=&#8221;4.25.0&#8243; _module_preset=&#8221;default&#8221; width=&#8221;90%&#8221; custom_padding_tablet=&#8221;0px||0px||true|false&#8221; custom_padding_phone=&#8221;0px||0px||true|false&#8221; locked=&#8221;off&#8221; global_colors_info=&#8221;{}&#8221;][et_pb_column type=&#8221;2_5&#8243; _builder_version=&#8221;4.25.0&#8243; _module_preset=&#8221;default&#8221; global_colors_info=&#8221;{}&#8221;][\/et_pb_column][et_pb_column type=&#8221;3_5&#8243; _builder_version=&#8221;4.25.0&#8243; _module_preset=&#8221;default&#8221; global_colors_info=&#8221;{}&#8221;][et_pb_text _builder_version=&#8221;4.25.0&#8243; _module_preset=&#8221;default&#8221; text_font=&#8221;Karla|300|||||||&#8221; text_text_color=&#8221;#4f4f4f&#8221; text_font_size=&#8221;20px&#8221; custom_margin=&#8221;-30px||||false|false&#8221; global_colors_info=&#8221;{}&#8221;]<\/p>\n<p>L&#8217;armari de les rentadores t\u00e9 unes portes que es dobleguen cap a l&#8217;exterior per poder treballar en aquesta zona sense molestar i ocupar espai. Al costat hi ha un safareig amb una cistella per a la roba bruta i al costat la zona d&#8217;estendre amb la base de desgu\u00e0s que recull l&#8217;aigua del degoteig.<\/p>\n<p>[\/et_pb_text][\/et_pb_column][\/et_pb_row][\/et_pb_section]<\/p>\n","protected":false},"featured_media":1740,"parent":0,"menu_order":0,"template":"","format":"standard","meta":{"_acf_changed":false,"_et_pb_use_builder":"on","_et_pb_old_content":"","_et_gb_content_width":"","inline_featured_image":false,"footnotes":""},"categoria-proyecto":[112],"acf":[],"yoast_head":"<!-- This site is optimized with the Yoast SEO plugin v24.0 - https:\/\/yoast.com\/wordpress\/plugins\/seo\/ -->\n<title>Cuina Adell - Deulonder part of Gunni &amp; Trentino<\/title>\n<meta name=\"robots\" content=\"index, follow, max-snippet:-1, max-image-preview:large, max-video-preview:-1\" \/>\n<link rel=\"canonical\" href=\"https:\/\/www.deulonder.com\/proyecto\/cocina-adell\/\" \/>\n<meta property=\"og:locale\" content=\"ca_ES\" \/>\n<meta property=\"og:type\" content=\"article\" \/>\n<meta property=\"og:title\" content=\"Cuina Adell - Deulonder part of Gunni &amp; Trentino\" \/>\n<meta property=\"og:description\" content=\"ProjectesCuina arquitect\u00f2nica d\u00b4aire industrial amb mobles d\u00b4acer inoxidable que no renuncia a la calidesa, gr\u00e0cies al terra de parquet natural, una decoraci\u00f3 art\u00edstica i una il\u00b7luminaci\u00f3 suau. Sobresurt el frontal de la zona de cocci\u00f3 amb una campana tamb\u00e9 d&#039;acer inoxidable que va de punta a punta. Tots els mobles estan dissenyats a mida i [&hellip;]\" \/>\n<meta property=\"og:url\" content=\"https:\/\/www.deulonder.com\/proyecto\/cocina-adell\/\" \/>\n<meta property=\"og:site_name\" content=\"Deulonder part of Gunni &amp; Trentino\" \/>\n<meta property=\"article:modified_time\" content=\"2024-06-11T09:32:14+00:00\" \/>\n<meta property=\"og:image\" content=\"https:\/\/www.deulonder.com\/wp-content\/uploads\/2024\/05\/cocina-adell-deulonder-3.webp\" \/>\n\t<meta property=\"og:image:width\" content=\"1361\" \/>\n\t<meta property=\"og:image:height\" content=\"714\" \/>\n\t<meta property=\"og:image:type\" content=\"image\/webp\" \/>\n<meta name=\"twitter:card\" content=\"summary_large_image\" \/>\n<meta name=\"twitter:label1\" content=\"Temps estimat de lectura\" \/>\n\t<meta name=\"twitter:data1\" content=\"11 minuts\" \/>\n<script type=\"application\/ld+json\" class=\"yoast-schema-graph\">{\"@context\":\"https:\/\/schema.org\",\"@graph\":[{\"@type\":\"WebPage\",\"@id\":\"https:\/\/www.deulonder.com\/proyecto\/cocina-adell\/\",\"url\":\"https:\/\/www.deulonder.com\/proyecto\/cocina-adell\/\",\"name\":\"Cuina Adell - Deulonder part of Gunni &amp; Trentino\",\"isPartOf\":{\"@id\":\"https:\/\/www.deulonder.com\/#website\"},\"primaryImageOfPage\":{\"@id\":\"https:\/\/www.deulonder.com\/proyecto\/cocina-adell\/#primaryimage\"},\"image\":{\"@id\":\"https:\/\/www.deulonder.com\/proyecto\/cocina-adell\/#primaryimage\"},\"thumbnailUrl\":\"https:\/\/www.deulonder.com\/wp-content\/uploads\/2024\/05\/cocina-adell-deulonder-3.webp\",\"datePublished\":\"2024-05-15T08:28:23+00:00\",\"dateModified\":\"2024-06-11T09:32:14+00:00\",\"breadcrumb\":{\"@id\":\"https:\/\/www.deulonder.com\/proyecto\/cocina-adell\/#breadcrumb\"},\"inLanguage\":\"ca\",\"potentialAction\":[{\"@type\":\"ReadAction\",\"target\":[\"https:\/\/www.deulonder.com\/proyecto\/cocina-adell\/\"]}]},{\"@type\":\"ImageObject\",\"inLanguage\":\"ca\",\"@id\":\"https:\/\/www.deulonder.com\/proyecto\/cocina-adell\/#primaryimage\",\"url\":\"https:\/\/www.deulonder.com\/wp-content\/uploads\/2024\/05\/cocina-adell-deulonder-3.webp\",\"contentUrl\":\"https:\/\/www.deulonder.com\/wp-content\/uploads\/2024\/05\/cocina-adell-deulonder-3.webp\",\"width\":1361,\"height\":714},{\"@type\":\"BreadcrumbList\",\"@id\":\"https:\/\/www.deulonder.com\/proyecto\/cocina-adell\/#breadcrumb\",\"itemListElement\":[{\"@type\":\"ListItem\",\"position\":1,\"name\":\"Portada\",\"item\":\"https:\/\/www.deulonder.com\/\"},{\"@type\":\"ListItem\",\"position\":2,\"name\":\"Cuina Adell\"}]},{\"@type\":\"WebSite\",\"@id\":\"https:\/\/www.deulonder.com\/#website\",\"url\":\"https:\/\/www.deulonder.com\/\",\"name\":\"Deulonder part of Gunni & Trentino\",\"description\":\"Estudio de interiorismo\",\"publisher\":{\"@id\":\"https:\/\/www.deulonder.com\/#organization\"},\"alternateName\":\"Deulonder part of Gunni & Trentino\",\"potentialAction\":[{\"@type\":\"SearchAction\",\"target\":{\"@type\":\"EntryPoint\",\"urlTemplate\":\"https:\/\/www.deulonder.com\/?s={search_term_string}\"},\"query-input\":{\"@type\":\"PropertyValueSpecification\",\"valueRequired\":true,\"valueName\":\"search_term_string\"}}],\"inLanguage\":\"ca\"},{\"@type\":\"Organization\",\"@id\":\"https:\/\/www.deulonder.com\/#organization\",\"name\":\"Deulonder part of Gunni & Trentino\",\"alternateName\":\"Deulonder part of Gunni & Trentino\",\"url\":\"https:\/\/www.deulonder.com\/\",\"logo\":{\"@type\":\"ImageObject\",\"inLanguage\":\"ca\",\"@id\":\"https:\/\/www.deulonder.com\/#\/schema\/logo\/image\/\",\"url\":\"https:\/\/www.deulonder.com\/wp-content\/uploads\/2025\/09\/deulonder-part-of-gunnitrentino-logo.webp\",\"contentUrl\":\"https:\/\/www.deulonder.com\/wp-content\/uploads\/2025\/09\/deulonder-part-of-gunnitrentino-logo.webp\",\"width\":1471,\"height\":176,\"caption\":\"Deulonder part of Gunni & Trentino\"},\"image\":{\"@id\":\"https:\/\/www.deulonder.com\/#\/schema\/logo\/image\/\"}}]}<\/script>\n<!-- \/ Yoast SEO plugin. -->","yoast_head_json":{"title":"Cuina Adell - Deulonder part of Gunni &amp; Trentino","robots":{"index":"index","follow":"follow","max-snippet":"max-snippet:-1","max-image-preview":"max-image-preview:large","max-video-preview":"max-video-preview:-1"},"canonical":"https:\/\/www.deulonder.com\/proyecto\/cocina-adell\/","og_locale":"ca_ES","og_type":"article","og_title":"Cuina Adell - Deulonder part of Gunni &amp; Trentino","og_description":"ProjectesCuina arquitect\u00f2nica d\u00b4aire industrial amb mobles d\u00b4acer inoxidable que no renuncia a la calidesa, gr\u00e0cies al terra de parquet natural, una decoraci\u00f3 art\u00edstica i una il\u00b7luminaci\u00f3 suau. Sobresurt el frontal de la zona de cocci\u00f3 amb una campana tamb\u00e9 d'acer inoxidable que va de punta a punta. Tots els mobles estan dissenyats a mida i [&hellip;]","og_url":"https:\/\/www.deulonder.com\/proyecto\/cocina-adell\/","og_site_name":"Deulonder part of Gunni &amp; Trentino","article_modified_time":"2024-06-11T09:32:14+00:00","og_image":[{"width":1361,"height":714,"url":"https:\/\/www.deulonder.com\/wp-content\/uploads\/2024\/05\/cocina-adell-deulonder-3.webp","type":"image\/webp"}],"twitter_card":"summary_large_image","twitter_misc":{"Temps estimat de lectura":"11 minuts"},"schema":{"@context":"https:\/\/schema.org","@graph":[{"@type":"WebPage","@id":"https:\/\/www.deulonder.com\/proyecto\/cocina-adell\/","url":"https:\/\/www.deulonder.com\/proyecto\/cocina-adell\/","name":"Cuina Adell - Deulonder part of Gunni &amp; Trentino","isPartOf":{"@id":"https:\/\/www.deulonder.com\/#website"},"primaryImageOfPage":{"@id":"https:\/\/www.deulonder.com\/proyecto\/cocina-adell\/#primaryimage"},"image":{"@id":"https:\/\/www.deulonder.com\/proyecto\/cocina-adell\/#primaryimage"},"thumbnailUrl":"https:\/\/www.deulonder.com\/wp-content\/uploads\/2024\/05\/cocina-adell-deulonder-3.webp","datePublished":"2024-05-15T08:28:23+00:00","dateModified":"2024-06-11T09:32:14+00:00","breadcrumb":{"@id":"https:\/\/www.deulonder.com\/proyecto\/cocina-adell\/#breadcrumb"},"inLanguage":"ca","potentialAction":[{"@type":"ReadAction","target":["https:\/\/www.deulonder.com\/proyecto\/cocina-adell\/"]}]},{"@type":"ImageObject","inLanguage":"ca","@id":"https:\/\/www.deulonder.com\/proyecto\/cocina-adell\/#primaryimage","url":"https:\/\/www.deulonder.com\/wp-content\/uploads\/2024\/05\/cocina-adell-deulonder-3.webp","contentUrl":"https:\/\/www.deulonder.com\/wp-content\/uploads\/2024\/05\/cocina-adell-deulonder-3.webp","width":1361,"height":714},{"@type":"BreadcrumbList","@id":"https:\/\/www.deulonder.com\/proyecto\/cocina-adell\/#breadcrumb","itemListElement":[{"@type":"ListItem","position":1,"name":"Portada","item":"https:\/\/www.deulonder.com\/"},{"@type":"ListItem","position":2,"name":"Cuina Adell"}]},{"@type":"WebSite","@id":"https:\/\/www.deulonder.com\/#website","url":"https:\/\/www.deulonder.com\/","name":"Deulonder part of Gunni & Trentino","description":"Estudio de interiorismo","publisher":{"@id":"https:\/\/www.deulonder.com\/#organization"},"alternateName":"Deulonder part of Gunni & Trentino","potentialAction":[{"@type":"SearchAction","target":{"@type":"EntryPoint","urlTemplate":"https:\/\/www.deulonder.com\/?s={search_term_string}"},"query-input":{"@type":"PropertyValueSpecification","valueRequired":true,"valueName":"search_term_string"}}],"inLanguage":"ca"},{"@type":"Organization","@id":"https:\/\/www.deulonder.com\/#organization","name":"Deulonder part of Gunni & Trentino","alternateName":"Deulonder part of Gunni & Trentino","url":"https:\/\/www.deulonder.com\/","logo":{"@type":"ImageObject","inLanguage":"ca","@id":"https:\/\/www.deulonder.com\/#\/schema\/logo\/image\/","url":"https:\/\/www.deulonder.com\/wp-content\/uploads\/2025\/09\/deulonder-part-of-gunnitrentino-logo.webp","contentUrl":"https:\/\/www.deulonder.com\/wp-content\/uploads\/2025\/09\/deulonder-part-of-gunnitrentino-logo.webp","width":1471,"height":176,"caption":"Deulonder part of Gunni & Trentino"},"image":{"@id":"https:\/\/www.deulonder.com\/#\/schema\/logo\/image\/"}}]}},"_links":{"self":[{"href":"https:\/\/www.deulonder.com\/ca\/wp-json\/wp\/v2\/proyecto\/4937"}],"collection":[{"href":"https:\/\/www.deulonder.com\/ca\/wp-json\/wp\/v2\/proyecto"}],"about":[{"href":"https:\/\/www.deulonder.com\/ca\/wp-json\/wp\/v2\/types\/proyecto"}],"version-history":[{"count":4,"href":"https:\/\/www.deulonder.com\/ca\/wp-json\/wp\/v2\/proyecto\/4937\/revisions"}],"predecessor-version":[{"id":5254,"href":"https:\/\/www.deulonder.com\/ca\/wp-json\/wp\/v2\/proyecto\/4937\/revisions\/5254"}],"wp:featuredmedia":[{"embeddable":true,"href":"https:\/\/www.deulonder.com\/ca\/wp-json\/wp\/v2\/media\/1740"}],"wp:attachment":[{"href":"https:\/\/www.deulonder.com\/ca\/wp-json\/wp\/v2\/media?parent=4937"}],"wp:term":[{"taxonomy":"categoria-proyecto","embeddable":true,"href":"https:\/\/www.deulonder.com\/ca\/wp-json\/wp\/v2\/categoria-proyecto?post=4937"}],"curies":[{"name":"wp","href":"https:\/\/api.w.org\/{rel}","templated":true}]}}