{"id":4943,"date":"2024-05-21T14:27:03","date_gmt":"2024-05-21T12:27:03","guid":{"rendered":"https:\/\/www.deulonder.com\/proyecto\/cuina-crespo\/"},"modified":"2024-06-06T09:11:48","modified_gmt":"2024-06-06T07:11:48","slug":"cuina-crespo","status":"publish","type":"proyecto","link":"https:\/\/www.deulonder.com\/ca\/proyecto\/cuina-crespo\/","title":{"rendered":"Cuina Crespo"},"content":{"rendered":"<p>[et_pb_section fb_built=&#8221;1&#8243; _builder_version=&#8221;4.25.0&#8243; _module_preset=&#8221;default&#8221; custom_padding=&#8221;0px||0px||true|false&#8221; locked=&#8221;off&#8221; global_colors_info=&#8221;{}&#8221;][et_pb_row _builder_version=&#8221;4.25.0&#8243; _module_preset=&#8221;default&#8221; width=&#8221;90%&#8221; custom_padding=&#8221;0px||||false|false&#8221; global_colors_info=&#8221;{}&#8221;][et_pb_column type=&#8221;4_4&#8243; _builder_version=&#8221;4.25.0&#8243; _module_preset=&#8221;default&#8221; global_colors_info=&#8221;{}&#8221;][et_pb_image src=&#8221;@ET-DC@eyJkeW5hbWljIjp0cnVlLCJjb250ZW50IjoiY3VzdG9tX21ldGFfZm90b19jYWJlY2VyYSIsInNldHRpbmdzIjp7ImJlZm9yZSI6IiIsImFmdGVyIjoiIiwiZW5hYmxlX2h0bWwiOiJvZmYifX0=@&#8221; force_fullwidth=&#8221;on&#8221; _builder_version=&#8221;4.25.0&#8243; _dynamic_attributes=&#8221;src&#8221; _module_preset=&#8221;default&#8221; global_colors_info=&#8221;{}&#8221;][\/et_pb_image][\/et_pb_column][\/et_pb_row][\/et_pb_section][et_pb_section fb_built=&#8221;1&#8243; disabled_on=&#8221;on|on|off&#8221; _builder_version=&#8221;4.25.0&#8243; _module_preset=&#8221;default&#8221; custom_padding=&#8221;0px||0px||true|false&#8221; locked=&#8221;off&#8221; global_colors_info=&#8221;{}&#8221;][et_pb_row _builder_version=&#8221;4.25.0&#8243; _module_preset=&#8221;default&#8221; width=&#8221;90%&#8221; custom_padding=&#8221;1em||1em||true|false&#8221; border_width_top=&#8221;1px&#8221; border_color_top=&#8221;#000000&#8243; border_width_bottom=&#8221;1px&#8221; border_color_bottom=&#8221;#000000&#8243; global_colors_info=&#8221;{}&#8221;][et_pb_column type=&#8221;4_4&#8243; _builder_version=&#8221;4.25.0&#8243; _module_preset=&#8221;default&#8221; custom_css_main_element=&#8221;display:flex;||flex-flow:row;&#8221; global_colors_info=&#8221;{}&#8221;][et_pb_text _builder_version=&#8221;4.25.0&#8243; _module_preset=&#8221;default&#8221; text_font=&#8221;Inria Serif|||on|||||&#8221; text_text_color=&#8221;#000000&#8243; link_text_color=&#8221;#000000&#8243; custom_margin=&#8221;||0px||false|false&#8221; custom_css_main_element=&#8221;display:flex;||width:fit-content;&#8221; custom_css_after=&#8221;content:&#8217;|&#8217;;||margin:0 1em;&#8221; global_colors_info=&#8221;{}&#8221;]<\/p>\n<p><a href=\"https:\/\/www.deulonder.com\/ca\/projectes\/\">Projectes<\/a><\/p>\n<p>[\/et_pb_text][et_pb_text _builder_version=&#8221;4.25.0&#8243; _dynamic_attributes=&#8221;content&#8221; _module_preset=&#8221;default&#8221; text_font=&#8221;Inria Serif|||on|||||&#8221; text_text_color=&#8221;#000000&#8243; custom_margin=&#8221;||0px||false|false&#8221; custom_css_main_element=&#8221;display:flex;||width:fit-content;&#8221; global_colors_info=&#8221;{}&#8221;]@ET-DC@eyJkeW5hbWljIjp0cnVlLCJjb250ZW50IjoicG9zdF90aXRsZSIsInNldHRpbmdzIjp7ImJlZm9yZSI6IiIsImFmdGVyIjoiIn19@[\/et_pb_text][\/et_pb_column][\/et_pb_row][\/et_pb_section][et_pb_section fb_built=&#8221;1&#8243; _builder_version=&#8221;4.25.0&#8243; _module_preset=&#8221;default&#8221; custom_padding=&#8221;0px||0px||true|false&#8221; locked=&#8221;off&#8221; global_colors_info=&#8221;{}&#8221;][et_pb_row _builder_version=&#8221;4.25.0&#8243; _module_preset=&#8221;default&#8221; width=&#8221;90%&#8221; global_colors_info=&#8221;{}&#8221;][et_pb_column type=&#8221;4_4&#8243; _builder_version=&#8221;4.25.0&#8243; _module_preset=&#8221;default&#8221; global_colors_info=&#8221;{}&#8221;][et_pb_heading title=&#8221;Una cuina elegant i pr\u00e0ctica al cor del Maresme&#8221; _builder_version=&#8221;4.25.0&#8243; _module_preset=&#8221;default&#8221; title_font=&#8221;Playfair Display||||||||&#8221; title_text_color=&#8221;#000000&#8243; title_font_size=&#8221;70px&#8221; custom_padding=&#8221;|39px||||&#8221; title_font_size_tablet=&#8221;50px&#8221; title_font_size_phone=&#8221;&#8221; title_font_size_last_edited=&#8221;on|phone&#8221; custom_css_free_form=&#8221;selector h1{||  font-weight: 100;||}&#8221; global_colors_info=&#8221;{}&#8221;][\/et_pb_heading][\/et_pb_column][\/et_pb_row][\/et_pb_section][et_pb_section fb_built=&#8221;1&#8243; _builder_version=&#8221;4.25.0&#8243; _module_preset=&#8221;default&#8221; custom_padding=&#8221;0px||0px||true|false&#8221; locked=&#8221;off&#8221; global_colors_info=&#8221;{}&#8221;][et_pb_row column_structure=&#8221;2_5,3_5&#8243; make_equal=&#8221;on&#8221; _builder_version=&#8221;4.25.0&#8243; _module_preset=&#8221;default&#8221; width=&#8221;90%&#8221; locked=&#8221;off&#8221; global_colors_info=&#8221;{}&#8221;][et_pb_column type=&#8221;2_5&#8243; _builder_version=&#8221;4.25.0&#8243; _module_preset=&#8221;default&#8221; global_colors_info=&#8221;{}&#8221;][et_pb_image src=&#8221;https:\/\/www.deulonder.com\/wp-content\/uploads\/2024\/05\/linia-casa-crespo.svg&#8221; title_text=&#8221;linia-casa-crespo&#8221; _builder_version=&#8221;4.25.0&#8243; _module_preset=&#8221;default&#8221; custom_margin=&#8221;||100px||false|false&#8221; custom_margin_tablet=&#8221;||30px||false|false&#8221; custom_margin_phone=&#8221;||30px||false|false&#8221; custom_margin_last_edited=&#8221;on|tablet&#8221; global_colors_info=&#8221;{}&#8221;][\/et_pb_image][et_pb_heading title=&#8221;En color talp i gris empolsat&#8221; _builder_version=&#8221;4.25.0&#8243; _module_preset=&#8221;default&#8221; title_font=&#8221;Playfair Display||||||||&#8221; title_text_color=&#8221;#000000&#8243; title_font_size=&#8221;50px&#8221; custom_padding=&#8221;|189px||||&#8221; custom_padding_tablet=&#8221;|0px|||false|false&#8221; custom_padding_phone=&#8221;|0px|||false|false&#8221; custom_padding_last_edited=&#8221;on|tablet&#8221; title_font_size_tablet=&#8221;50px&#8221; title_font_size_phone=&#8221;&#8221; title_font_size_last_edited=&#8221;on|phone&#8221; custom_css_free_form=&#8221;selector h1{||  font-weight: 100;||}&#8221; global_colors_info=&#8221;{}&#8221;][\/et_pb_heading][et_pb_text _builder_version=&#8221;4.25.0&#8243; _module_preset=&#8221;default&#8221; text_font=&#8221;Karla|300|||||||&#8221; text_text_color=&#8221;#4f4f4f&#8221; text_font_size=&#8221;20px&#8221; custom_margin_tablet=&#8221;&#8221; custom_margin_phone=&#8221;&#8221; custom_margin_last_edited=&#8221;on|tablet&#8221; custom_padding=&#8221;|198px|||false|false&#8221; custom_padding_tablet=&#8221;|0px|20px||false|false&#8221; custom_padding_phone=&#8221;|0px|20px||false|false&#8221; custom_padding_last_edited=&#8221;on|tablet&#8221; custom_css_main_element=&#8221;font-weight:300 !important;&#8221; global_colors_info=&#8221;{}&#8221;]<\/p>\n<p>Una s\u00e0via combinaci\u00f3 de tons talp i gris empolsat aporten calidesa a aquesta cuina completa que compta amb una illa, que incorpora una barra per menjar de forma informal, i tamb\u00e9 una coqueta zona menjador, una zona rebost i una altra bugaderia i planxador. <\/p>\n<p>[\/et_pb_text][\/et_pb_column][et_pb_column type=&#8221;3_5&#8243; _builder_version=&#8221;4.25.0&#8243; _module_preset=&#8221;default&#8221; custom_css_main_element=&#8221;display:flex;||flex-flow:column;||justify-content:center;&#8221; global_colors_info=&#8221;{}&#8221;][et_pb_gallery gallery_ids=&#8221;3204,3210,3213,3216,3219,3222,3225&#8243; fullwidth=&#8221;on&#8221; _builder_version=&#8221;4.25.0&#8243; _module_preset=&#8221;default&#8221; custom_margin=&#8221;|||-49px||&#8221; custom_margin_tablet=&#8221;|||0px|false|false&#8221; custom_margin_phone=&#8221;|||0px|false|false&#8221; custom_margin_last_edited=&#8221;on|tablet&#8221; custom_padding=&#8221;|2em|||false|false&#8221; custom_css_after=&#8221;content: &#8221;;||display: block;||width: 2em;||height: 90%;||background-color: #C4C4C475;||position: absolute;||right: 0;||bottom: 0;&#8221; locked=&#8221;off&#8221; global_colors_info=&#8221;{}&#8221;][\/et_pb_gallery][\/et_pb_column][\/et_pb_row][et_pb_row _builder_version=&#8221;4.25.0&#8243; _module_preset=&#8221;default&#8221; width=&#8221;90%&#8221; global_colors_info=&#8221;{}&#8221;][et_pb_column type=&#8221;4_4&#8243; _builder_version=&#8221;4.25.0&#8243; _module_preset=&#8221;default&#8221; global_colors_info=&#8221;{}&#8221;][et_pb_gallery gallery_ids=&#8221;3228,3231&#8243; fullwidth=&#8221;on&#8221; _builder_version=&#8221;4.25.0&#8243; _module_preset=&#8221;default&#8221; custom_padding=&#8221;|2em|||false|false&#8221; custom_css_after=&#8221;content: &#8221;;||display: block;||width: 2em;||height: 90%;||background-color: #C4C4C475;||position: absolute;||right: 0;||bottom: 0;&#8221; global_colors_info=&#8221;{}&#8221;][\/et_pb_gallery][\/et_pb_column][\/et_pb_row][et_pb_row make_equal=&#8221;on&#8221; custom_padding_last_edited=&#8221;on|tablet&#8221; _builder_version=&#8221;4.25.0&#8243; _module_preset=&#8221;default&#8221; width=&#8221;90%&#8221; custom_padding_tablet=&#8221;0px||0px||true|false&#8221; custom_padding_phone=&#8221;0px||0px||true|false&#8221; locked=&#8221;off&#8221; global_colors_info=&#8221;{}&#8221; custom_css_main_element_last_edited=&#8221;on|tablet&#8221; custom_css_main_element_tablet=&#8221;display:flex;||flex-flow:column-reverse;&#8221; custom_css_main_element_phone=&#8221;display:flex;||flex-flow:column-reverse;&#8221;][et_pb_column type=&#8221;4_4&#8243; _builder_version=&#8221;4.25.0&#8243; _module_preset=&#8221;default&#8221; custom_css_main_element=&#8221;display:flex;||flex-flow:column;||justify-content:center;&#8221; global_colors_info=&#8221;{}&#8221;][et_pb_text _builder_version=&#8221;4.25.0&#8243; _module_preset=&#8221;default&#8221; text_font=&#8221;Karla|300|||||||&#8221; text_text_color=&#8221;#4f4f4f&#8221; text_font_size=&#8221;20px&#8221; custom_margin=&#8221;||||false|false&#8221; custom_margin_tablet=&#8221;||||false|false&#8221; custom_margin_phone=&#8221;||||false|false&#8221; custom_margin_last_edited=&#8221;on|desktop&#8221; custom_padding=&#8221;|||544px||&#8221; custom_padding_tablet=&#8221;20px||20px|0px|true|false&#8221; custom_padding_phone=&#8221;20px||20px|0px|true|false&#8221; custom_padding_last_edited=&#8221;on|tablet&#8221; custom_css_main_element=&#8221;font-weight:300 !important;&#8221; locked=&#8221;off&#8221; global_colors_info=&#8221;{}&#8221;]<\/p>\n<p>L&#8217;illa permet a la zona de cuina tenir un punt d&#8217;aigua per ampliar la zona de treball. La zona de suport d&#8217;esmorzar est\u00e0 totalment equipada amb les tasses penjades i el calaix del pa. La cuina t\u00e9 una zona de cocci\u00f3, preparaci\u00f3 i aig\u00fces. L&#8217;ampana \u00e9s de corian. La il\u00b7luminaci\u00f3 s\u00f3n uns aplics.<br \/>La zona menjador \u00e9s molt agradable i convida a relaxar-se despr\u00e9s dels \u00e0pats. La zona queda delimitada amb el terra de parquet i per la difer\u00e8ncia de profunditat dels mobles vaixells respecte als de la cuina. La taula \u00e9s de castanyer amb potes de ferro formant una creuetes per poder entrar b\u00e9 els peus als extrems. A banda i banda s&#8217;han disposat unes butaques entapissades. L&#8217;entrada es fa per aquesta porta corredissa amb doble tela.<\/p>\n<p>[\/et_pb_text][\/et_pb_column][\/et_pb_row][et_pb_row column_structure=&#8221;1_2,1_2&#8243; _builder_version=&#8221;4.25.0&#8243; _module_preset=&#8221;default&#8221; width=&#8221;90%&#8221; locked=&#8221;off&#8221; global_colors_info=&#8221;{}&#8221;][et_pb_column type=&#8221;1_2&#8243; _builder_version=&#8221;4.25.0&#8243; _module_preset=&#8221;default&#8221; global_colors_info=&#8221;{}&#8221;][et_pb_gallery gallery_ids=&#8221;3240,3243&#8243; fullwidth=&#8221;on&#8221; _builder_version=&#8221;4.25.0&#8243; _module_preset=&#8221;default&#8221; custom_padding=&#8221;|2em|||false|false&#8221; custom_css_after=&#8221;content: &#8221;;||display: block;||width: 2em;||height: 90%;||background-color: #C4C4C475;||position: absolute;||right: 0;||bottom: 0;&#8221; global_colors_info=&#8221;{}&#8221;][\/et_pb_gallery][et_pb_text _builder_version=&#8221;4.25.0&#8243; _module_preset=&#8221;default&#8221; text_font=&#8221;Karla|300|||||||&#8221; text_text_color=&#8221;#4f4f4f&#8221; text_font_size=&#8221;20px&#8221; custom_padding_tablet=&#8221;20px||20px||true|false&#8221; custom_padding_phone=&#8221;20px||20px||true|false&#8221; custom_padding_last_edited=&#8221;on|tablet&#8221; custom_css_main_element=&#8221;font-weight:300 !important;&#8221; locked=&#8221;off&#8221; global_colors_info=&#8221;{}&#8221;]<\/p>\n<p>El llum de la zona menjador est\u00e0 entapissat igual que els aplics del vaixell.<br \/>El vaixell, de porta de vidre, compta tamb\u00e9 amb un boteller. L\u00b4espai en aquesta cuina est\u00e0 molt aprofitat. La lleixa suporta una llum d&#8217;ambient.<\/p>\n<p>[\/et_pb_text][\/et_pb_column][et_pb_column type=&#8221;1_2&#8243; _builder_version=&#8221;4.25.0&#8243; _module_preset=&#8221;default&#8221; global_colors_info=&#8221;{}&#8221;][et_pb_gallery gallery_ids=&#8221;3234,3237&#8243; fullwidth=&#8221;on&#8221; _builder_version=&#8221;4.25.0&#8243; _module_preset=&#8221;default&#8221; custom_padding=&#8221;|2em|||false|false&#8221; custom_css_after=&#8221;content: &#8221;;||display: block;||width: 2em;||height: 90%;||background-color: #C4C4C475;||position: absolute;||right: 0;||bottom: 0;&#8221; global_colors_info=&#8221;{}&#8221;][\/et_pb_gallery][et_pb_text _builder_version=&#8221;4.25.0&#8243; _module_preset=&#8221;default&#8221; text_font=&#8221;Karla|300|||||||&#8221; text_text_color=&#8221;#4f4f4f&#8221; text_font_size=&#8221;20px&#8221; custom_css_main_element=&#8221;font-weight:300 !important;&#8221; locked=&#8221;off&#8221; global_colors_info=&#8221;{}&#8221;]<\/p>\n<p>La zona rebost compta amb mobles de roure ia les parets tamb\u00e9 hi va paper amb el mateix color de la casa. Els llums s\u00f3n de v\u00edmet. Tamb\u00e9 inclou caixes amb rodes per a productes m\u00e9s pesants i voluminosos.<\/p>\n<p>[\/et_pb_text][\/et_pb_column][\/et_pb_row][et_pb_row column_structure=&#8221;1_2,1_2&#8243; make_equal=&#8221;on&#8221; custom_padding_last_edited=&#8221;on|tablet&#8221; _builder_version=&#8221;4.25.0&#8243; _module_preset=&#8221;default&#8221; width=&#8221;90%&#8221; custom_margin=&#8221;50px||||false|false&#8221; custom_margin_tablet=&#8221;0px||||false|false&#8221; custom_margin_phone=&#8221;30px||||false|false&#8221; custom_margin_last_edited=&#8221;on|phone&#8221; custom_padding_tablet=&#8221;0px||0px||true|false&#8221; custom_padding_phone=&#8221;0px||0px||true|false&#8221; custom_css_free_form=&#8221;@media only screen and (max-width: 980px) {||  selector{||    display: flex;||    flex-direction: column !important;||  }||}&#8221; locked=&#8221;off&#8221; global_colors_info=&#8221;{}&#8221; custom_css_main_element_last_edited=&#8221;on|tablet&#8221; custom_css_main_element_tablet=&#8221;display:flex;||flex-flow:column-reverse;&#8221; custom_css_main_element_phone=&#8221;display:flex;||flex-flow:column-reverse;&#8221;][et_pb_column type=&#8221;1_2&#8243; _builder_version=&#8221;4.25.0&#8243; _module_preset=&#8221;default&#8221; custom_css_main_element=&#8221;display:flex;||flex-flow:column;||justify-content:center;&#8221; global_colors_info=&#8221;{}&#8221;][et_pb_heading title=&#8221;El planxador de somni&#8221; _builder_version=&#8221;4.25.0&#8243; _module_preset=&#8221;default&#8221; title_font=&#8221;Playfair Display||||||||&#8221; title_text_align=&#8221;right&#8221; title_text_color=&#8221;#000000&#8243; title_font_size=&#8221;50px&#8221; custom_margin=&#8221;-50%||||false|false&#8221; custom_margin_tablet=&#8221;0%||||false|false&#8221; custom_margin_phone=&#8221;0%||||false|false&#8221; custom_margin_last_edited=&#8221;on|tablet&#8221; custom_padding=&#8221;|||200px|false|false&#8221; custom_padding_tablet=&#8221;|||0px|false|false&#8221; custom_padding_phone=&#8221;|||0px|false|false&#8221; custom_padding_last_edited=&#8221;on|tablet&#8221; hover_enabled=&#8221;0&#8243; title_text_align_tablet=&#8221;left&#8221; title_text_align_phone=&#8221;left&#8221; title_text_align_last_edited=&#8221;on|tablet&#8221; title_font_size_tablet=&#8221;40px&#8221; title_font_size_phone=&#8221;&#8221; title_font_size_last_edited=&#8221;on|tablet&#8221; custom_css_free_form=&#8221;selector h1{||  font-weight: 100;||}&#8221; global_colors_info=&#8221;{}&#8221; sticky_enabled=&#8221;0&#8243;][\/et_pb_heading][et_pb_text _builder_version=&#8221;4.25.0&#8243; _module_preset=&#8221;default&#8221; text_font=&#8221;Karla|300|||||||&#8221; text_text_color=&#8221;#4f4f4f&#8221; text_font_size=&#8221;20px&#8221; custom_padding_tablet=&#8221;20px||20px||true|false&#8221; custom_padding_phone=&#8221;20px||20px||true|false&#8221; custom_padding_last_edited=&#8221;on|tablet&#8221; hover_enabled=&#8221;0&#8243; custom_css_main_element=&#8221;font-weight:300 !important;&#8221; locked=&#8221;off&#8221; global_colors_info=&#8221;{}&#8221; content_last_edited=&#8221;on|tablet&#8221; content_tablet=&#8221;<\/p>\n<p>El planxador compta amb una taula de planxar de fusta disseny Deulonder i tota la fusteria segueix el mateix color de la resta de la casa. Un parell prestatges amb les safates extra\u00efbles, cistelles per a la roba per planxar. Els armaris tenen el mateix format de la cuina amb escala, \u00e9s a dir, una doble motllura fina. Les superf\u00edcies s\u00f3n de corian i la rentadora i assecadora van vistes. La porta d&apos;acc\u00e9s \u00e9s corredissa, molt pr\u00e0ctica, i no molesta el pas.<\/p>\n<p>&#8221; sticky_enabled=&#8221;0&#8243; content_phone=&#8221;<\/p>\n<p>El planxador compta amb una taula de planxar de fusta disseny Deulonder i tota la fusteria segueix el mateix color de la resta de la casa. Un parell prestatges amb les safates extra\u00efbles, cistelles per a la roba per planxar. Els armaris tenen el mateix format de la cuina amb escala, \u00e9s a dir, una doble motllura fina. Les superf\u00edcies s\u00f3n de corian i la rentadora i assecadora van vistes. La porta d&apos;acc\u00e9s \u00e9s corredissa, molt pr\u00e0ctica, i no molesta el pas.<\/p>\n<p>&#8220;]<\/p>\n<p>El planxador compta amb una taula de planxar de fusta disseny Deulonder i tota la fusteria segueix el mateix color de la resta de la casa. Un parell prestatges amb les safates extra\u00efbles, cistelles per a la roba per planxar. Els armaris tenen el mateix format de la cuina amb escala, \u00e9s a dir, una doble motllura fina. Les superf\u00edcies s\u00f3n de corian i la rentadora i assecadora van vistes.<br \/>La porta d&#8217;acc\u00e9s \u00e9s corredissa, molt pr\u00e0ctica, i no molesta el pas.<\/p>\n<p>[\/et_pb_text][\/et_pb_column][et_pb_column type=&#8221;1_2&#8243; _builder_version=&#8221;4.25.0&#8243; _module_preset=&#8221;default&#8221; global_colors_info=&#8221;{}&#8221;][et_pb_gallery gallery_ids=&#8221;3234&#8243; fullwidth=&#8221;on&#8221; _builder_version=&#8221;4.25.0&#8243; _module_preset=&#8221;default&#8221; custom_padding=&#8221;|2em|||false|false&#8221; custom_css_after=&#8221;content: &#8221;;||display: block;||width: 2em;||height: 90%;||background-color: #C4C4C475;||position: absolute;||right: 0;||bottom: 0;&#8221; global_colors_info=&#8221;{}&#8221;][\/et_pb_gallery][\/et_pb_column][\/et_pb_row][et_pb_row custom_padding_last_edited=&#8221;on|phone&#8221; _builder_version=&#8221;4.25.0&#8243; _module_preset=&#8221;default&#8221; custom_padding_tablet=&#8221;||0px||false|false&#8221; custom_padding_phone=&#8221;||0px||false|false&#8221; hover_enabled=&#8221;0&#8243; global_colors_info=&#8221;{}&#8221; sticky_enabled=&#8221;0&#8243;][et_pb_column type=&#8221;4_4&#8243; _builder_version=&#8221;4.25.0&#8243; _module_preset=&#8221;default&#8221; custom_css_free_form=&#8221;@media only screen and (max-width: 980px) {||  selector{||    display: flex;||    flex-direction: column-reverse !important;||  }||}&#8221; global_colors_info=&#8221;{}&#8221;][et_pb_gallery gallery_ids=&#8221;3247,3250,3253&#8243; fullwidth=&#8221;on&#8221; _builder_version=&#8221;4.25.0&#8243; _module_preset=&#8221;default&#8221; custom_padding=&#8221;|2em|||false|false&#8221; hover_enabled=&#8221;0&#8243; custom_css_after=&#8221;content: &#8221;;||display: block;||width: 2em;||height: 90%;||background-color: #C4C4C475;||position: absolute;||right: 0;||bottom: 0;&#8221; global_colors_info=&#8221;{}&#8221; sticky_enabled=&#8221;0&#8243; custom_padding_last_edited=&#8221;on|phone&#8221; custom_margin_last_edited=&#8221;on|phone&#8221; custom_margin_phone=&#8221;20px||-20px||false|false&#8221; custom_padding_tablet=&#8221;|2em|||false|false&#8221; custom_padding_phone=&#8221;|2em|||false|false&#8221;][\/et_pb_gallery][et_pb_heading title=&#8221;Aix\u00f2 \u00e9s un text rebost que serveix per al layout&#8221; _builder_version=&#8221;4.25.0&#8243; _module_preset=&#8221;default&#8221; title_font=&#8221;Playfair Display||||||||&#8221; title_text_align=&#8221;right&#8221; title_text_color=&#8221;#000000&#8243; title_font_size=&#8221;50px&#8221; width=&#8221;50%&#8221; custom_margin=&#8221;60px|90px|40px||false|false&#8221; custom_margin_tablet=&#8221;0px|0px|10px||false|false&#8221; custom_margin_phone=&#8221;|0px|||false|false&#8221; custom_margin_last_edited=&#8221;on|tablet&#8221; custom_padding=&#8221;|||203px|false|false&#8221; custom_padding_tablet=&#8221;|0px||0px|false|false&#8221; custom_padding_phone=&#8221;|0px||0px|false|false&#8221; custom_padding_last_edited=&#8221;on|tablet&#8221; hover_enabled=&#8221;0&#8243; title_text_align_tablet=&#8221;left&#8221; title_text_align_phone=&#8221;left&#8221; title_text_align_last_edited=&#8221;on|tablet&#8221; title_font_size_tablet=&#8221;40px&#8221; title_font_size_phone=&#8221;&#8221; title_font_size_last_edited=&#8221;on|phone&#8221; custom_css_free_form=&#8221;@media only screen and (max-width: 980px) {||  selector{||    order: 1;||  }||}&#8221; global_colors_info=&#8221;{}&#8221; sticky_enabled=&#8221;0&#8243;][\/et_pb_heading][et_pb_text _builder_version=&#8221;4.25.0&#8243; _module_preset=&#8221;default&#8221; text_font=&#8221;Karla|300|||||||&#8221; text_text_color=&#8221;#4f4f4f&#8221; text_font_size=&#8221;20px&#8221; custom_padding=&#8221;|||477px||&#8221; custom_padding_tablet=&#8221;20px||50px|0px|false|false&#8221; custom_padding_phone=&#8221;20px||20px||true|false&#8221; custom_padding_last_edited=&#8221;on|tablet&#8221; hover_enabled=&#8221;0&#8243; custom_css_main_element=&#8221;font-weight:300 !important;&#8221; locked=&#8221;off&#8221; global_colors_info=&#8221;{}&#8221; sticky_enabled=&#8221;0&#8243;]<\/p>\n<p>Temporibus autem quibusdam et aut officiis debitis aut rerum necessitatibus saepe eveniet ut et voluptates repudiandae sint et molestiae non recusandae. Itaque earum rerum hic tenetur a sapiente delectus, ut aut reiciendis voluptatibus Temporibus autem quibusdam et aut officiis debitis aut rerum necessitatibus saepe eveniet ut et voluptates repudiandae sint et molestiae non recusandae. Itaque earum rerum hic tenetur a sapiente delectus, ut aut reiciendis voluptatibus Temporibus autem quibusdam et aut officiis debitis aut rerum necessitatibus saepe eveniet ut et voluptates repudiandae sint et molestiae non recusandae. Itaque earum rerum hic tenetur a sapiente delectus, ut aut reiciendis voluptatibus<\/p>\n<p>[\/et_pb_text][\/et_pb_column][\/et_pb_row][\/et_pb_section]<\/p>\n","protected":false},"featured_media":1755,"parent":0,"menu_order":0,"template":"","format":"standard","meta":{"_acf_changed":false,"_et_pb_use_builder":"on","_et_pb_old_content":"","_et_gb_content_width":"","inline_featured_image":false,"footnotes":""},"categoria-proyecto":[112],"acf":[],"yoast_head":"<!-- This site is optimized with the Yoast SEO plugin v24.0 - https:\/\/yoast.com\/wordpress\/plugins\/seo\/ -->\n<title>Cuina Crespo - Deulonder part of Gunni &amp; Trentino<\/title>\n<meta name=\"robots\" content=\"index, follow, max-snippet:-1, max-image-preview:large, max-video-preview:-1\" \/>\n<link rel=\"canonical\" href=\"https:\/\/www.deulonder.com\/proyecto\/cocina-crespo\/\" \/>\n<meta property=\"og:locale\" content=\"ca_ES\" \/>\n<meta property=\"og:type\" content=\"article\" \/>\n<meta property=\"og:title\" content=\"Cuina Crespo - Deulonder part of Gunni &amp; Trentino\" \/>\n<meta property=\"og:description\" content=\"ProjectesUna s\u00e0via combinaci\u00f3 de tons talp i gris empolsat aporten calidesa a aquesta cuina completa que compta amb una illa, que incorpora una barra per menjar de forma informal, i tamb\u00e9 una coqueta zona menjador, una zona rebost i una altra bugaderia i planxador. L&#039;illa permet a la zona de cuina tenir un punt d&#039;aigua [&hellip;]\" \/>\n<meta property=\"og:url\" content=\"https:\/\/www.deulonder.com\/proyecto\/cocina-crespo\/\" \/>\n<meta property=\"og:site_name\" content=\"Deulonder part of Gunni &amp; Trentino\" \/>\n<meta property=\"article:modified_time\" content=\"2024-06-06T07:11:48+00:00\" \/>\n<meta property=\"og:image\" content=\"https:\/\/www.deulonder.com\/wp-content\/uploads\/2024\/05\/cocina-crespo-deulonder-6.webp\" \/>\n\t<meta property=\"og:image:width\" content=\"1361\" \/>\n\t<meta property=\"og:image:height\" content=\"714\" \/>\n\t<meta property=\"og:image:type\" content=\"image\/webp\" \/>\n<meta name=\"twitter:card\" content=\"summary_large_image\" \/>\n<meta name=\"twitter:label1\" content=\"Temps estimat de lectura\" \/>\n\t<meta name=\"twitter:data1\" content=\"13 minuts\" \/>\n<script type=\"application\/ld+json\" class=\"yoast-schema-graph\">{\"@context\":\"https:\/\/schema.org\",\"@graph\":[{\"@type\":\"WebPage\",\"@id\":\"https:\/\/www.deulonder.com\/proyecto\/cocina-crespo\/\",\"url\":\"https:\/\/www.deulonder.com\/proyecto\/cocina-crespo\/\",\"name\":\"Cuina Crespo - Deulonder part of Gunni &amp; Trentino\",\"isPartOf\":{\"@id\":\"https:\/\/www.deulonder.com\/#website\"},\"primaryImageOfPage\":{\"@id\":\"https:\/\/www.deulonder.com\/proyecto\/cocina-crespo\/#primaryimage\"},\"image\":{\"@id\":\"https:\/\/www.deulonder.com\/proyecto\/cocina-crespo\/#primaryimage\"},\"thumbnailUrl\":\"https:\/\/www.deulonder.com\/wp-content\/uploads\/2024\/05\/cocina-crespo-deulonder-6.webp\",\"datePublished\":\"2024-05-21T12:27:03+00:00\",\"dateModified\":\"2024-06-06T07:11:48+00:00\",\"breadcrumb\":{\"@id\":\"https:\/\/www.deulonder.com\/proyecto\/cocina-crespo\/#breadcrumb\"},\"inLanguage\":\"ca\",\"potentialAction\":[{\"@type\":\"ReadAction\",\"target\":[\"https:\/\/www.deulonder.com\/proyecto\/cocina-crespo\/\"]}]},{\"@type\":\"ImageObject\",\"inLanguage\":\"ca\",\"@id\":\"https:\/\/www.deulonder.com\/proyecto\/cocina-crespo\/#primaryimage\",\"url\":\"https:\/\/www.deulonder.com\/wp-content\/uploads\/2024\/05\/cocina-crespo-deulonder-6.webp\",\"contentUrl\":\"https:\/\/www.deulonder.com\/wp-content\/uploads\/2024\/05\/cocina-crespo-deulonder-6.webp\",\"width\":1361,\"height\":714},{\"@type\":\"BreadcrumbList\",\"@id\":\"https:\/\/www.deulonder.com\/proyecto\/cocina-crespo\/#breadcrumb\",\"itemListElement\":[{\"@type\":\"ListItem\",\"position\":1,\"name\":\"Portada\",\"item\":\"https:\/\/www.deulonder.com\/\"},{\"@type\":\"ListItem\",\"position\":2,\"name\":\"Cuina Crespo\"}]},{\"@type\":\"WebSite\",\"@id\":\"https:\/\/www.deulonder.com\/#website\",\"url\":\"https:\/\/www.deulonder.com\/\",\"name\":\"Deulonder part of Gunni & Trentino\",\"description\":\"Estudio de interiorismo\",\"publisher\":{\"@id\":\"https:\/\/www.deulonder.com\/#organization\"},\"alternateName\":\"Deulonder part of Gunni & Trentino\",\"potentialAction\":[{\"@type\":\"SearchAction\",\"target\":{\"@type\":\"EntryPoint\",\"urlTemplate\":\"https:\/\/www.deulonder.com\/?s={search_term_string}\"},\"query-input\":{\"@type\":\"PropertyValueSpecification\",\"valueRequired\":true,\"valueName\":\"search_term_string\"}}],\"inLanguage\":\"ca\"},{\"@type\":\"Organization\",\"@id\":\"https:\/\/www.deulonder.com\/#organization\",\"name\":\"Deulonder part of Gunni & Trentino\",\"alternateName\":\"Deulonder part of Gunni & Trentino\",\"url\":\"https:\/\/www.deulonder.com\/\",\"logo\":{\"@type\":\"ImageObject\",\"inLanguage\":\"ca\",\"@id\":\"https:\/\/www.deulonder.com\/#\/schema\/logo\/image\/\",\"url\":\"https:\/\/www.deulonder.com\/wp-content\/uploads\/2025\/09\/deulonder-part-of-gunnitrentino-logo.webp\",\"contentUrl\":\"https:\/\/www.deulonder.com\/wp-content\/uploads\/2025\/09\/deulonder-part-of-gunnitrentino-logo.webp\",\"width\":1471,\"height\":176,\"caption\":\"Deulonder part of Gunni & Trentino\"},\"image\":{\"@id\":\"https:\/\/www.deulonder.com\/#\/schema\/logo\/image\/\"}}]}<\/script>\n<!-- \/ Yoast SEO plugin. -->","yoast_head_json":{"title":"Cuina Crespo - Deulonder part of Gunni &amp; Trentino","robots":{"index":"index","follow":"follow","max-snippet":"max-snippet:-1","max-image-preview":"max-image-preview:large","max-video-preview":"max-video-preview:-1"},"canonical":"https:\/\/www.deulonder.com\/proyecto\/cocina-crespo\/","og_locale":"ca_ES","og_type":"article","og_title":"Cuina Crespo - Deulonder part of Gunni &amp; Trentino","og_description":"ProjectesUna s\u00e0via combinaci\u00f3 de tons talp i gris empolsat aporten calidesa a aquesta cuina completa que compta amb una illa, que incorpora una barra per menjar de forma informal, i tamb\u00e9 una coqueta zona menjador, una zona rebost i una altra bugaderia i planxador. L'illa permet a la zona de cuina tenir un punt d'aigua [&hellip;]","og_url":"https:\/\/www.deulonder.com\/proyecto\/cocina-crespo\/","og_site_name":"Deulonder part of Gunni &amp; Trentino","article_modified_time":"2024-06-06T07:11:48+00:00","og_image":[{"width":1361,"height":714,"url":"https:\/\/www.deulonder.com\/wp-content\/uploads\/2024\/05\/cocina-crespo-deulonder-6.webp","type":"image\/webp"}],"twitter_card":"summary_large_image","twitter_misc":{"Temps estimat de lectura":"13 minuts"},"schema":{"@context":"https:\/\/schema.org","@graph":[{"@type":"WebPage","@id":"https:\/\/www.deulonder.com\/proyecto\/cocina-crespo\/","url":"https:\/\/www.deulonder.com\/proyecto\/cocina-crespo\/","name":"Cuina Crespo - Deulonder part of Gunni &amp; Trentino","isPartOf":{"@id":"https:\/\/www.deulonder.com\/#website"},"primaryImageOfPage":{"@id":"https:\/\/www.deulonder.com\/proyecto\/cocina-crespo\/#primaryimage"},"image":{"@id":"https:\/\/www.deulonder.com\/proyecto\/cocina-crespo\/#primaryimage"},"thumbnailUrl":"https:\/\/www.deulonder.com\/wp-content\/uploads\/2024\/05\/cocina-crespo-deulonder-6.webp","datePublished":"2024-05-21T12:27:03+00:00","dateModified":"2024-06-06T07:11:48+00:00","breadcrumb":{"@id":"https:\/\/www.deulonder.com\/proyecto\/cocina-crespo\/#breadcrumb"},"inLanguage":"ca","potentialAction":[{"@type":"ReadAction","target":["https:\/\/www.deulonder.com\/proyecto\/cocina-crespo\/"]}]},{"@type":"ImageObject","inLanguage":"ca","@id":"https:\/\/www.deulonder.com\/proyecto\/cocina-crespo\/#primaryimage","url":"https:\/\/www.deulonder.com\/wp-content\/uploads\/2024\/05\/cocina-crespo-deulonder-6.webp","contentUrl":"https:\/\/www.deulonder.com\/wp-content\/uploads\/2024\/05\/cocina-crespo-deulonder-6.webp","width":1361,"height":714},{"@type":"BreadcrumbList","@id":"https:\/\/www.deulonder.com\/proyecto\/cocina-crespo\/#breadcrumb","itemListElement":[{"@type":"ListItem","position":1,"name":"Portada","item":"https:\/\/www.deulonder.com\/"},{"@type":"ListItem","position":2,"name":"Cuina Crespo"}]},{"@type":"WebSite","@id":"https:\/\/www.deulonder.com\/#website","url":"https:\/\/www.deulonder.com\/","name":"Deulonder part of Gunni & Trentino","description":"Estudio de interiorismo","publisher":{"@id":"https:\/\/www.deulonder.com\/#organization"},"alternateName":"Deulonder part of Gunni & Trentino","potentialAction":[{"@type":"SearchAction","target":{"@type":"EntryPoint","urlTemplate":"https:\/\/www.deulonder.com\/?s={search_term_string}"},"query-input":{"@type":"PropertyValueSpecification","valueRequired":true,"valueName":"search_term_string"}}],"inLanguage":"ca"},{"@type":"Organization","@id":"https:\/\/www.deulonder.com\/#organization","name":"Deulonder part of Gunni & Trentino","alternateName":"Deulonder part of Gunni & Trentino","url":"https:\/\/www.deulonder.com\/","logo":{"@type":"ImageObject","inLanguage":"ca","@id":"https:\/\/www.deulonder.com\/#\/schema\/logo\/image\/","url":"https:\/\/www.deulonder.com\/wp-content\/uploads\/2025\/09\/deulonder-part-of-gunnitrentino-logo.webp","contentUrl":"https:\/\/www.deulonder.com\/wp-content\/uploads\/2025\/09\/deulonder-part-of-gunnitrentino-logo.webp","width":1471,"height":176,"caption":"Deulonder part of Gunni & Trentino"},"image":{"@id":"https:\/\/www.deulonder.com\/#\/schema\/logo\/image\/"}}]}},"_links":{"self":[{"href":"https:\/\/www.deulonder.com\/ca\/wp-json\/wp\/v2\/proyecto\/4943"}],"collection":[{"href":"https:\/\/www.deulonder.com\/ca\/wp-json\/wp\/v2\/proyecto"}],"about":[{"href":"https:\/\/www.deulonder.com\/ca\/wp-json\/wp\/v2\/types\/proyecto"}],"version-history":[{"count":2,"href":"https:\/\/www.deulonder.com\/ca\/wp-json\/wp\/v2\/proyecto\/4943\/revisions"}],"predecessor-version":[{"id":4945,"href":"https:\/\/www.deulonder.com\/ca\/wp-json\/wp\/v2\/proyecto\/4943\/revisions\/4945"}],"wp:featuredmedia":[{"embeddable":true,"href":"https:\/\/www.deulonder.com\/ca\/wp-json\/wp\/v2\/media\/1755"}],"wp:attachment":[{"href":"https:\/\/www.deulonder.com\/ca\/wp-json\/wp\/v2\/media?parent=4943"}],"wp:term":[{"taxonomy":"categoria-proyecto","embeddable":true,"href":"https:\/\/www.deulonder.com\/ca\/wp-json\/wp\/v2\/categoria-proyecto?post=4943"}],"curies":[{"name":"wp","href":"https:\/\/api.w.org\/{rel}","templated":true}]}}