{"id":4967,"date":"2024-05-21T16:35:06","date_gmt":"2024-05-21T14:35:06","guid":{"rendered":"https:\/\/www.deulonder.com\/proyecto\/interiorisme-crespo\/"},"modified":"2024-06-06T10:18:56","modified_gmt":"2024-06-06T08:18:56","slug":"interiorisme-crespo","status":"publish","type":"proyecto","link":"https:\/\/www.deulonder.com\/ca\/proyecto\/interiorisme-crespo\/","title":{"rendered":"Interiorisme Crespo"},"content":{"rendered":"<p>[et_pb_section fb_built=&#8221;1&#8243; _builder_version=&#8221;4.25.0&#8243; _module_preset=&#8221;default&#8221; custom_padding=&#8221;0px||0px||true|false&#8221; locked=&#8221;off&#8221; global_colors_info=&#8221;{}&#8221;][et_pb_row _builder_version=&#8221;4.25.0&#8243; _module_preset=&#8221;default&#8221; width=&#8221;90%&#8221; custom_padding=&#8221;0px||||false|false&#8221; global_colors_info=&#8221;{}&#8221;][et_pb_column type=&#8221;4_4&#8243; _builder_version=&#8221;4.25.0&#8243; _module_preset=&#8221;default&#8221; global_colors_info=&#8221;{}&#8221;][et_pb_image src=&#8221;@ET-DC@eyJkeW5hbWljIjp0cnVlLCJjb250ZW50IjoiY3VzdG9tX21ldGFfZm90b19jYWJlY2VyYSIsInNldHRpbmdzIjp7ImJlZm9yZSI6IiIsImFmdGVyIjoiIiwiZW5hYmxlX2h0bWwiOiJvZmYifX0=@&#8221; force_fullwidth=&#8221;on&#8221; _builder_version=&#8221;4.25.0&#8243; _dynamic_attributes=&#8221;src&#8221; _module_preset=&#8221;default&#8221; global_colors_info=&#8221;{}&#8221;][\/et_pb_image][\/et_pb_column][\/et_pb_row][\/et_pb_section][et_pb_section fb_built=&#8221;1&#8243; disabled_on=&#8221;on|on|off&#8221; _builder_version=&#8221;4.25.0&#8243; _module_preset=&#8221;default&#8221; custom_padding=&#8221;0px||0px||true|false&#8221; locked=&#8221;off&#8221; global_colors_info=&#8221;{}&#8221;][et_pb_row _builder_version=&#8221;4.25.0&#8243; _module_preset=&#8221;default&#8221; width=&#8221;90%&#8221; custom_padding=&#8221;1em||1em||true|false&#8221; border_width_top=&#8221;1px&#8221; border_color_top=&#8221;#000000&#8243; border_width_bottom=&#8221;1px&#8221; border_color_bottom=&#8221;#000000&#8243; global_colors_info=&#8221;{}&#8221;][et_pb_column type=&#8221;4_4&#8243; _builder_version=&#8221;4.25.0&#8243; _module_preset=&#8221;default&#8221; custom_css_main_element=&#8221;display:flex;||flex-flow:row;&#8221; global_colors_info=&#8221;{}&#8221;][et_pb_text _builder_version=&#8221;4.25.0&#8243; _module_preset=&#8221;default&#8221; text_font=&#8221;Inria Serif|||on|||||&#8221; text_text_color=&#8221;#000000&#8243; link_text_color=&#8221;#000000&#8243; custom_margin=&#8221;||0px||false|false&#8221; custom_css_main_element=&#8221;display:flex;||width:fit-content;&#8221; custom_css_after=&#8221;content:&#8217;|&#8217;;||margin:0 1em;&#8221; global_colors_info=&#8221;{}&#8221;]<\/p>\n<p><a href=\"https:\/\/www.deulonder.com\/ca\/projectes\/\">Projectes<\/a><\/p>\n<p>[\/et_pb_text][et_pb_text _builder_version=&#8221;4.25.0&#8243; _dynamic_attributes=&#8221;content&#8221; _module_preset=&#8221;default&#8221; text_font=&#8221;Inria Serif|||on|||||&#8221; text_text_color=&#8221;#000000&#8243; custom_margin=&#8221;||0px||false|false&#8221; custom_css_main_element=&#8221;display:flex;||width:fit-content;&#8221; global_colors_info=&#8221;{}&#8221;]@ET-DC@eyJkeW5hbWljIjp0cnVlLCJjb250ZW50IjoicG9zdF90aXRsZSIsInNldHRpbmdzIjp7ImJlZm9yZSI6IiIsImFmdGVyIjoiIn19@[\/et_pb_text][\/et_pb_column][\/et_pb_row][\/et_pb_section][et_pb_section fb_built=&#8221;1&#8243; _builder_version=&#8221;4.25.0&#8243; _module_preset=&#8221;default&#8221; custom_padding=&#8221;0px||0px||true|false&#8221; locked=&#8221;off&#8221; global_colors_info=&#8221;{}&#8221;][et_pb_row _builder_version=&#8221;4.25.0&#8243; _module_preset=&#8221;default&#8221; width=&#8221;90%&#8221; global_colors_info=&#8221;{}&#8221;][et_pb_column type=&#8221;4_4&#8243; _builder_version=&#8221;4.25.0&#8243; _module_preset=&#8221;default&#8221; global_colors_info=&#8221;{}&#8221;][et_pb_heading title=&#8221;Rac\u00f3 de somni que anima a llegir i passar unes hores de descans&#8221; _builder_version=&#8221;4.25.0&#8243; _module_preset=&#8221;default&#8221; title_font=&#8221;Playfair Display||||||||&#8221; title_text_color=&#8221;#000000&#8243; title_font_size=&#8221;70px&#8221; title_font_size_tablet=&#8221;50px&#8221; title_font_size_phone=&#8221;&#8221; title_font_size_last_edited=&#8221;on|phone&#8221; custom_css_free_form=&#8221;selector h1{||  font-weight: 100;||}&#8221; global_colors_info=&#8221;{}&#8221;][\/et_pb_heading][\/et_pb_column][\/et_pb_row][\/et_pb_section][et_pb_section fb_built=&#8221;1&#8243; _builder_version=&#8221;4.25.0&#8243; _module_preset=&#8221;default&#8221; custom_padding=&#8221;0px||0px||true|false&#8221; locked=&#8221;off&#8221; global_colors_info=&#8221;{}&#8221;][et_pb_row column_structure=&#8221;2_5,3_5&#8243; make_equal=&#8221;on&#8221; _builder_version=&#8221;4.25.0&#8243; _module_preset=&#8221;default&#8221; width=&#8221;90%&#8221; locked=&#8221;off&#8221; global_colors_info=&#8221;{}&#8221;][et_pb_column type=&#8221;2_5&#8243; _builder_version=&#8221;4.25.0&#8243; _module_preset=&#8221;default&#8221; global_colors_info=&#8221;{}&#8221;][et_pb_image src=&#8221;https:\/\/www.deulonder.com\/wp-content\/uploads\/2024\/05\/linia-casa-crespo.svg&#8221; title_text=&#8221;linia-casa-crespo&#8221; _builder_version=&#8221;4.25.0&#8243; _module_preset=&#8221;default&#8221; custom_margin=&#8221;||100px||false|false&#8221; custom_margin_tablet=&#8221;||30px||false|false&#8221; custom_margin_phone=&#8221;||30px||false|false&#8221; custom_margin_last_edited=&#8221;on|tablet&#8221; global_colors_info=&#8221;{}&#8221;][\/et_pb_image][et_pb_heading title=&#8221;Combinaci\u00f3 de colors beix i grisos&#8221; _builder_version=&#8221;4.25.0&#8243; _module_preset=&#8221;default&#8221; title_font=&#8221;Playfair Display||||||||&#8221; title_text_color=&#8221;#000000&#8243; title_font_size=&#8221;50px&#8221; hover_enabled=&#8221;0&#8243; title_font_size_tablet=&#8221;40px&#8221; title_font_size_phone=&#8221;&#8221; title_font_size_last_edited=&#8221;on|tablet&#8221; custom_css_free_form=&#8221;selector h1{||  font-weight: 100;||}&#8221; global_colors_info=&#8221;{}&#8221; sticky_enabled=&#8221;0&#8243; custom_padding=&#8221;|172px||||&#8221; custom_padding_last_edited=&#8221;on|tablet&#8221; custom_padding_tablet=&#8221;|0px|||false|false&#8221; custom_padding_phone=&#8221;|0px|||false|false&#8221;][\/et_pb_heading][et_pb_text _builder_version=&#8221;4.25.0&#8243; _module_preset=&#8221;default&#8221; text_font=&#8221;Karla|300|||||||&#8221; text_text_color=&#8221;#4f4f4f&#8221; text_font_size=&#8221;20px&#8221; hover_enabled=&#8221;0&#8243; global_colors_info=&#8221;{}&#8221; sticky_enabled=&#8221;0&#8243; custom_padding=&#8221;|50px||||&#8221; custom_padding_last_edited=&#8221;on|tablet&#8221; custom_padding_tablet=&#8221;|0px|||false|false&#8221; custom_padding_phone=&#8221;|0px|||false|false&#8221;]<\/p>\n<p>S&#8217;observa el moble amb unes politges negres que amaguen el moble bar. Quan \u00e9s oberta barrem l&#8217;acc\u00e9s a la sala. El moble del passad\u00eds, obert, va folrat amb xapa de ferro. El llenyer tamb\u00e9 est\u00e0 folrat de ferro. La fusta \u00e9s de pi decapada.<\/p>\n<p>[\/et_pb_text][\/et_pb_column][et_pb_column type=&#8221;3_5&#8243; _builder_version=&#8221;4.25.0&#8243; _module_preset=&#8221;default&#8221; custom_css_main_element=&#8221;display:flex;||flex-flow:column;||justify-content:center;&#8221; global_colors_info=&#8221;{}&#8221;][et_pb_gallery gallery_ids=&#8221;3312,3315,3318,3321,3324,3327,3330&#8243; fullwidth=&#8221;on&#8221; _builder_version=&#8221;4.25.0&#8243; _module_preset=&#8221;default&#8221; custom_margin=&#8221;|||-49px||&#8221; custom_margin_tablet=&#8221;|||0px|false|false&#8221; custom_margin_phone=&#8221;|||0px|false|false&#8221; custom_margin_last_edited=&#8221;on|tablet&#8221; custom_padding=&#8221;|2em|||false|false&#8221; custom_css_after=&#8221;content: &#8221;;||display: block;||width: 2em;||height: 90%;||background-color: #C4C4C475;||position: absolute;||right: 0;||bottom: 0;&#8221; locked=&#8221;off&#8221; global_colors_info=&#8221;{}&#8221;][\/et_pb_gallery][\/et_pb_column][\/et_pb_row][et_pb_row custom_padding_last_edited=&#8221;on|tablet&#8221; _builder_version=&#8221;4.25.0&#8243; _module_preset=&#8221;default&#8221; width=&#8221;90%&#8221; custom_padding_tablet=&#8221;||0px||false|false&#8221; custom_padding_phone=&#8221;||0px||false|false&#8221; global_colors_info=&#8221;{}&#8221;][et_pb_column type=&#8221;4_4&#8243; _builder_version=&#8221;4.25.0&#8243; _module_preset=&#8221;default&#8221; global_colors_info=&#8221;{}&#8221;][et_pb_gallery gallery_ids=&#8221;3333,3336,3339,3342,3345,3348,3351,3354,3357,3360&#8243; fullwidth=&#8221;on&#8221; _builder_version=&#8221;4.25.0&#8243; _module_preset=&#8221;default&#8221; custom_padding=&#8221;|2em|||false|false&#8221; custom_css_after=&#8221;content: &#8221;;||display: block;||width: 2em;||height: 90%;||background-color: #C4C4C475;||position: absolute;||right: 0;||bottom: 0;&#8221; global_colors_info=&#8221;{}&#8221;][\/et_pb_gallery][\/et_pb_column][\/et_pb_row][et_pb_row column_structure=&#8221;2_5,3_5&#8243; custom_padding_last_edited=&#8221;on|tablet&#8221; _builder_version=&#8221;4.25.0&#8243; _module_preset=&#8221;default&#8221; width=&#8221;90%&#8221; custom_padding_tablet=&#8221;0px||||false|false&#8221; custom_padding_phone=&#8221;0px||||false|false&#8221; locked=&#8221;off&#8221; global_colors_info=&#8221;{}&#8221;][et_pb_column type=&#8221;2_5&#8243; _builder_version=&#8221;4.25.0&#8243; _module_preset=&#8221;default&#8221; global_colors_info=&#8221;{}&#8221;][\/et_pb_column][et_pb_column type=&#8221;3_5&#8243; _builder_version=&#8221;4.25.0&#8243; _module_preset=&#8221;default&#8221; global_colors_info=&#8221;{}&#8221;][et_pb_text _builder_version=&#8221;4.25.0&#8243; _module_preset=&#8221;default&#8221; text_font=&#8221;Karla|300|||||||&#8221; text_text_color=&#8221;#4f4f4f&#8221; text_font_size=&#8221;20px&#8221; global_colors_info=&#8221;{}&#8221;]<\/p>\n<p>Al dormitori s&#8217;ha fet un cap\u00e7al entapissat i unes l\u00e0mpades disseny Deulonder comen\u00e7ades amb la tela. Es va fer el folrat de la fusta per donar-li un aspecte de casa de muntanya. <br \/>L&#8217;escala est\u00e0 empaperada amb un paper de quadres escoc\u00e8s amb els mateixos tons que la casa i uns aplics de ferro negre. Els dormitoris s\u00f3n molt senzills, amb una lleixa que emmarca els llits. El cap\u00e7al \u00e9s de tela d&#8217;un lli imitaci\u00f3 saca.<br \/>Detalls que aporten calidesa: les prestatgeries sobresurten a l&#8217;antiga usan\u00e7a. <br \/>Els elements d&#8217;il\u00b7luminaci\u00f3 s&#8217;han jugat amb els negres, aix\u00ed com els tiradors.<\/p>\n<p>[\/et_pb_text][\/et_pb_column][\/et_pb_row][et_pb_row column_structure=&#8221;1_2,1_2&#8243; _builder_version=&#8221;4.25.0&#8243; _module_preset=&#8221;default&#8221; width=&#8221;90%&#8221; locked=&#8221;off&#8221; global_colors_info=&#8221;{}&#8221;][et_pb_column type=&#8221;1_2&#8243; _builder_version=&#8221;4.25.0&#8243; _module_preset=&#8221;default&#8221; global_colors_info=&#8221;{}&#8221;][et_pb_gallery gallery_ids=&#8221;3363,3366&#8243; fullwidth=&#8221;on&#8221; _builder_version=&#8221;4.25.0&#8243; _module_preset=&#8221;default&#8221; custom_padding=&#8221;|2em|||false|false&#8221; custom_css_after=&#8221;content: &#8221;;||display: block;||width: 2em;||height: 90%;||background-color: #C4C4C475;||position: absolute;||right: 0;||bottom: 0;&#8221; locked=&#8221;off&#8221; global_colors_info=&#8221;{}&#8221;][\/et_pb_gallery][et_pb_text _builder_version=&#8221;4.25.0&#8243; _module_preset=&#8221;default&#8221; text_font=&#8221;Karla|300|||||||&#8221; text_text_color=&#8221;#4f4f4f&#8221; text_font_size=&#8221;20px&#8221; custom_padding_tablet=&#8221;20px||20px||true|false&#8221; custom_padding_phone=&#8221;20px||20px||true|false&#8221; custom_padding_last_edited=&#8221;on|tablet&#8221; custom_css_main_element=&#8221;font-weight:300 !important;&#8221; global_colors_info=&#8221;{}&#8221;]<\/p>\n<p>Passad\u00eds de l&#8217;habitatge al garatge on hi ha la bugaderia. Armaris ventilats per guardar la roba d&#8217;esqu\u00ed ia baix s&#8217;han posat uns reixets per posar les botes d&#8217;esqu\u00ed. El terra \u00e9s d&#8217;imitaci\u00f3 pissarra.<\/p>\n<p>[\/et_pb_text][\/et_pb_column][et_pb_column type=&#8221;1_2&#8243; _builder_version=&#8221;4.25.0&#8243; _module_preset=&#8221;default&#8221; global_colors_info=&#8221;{}&#8221;][et_pb_gallery gallery_ids=&#8221;3369,3372,3375,3378&#8243; fullwidth=&#8221;on&#8221; _builder_version=&#8221;4.25.0&#8243; _module_preset=&#8221;default&#8221; custom_padding=&#8221;|2em|||false|false&#8221; custom_css_after=&#8221;content: &#8221;;||display: block;||width: 2em;||height: 90%;||background-color: #C4C4C475;||position: absolute;||right: 0;||bottom: 0;&#8221; locked=&#8221;off&#8221; global_colors_info=&#8221;{}&#8221;][\/et_pb_gallery][et_pb_text _builder_version=&#8221;4.25.0&#8243; _module_preset=&#8221;default&#8221; text_font=&#8221;Karla|300|||||||&#8221; text_text_color=&#8221;#4f4f4f&#8221; text_font_size=&#8221;20px&#8221; custom_padding_tablet=&#8221;20px||20px||true|false&#8221; custom_padding_phone=&#8221;20px||20px||true|false&#8221; custom_padding_last_edited=&#8221;on|tablet&#8221; custom_css_main_element=&#8221;font-weight:300 !important;&#8221; global_colors_info=&#8221;{}&#8221;]<\/p>\n<p>A la neteja de cortesia s&#8217;ha jugat tamb\u00e9 amb lamel\u00b7les pintades. S&#8217;ha centrat un mirall rod\u00f3 sobre una pica de marbre. L&#8217;arrambador \u00e9s alt i la resta va amb paper de Flamand gris.<\/p>\n<p>[\/et_pb_text][\/et_pb_column][\/et_pb_row][et_pb_row column_structure=&#8221;1_2,1_2&#8243; make_equal=&#8221;on&#8221; custom_padding_last_edited=&#8221;on|tablet&#8221; _builder_version=&#8221;4.25.0&#8243; _module_preset=&#8221;default&#8221; width=&#8221;90%&#8221; custom_padding=&#8221;||0px|||&#8221; custom_padding_tablet=&#8221;0px||0px||true|false&#8221; custom_padding_phone=&#8221;0px||0px||true|false&#8221; custom_css_free_form=&#8221;@media only screen and (max-width: 980px) {||  selector{||    display: flex;||    flex-direction: column !important;||  }||}&#8221; locked=&#8221;off&#8221; global_colors_info=&#8221;{}&#8221; custom_css_main_element_last_edited=&#8221;on|tablet&#8221; custom_css_main_element_tablet=&#8221;display:flex;||flex-flow:column-reverse;&#8221; custom_css_main_element_phone=&#8221;display:flex;||flex-flow:column-reverse;&#8221;][et_pb_column type=&#8221;1_2&#8243; _builder_version=&#8221;4.25.0&#8243; _module_preset=&#8221;default&#8221; custom_css_main_element=&#8221;display:flex;||flex-flow:column;||justify-content:center;&#8221; global_colors_info=&#8221;{}&#8221;][et_pb_heading title=&#8221;Una decoraci\u00f3 plena de detalls&#8221; _builder_version=&#8221;4.25.0&#8243; _module_preset=&#8221;default&#8221; title_font=&#8221;Playfair Display||||||||&#8221; title_text_color=&#8221;#000000&#8243; title_font_size=&#8221;50px&#8221; hover_enabled=&#8221;0&#8243; title_font_size_tablet=&#8221;40px&#8221; title_font_size_phone=&#8221;&#8221; title_font_size_last_edited=&#8221;on|tablet&#8221; custom_css_free_form=&#8221;selector h1{||  font-weight: 100;||}&#8221; global_colors_info=&#8221;{}&#8221; sticky_enabled=&#8221;0&#8243; custom_padding=&#8221;|||200px|false|false&#8221; custom_padding_last_edited=&#8221;on|tablet&#8221; custom_padding_tablet=&#8221;|0px||0px|false|false&#8221; title_text_align_last_edited=&#8221;on|tablet&#8221; title_text_align=&#8221;right&#8221; title_text_align_tablet=&#8221;left&#8221; custom_margin_last_edited=&#8221;on|tablet&#8221; custom_margin=&#8221;-300px||||false|false&#8221; custom_margin_tablet=&#8221;0px||||false|false&#8221; custom_padding_phone=&#8221;|0px||0px|false|false&#8221; title_text_align_phone=&#8221;left&#8221; custom_margin_phone=&#8221;0px||||false|false&#8221;][\/et_pb_heading][et_pb_text _builder_version=&#8221;4.25.0&#8243; _module_preset=&#8221;default&#8221; text_font=&#8221;Karla|300|||||||&#8221; text_text_color=&#8221;#4f4f4f&#8221; text_font_size=&#8221;20px&#8221; text_orientation=&#8221;right&#8221; custom_padding=&#8221;|||124px||&#8221; custom_padding_tablet=&#8221;|||0px|false|false&#8221; custom_padding_phone=&#8221;|||0px|false|false&#8221; custom_padding_last_edited=&#8221;on|tablet&#8221; text_orientation_tablet=&#8221;left&#8221; text_orientation_phone=&#8221;left&#8221; text_orientation_last_edited=&#8221;on|tablet&#8221; custom_css_main_element=&#8221;font-weight:300 !important;&#8221; global_colors_info=&#8221;{}&#8221;]<\/p>\n<p>Entre els detalls que aporten calidesa a aquest espai tenim el moble bar per penjar les copes; les portes de pi on apreciava la veta de la fusta; l&#8217;aplic que corona l&#8217;escala de ferro negre; l&#8217;apliqui disseny Deulonder del dormitori que va darrere dels caps i entapissat amb la mateixa tela que les cortines, i finalment el rac\u00f3, amb un fald\u00f3 per tapar els bombos de les persianes que sobresortien despr\u00e9s d&#8217;una reforma.<\/p>\n<p>[\/et_pb_text][\/et_pb_column][et_pb_column type=&#8221;1_2&#8243; _builder_version=&#8221;4.25.0&#8243; _module_preset=&#8221;default&#8221; global_colors_info=&#8221;{}&#8221;][et_pb_gallery gallery_ids=&#8221;3382,3385,3388,3391,3394&#8243; fullwidth=&#8221;on&#8221; _builder_version=&#8221;4.25.0&#8243; _module_preset=&#8221;default&#8221; custom_margin_tablet=&#8221;||1em||false|false&#8221; custom_margin_phone=&#8221;||1em||false|false&#8221; custom_margin_last_edited=&#8221;on|tablet&#8221; custom_padding=&#8221;|2em|||false|false&#8221; custom_css_after=&#8221;content: &#8221;;||display: block;||width: 2em;||height: 90%;||background-color: #C4C4C475;||position: absolute;||right: 0;||bottom: 0;&#8221; locked=&#8221;off&#8221; global_colors_info=&#8221;{}&#8221;][\/et_pb_gallery][\/et_pb_column][\/et_pb_row][\/et_pb_section]<\/p>\n","protected":false},"featured_media":1804,"parent":0,"menu_order":0,"template":"","format":"standard","meta":{"_acf_changed":false,"_et_pb_use_builder":"on","_et_pb_old_content":"","_et_gb_content_width":"","inline_featured_image":false,"footnotes":""},"categoria-proyecto":[108],"acf":[],"yoast_head":"<!-- This site is optimized with the Yoast SEO plugin v24.0 - https:\/\/yoast.com\/wordpress\/plugins\/seo\/ -->\n<title>Interiorisme Crespo - Deulonder part of Gunni &amp; Trentino<\/title>\n<meta name=\"robots\" content=\"index, follow, max-snippet:-1, max-image-preview:large, max-video-preview:-1\" \/>\n<link rel=\"canonical\" href=\"https:\/\/www.deulonder.com\/proyecto\/interiorismo-crespo\/\" \/>\n<meta property=\"og:locale\" content=\"ca_ES\" \/>\n<meta property=\"og:type\" content=\"article\" \/>\n<meta property=\"og:title\" content=\"Interiorisme Crespo - Deulonder part of Gunni &amp; Trentino\" \/>\n<meta property=\"og:description\" content=\"ProjectesS&#039;observa el moble amb unes politges negres que amaguen el moble bar. Quan \u00e9s oberta barrem l&#039;acc\u00e9s a la sala. El moble del passad\u00eds, obert, va folrat amb xapa de ferro. El llenyer tamb\u00e9 est\u00e0 folrat de ferro. La fusta \u00e9s de pi decapada.Al dormitori s&#039;ha fet un cap\u00e7al entapissat i unes l\u00e0mpades disseny Deulonder [&hellip;]\" \/>\n<meta property=\"og:url\" content=\"https:\/\/www.deulonder.com\/proyecto\/interiorismo-crespo\/\" \/>\n<meta property=\"og:site_name\" content=\"Deulonder part of Gunni &amp; Trentino\" \/>\n<meta property=\"article:modified_time\" content=\"2024-06-06T08:18:56+00:00\" \/>\n<meta property=\"og:image\" content=\"https:\/\/www.deulonder.com\/wp-content\/uploads\/2024\/05\/interiorismo-crespo-deulonder-18.webp\" \/>\n\t<meta property=\"og:image:width\" content=\"1361\" \/>\n\t<meta property=\"og:image:height\" content=\"714\" \/>\n\t<meta property=\"og:image:type\" content=\"image\/webp\" \/>\n<meta name=\"twitter:card\" content=\"summary_large_image\" \/>\n<meta name=\"twitter:label1\" content=\"Temps estimat de lectura\" \/>\n\t<meta name=\"twitter:data1\" content=\"9 minuts\" \/>\n<script type=\"application\/ld+json\" class=\"yoast-schema-graph\">{\"@context\":\"https:\/\/schema.org\",\"@graph\":[{\"@type\":\"WebPage\",\"@id\":\"https:\/\/www.deulonder.com\/proyecto\/interiorismo-crespo\/\",\"url\":\"https:\/\/www.deulonder.com\/proyecto\/interiorismo-crespo\/\",\"name\":\"Interiorisme Crespo - Deulonder part of Gunni &amp; Trentino\",\"isPartOf\":{\"@id\":\"https:\/\/www.deulonder.com\/#website\"},\"primaryImageOfPage\":{\"@id\":\"https:\/\/www.deulonder.com\/proyecto\/interiorismo-crespo\/#primaryimage\"},\"image\":{\"@id\":\"https:\/\/www.deulonder.com\/proyecto\/interiorismo-crespo\/#primaryimage\"},\"thumbnailUrl\":\"https:\/\/www.deulonder.com\/wp-content\/uploads\/2024\/05\/interiorismo-crespo-deulonder-18.webp\",\"datePublished\":\"2024-05-21T14:35:06+00:00\",\"dateModified\":\"2024-06-06T08:18:56+00:00\",\"breadcrumb\":{\"@id\":\"https:\/\/www.deulonder.com\/proyecto\/interiorismo-crespo\/#breadcrumb\"},\"inLanguage\":\"ca\",\"potentialAction\":[{\"@type\":\"ReadAction\",\"target\":[\"https:\/\/www.deulonder.com\/proyecto\/interiorismo-crespo\/\"]}]},{\"@type\":\"ImageObject\",\"inLanguage\":\"ca\",\"@id\":\"https:\/\/www.deulonder.com\/proyecto\/interiorismo-crespo\/#primaryimage\",\"url\":\"https:\/\/www.deulonder.com\/wp-content\/uploads\/2024\/05\/interiorismo-crespo-deulonder-18.webp\",\"contentUrl\":\"https:\/\/www.deulonder.com\/wp-content\/uploads\/2024\/05\/interiorismo-crespo-deulonder-18.webp\",\"width\":1361,\"height\":714},{\"@type\":\"BreadcrumbList\",\"@id\":\"https:\/\/www.deulonder.com\/proyecto\/interiorismo-crespo\/#breadcrumb\",\"itemListElement\":[{\"@type\":\"ListItem\",\"position\":1,\"name\":\"Portada\",\"item\":\"https:\/\/www.deulonder.com\/\"},{\"@type\":\"ListItem\",\"position\":2,\"name\":\"Interiorisme Crespo\"}]},{\"@type\":\"WebSite\",\"@id\":\"https:\/\/www.deulonder.com\/#website\",\"url\":\"https:\/\/www.deulonder.com\/\",\"name\":\"Deulonder part of Gunni & Trentino\",\"description\":\"Estudio de interiorismo\",\"publisher\":{\"@id\":\"https:\/\/www.deulonder.com\/#organization\"},\"alternateName\":\"Deulonder part of Gunni & Trentino\",\"potentialAction\":[{\"@type\":\"SearchAction\",\"target\":{\"@type\":\"EntryPoint\",\"urlTemplate\":\"https:\/\/www.deulonder.com\/?s={search_term_string}\"},\"query-input\":{\"@type\":\"PropertyValueSpecification\",\"valueRequired\":true,\"valueName\":\"search_term_string\"}}],\"inLanguage\":\"ca\"},{\"@type\":\"Organization\",\"@id\":\"https:\/\/www.deulonder.com\/#organization\",\"name\":\"Deulonder part of Gunni & Trentino\",\"alternateName\":\"Deulonder part of Gunni & Trentino\",\"url\":\"https:\/\/www.deulonder.com\/\",\"logo\":{\"@type\":\"ImageObject\",\"inLanguage\":\"ca\",\"@id\":\"https:\/\/www.deulonder.com\/#\/schema\/logo\/image\/\",\"url\":\"https:\/\/www.deulonder.com\/wp-content\/uploads\/2025\/09\/deulonder-part-of-gunnitrentino-logo.webp\",\"contentUrl\":\"https:\/\/www.deulonder.com\/wp-content\/uploads\/2025\/09\/deulonder-part-of-gunnitrentino-logo.webp\",\"width\":1471,\"height\":176,\"caption\":\"Deulonder part of Gunni & Trentino\"},\"image\":{\"@id\":\"https:\/\/www.deulonder.com\/#\/schema\/logo\/image\/\"}}]}<\/script>\n<!-- \/ Yoast SEO plugin. -->","yoast_head_json":{"title":"Interiorisme Crespo - Deulonder part of Gunni &amp; Trentino","robots":{"index":"index","follow":"follow","max-snippet":"max-snippet:-1","max-image-preview":"max-image-preview:large","max-video-preview":"max-video-preview:-1"},"canonical":"https:\/\/www.deulonder.com\/proyecto\/interiorismo-crespo\/","og_locale":"ca_ES","og_type":"article","og_title":"Interiorisme Crespo - Deulonder part of Gunni &amp; Trentino","og_description":"ProjectesS'observa el moble amb unes politges negres que amaguen el moble bar. Quan \u00e9s oberta barrem l'acc\u00e9s a la sala. El moble del passad\u00eds, obert, va folrat amb xapa de ferro. El llenyer tamb\u00e9 est\u00e0 folrat de ferro. La fusta \u00e9s de pi decapada.Al dormitori s'ha fet un cap\u00e7al entapissat i unes l\u00e0mpades disseny Deulonder [&hellip;]","og_url":"https:\/\/www.deulonder.com\/proyecto\/interiorismo-crespo\/","og_site_name":"Deulonder part of Gunni &amp; Trentino","article_modified_time":"2024-06-06T08:18:56+00:00","og_image":[{"width":1361,"height":714,"url":"https:\/\/www.deulonder.com\/wp-content\/uploads\/2024\/05\/interiorismo-crespo-deulonder-18.webp","type":"image\/webp"}],"twitter_card":"summary_large_image","twitter_misc":{"Temps estimat de lectura":"9 minuts"},"schema":{"@context":"https:\/\/schema.org","@graph":[{"@type":"WebPage","@id":"https:\/\/www.deulonder.com\/proyecto\/interiorismo-crespo\/","url":"https:\/\/www.deulonder.com\/proyecto\/interiorismo-crespo\/","name":"Interiorisme Crespo - Deulonder part of Gunni &amp; Trentino","isPartOf":{"@id":"https:\/\/www.deulonder.com\/#website"},"primaryImageOfPage":{"@id":"https:\/\/www.deulonder.com\/proyecto\/interiorismo-crespo\/#primaryimage"},"image":{"@id":"https:\/\/www.deulonder.com\/proyecto\/interiorismo-crespo\/#primaryimage"},"thumbnailUrl":"https:\/\/www.deulonder.com\/wp-content\/uploads\/2024\/05\/interiorismo-crespo-deulonder-18.webp","datePublished":"2024-05-21T14:35:06+00:00","dateModified":"2024-06-06T08:18:56+00:00","breadcrumb":{"@id":"https:\/\/www.deulonder.com\/proyecto\/interiorismo-crespo\/#breadcrumb"},"inLanguage":"ca","potentialAction":[{"@type":"ReadAction","target":["https:\/\/www.deulonder.com\/proyecto\/interiorismo-crespo\/"]}]},{"@type":"ImageObject","inLanguage":"ca","@id":"https:\/\/www.deulonder.com\/proyecto\/interiorismo-crespo\/#primaryimage","url":"https:\/\/www.deulonder.com\/wp-content\/uploads\/2024\/05\/interiorismo-crespo-deulonder-18.webp","contentUrl":"https:\/\/www.deulonder.com\/wp-content\/uploads\/2024\/05\/interiorismo-crespo-deulonder-18.webp","width":1361,"height":714},{"@type":"BreadcrumbList","@id":"https:\/\/www.deulonder.com\/proyecto\/interiorismo-crespo\/#breadcrumb","itemListElement":[{"@type":"ListItem","position":1,"name":"Portada","item":"https:\/\/www.deulonder.com\/"},{"@type":"ListItem","position":2,"name":"Interiorisme Crespo"}]},{"@type":"WebSite","@id":"https:\/\/www.deulonder.com\/#website","url":"https:\/\/www.deulonder.com\/","name":"Deulonder part of Gunni & Trentino","description":"Estudio de interiorismo","publisher":{"@id":"https:\/\/www.deulonder.com\/#organization"},"alternateName":"Deulonder part of Gunni & Trentino","potentialAction":[{"@type":"SearchAction","target":{"@type":"EntryPoint","urlTemplate":"https:\/\/www.deulonder.com\/?s={search_term_string}"},"query-input":{"@type":"PropertyValueSpecification","valueRequired":true,"valueName":"search_term_string"}}],"inLanguage":"ca"},{"@type":"Organization","@id":"https:\/\/www.deulonder.com\/#organization","name":"Deulonder part of Gunni & Trentino","alternateName":"Deulonder part of Gunni & Trentino","url":"https:\/\/www.deulonder.com\/","logo":{"@type":"ImageObject","inLanguage":"ca","@id":"https:\/\/www.deulonder.com\/#\/schema\/logo\/image\/","url":"https:\/\/www.deulonder.com\/wp-content\/uploads\/2025\/09\/deulonder-part-of-gunnitrentino-logo.webp","contentUrl":"https:\/\/www.deulonder.com\/wp-content\/uploads\/2025\/09\/deulonder-part-of-gunnitrentino-logo.webp","width":1471,"height":176,"caption":"Deulonder part of Gunni & Trentino"},"image":{"@id":"https:\/\/www.deulonder.com\/#\/schema\/logo\/image\/"}}]}},"_links":{"self":[{"href":"https:\/\/www.deulonder.com\/ca\/wp-json\/wp\/v2\/proyecto\/4967"}],"collection":[{"href":"https:\/\/www.deulonder.com\/ca\/wp-json\/wp\/v2\/proyecto"}],"about":[{"href":"https:\/\/www.deulonder.com\/ca\/wp-json\/wp\/v2\/types\/proyecto"}],"version-history":[{"count":2,"href":"https:\/\/www.deulonder.com\/ca\/wp-json\/wp\/v2\/proyecto\/4967\/revisions"}],"predecessor-version":[{"id":4969,"href":"https:\/\/www.deulonder.com\/ca\/wp-json\/wp\/v2\/proyecto\/4967\/revisions\/4969"}],"wp:featuredmedia":[{"embeddable":true,"href":"https:\/\/www.deulonder.com\/ca\/wp-json\/wp\/v2\/media\/1804"}],"wp:attachment":[{"href":"https:\/\/www.deulonder.com\/ca\/wp-json\/wp\/v2\/media?parent=4967"}],"wp:term":[{"taxonomy":"categoria-proyecto","embeddable":true,"href":"https:\/\/www.deulonder.com\/ca\/wp-json\/wp\/v2\/categoria-proyecto?post=4967"}],"curies":[{"name":"wp","href":"https:\/\/api.w.org\/{rel}","templated":true}]}}